
{"id":9988,"date":"2022-01-28T15:42:11","date_gmt":"2022-01-28T04:42:11","guid":{"rendered":"https:\/\/flexitol.ca\/area\/notre-gamme-pour-le-corps\/"},"modified":"2024-11-01T18:36:07","modified_gmt":"2024-11-01T07:36:07","slug":"notre-gamme-pour-le-corps","status":"publish","type":"area","link":"https:\/\/flexitol.ca\/fr\/domaine\/notre-gamme-pour-le-corps\/","title":{"rendered":"Notre gamme pour le corps"},"content":{"rendered":"\n<style>\n  @media (min-width: 992px) {\n    .facet-search .collapse {\n      display: block;\n    }\n  }\n<\/style>\n<div class='mmd-block'>\n<h2 class='title'><\/h2>\n<div class='description small'>Soulagez, apaisez et soignez votre peau gr\u00e2ce \u00e0 nos gammes de soins sp\u00e9cialement formul\u00e9es. Elles sont con\u00e7ues pour r\u00e9pondre \u00e0 un large \u00e9ventail de probl\u00e8mes cutan\u00e9s, de la s\u00e9cheresse \u00e0 la peau sensible.<\/div>\n<\/div>\n<div class='the-facet page-filter page-filter--knowledge-base-revamp' id='mmd-page-filter'>\n  <div class='row facet-row-container'>\n    <div class='col-lg-4 col-xl-3 sticky-col custom-filter-by-mb'>\n      <div class='facet-search filter-search content-sidebar'>\n        <h3 class='filter-title-top d-none d-lg-block'>Filtrer selon<\/h3>\n        <h3 class='d-block d-lg-none general-search general-button'>\n          <button type='button' data-bs-toggle='collapse' aria-expanded='false' aria-controls='general-search' data-bs-target='#general-search' class='button-toggle'>\n            Filtrer selon\n            <img style='display: none;' src='https:\/\/flexitol.ca\/wp-content\/themes\/marameodesign\/images\/plus.png' alt='Plus icon' class='filter-icon fa-plus' aria-hidden='true'>\n            <img style='display: none;' src='https:\/\/flexitol.ca\/wp-content\/themes\/marameodesign\/images\/minus.png' alt='Minus icon' class='filter-icon fa-minus' aria-hidden='true'>\n          <\/button>\n        <\/h3>\n\n        <div class='collapse' id='general-search'>   \n          \n          <div class=\"facetwp-facet facetwp-facet-keyword facetwp-type-search\" data-name=\"keyword\" data-type=\"search\"><\/div>\n\n          \n                 \n          \n          <div class='facet-checkbox-group filter-categories facetwp-block facetwp-areas'>\n            <h4 class='facet-title d-none d-lg-block title-with-border' id='areas_heading'>Domaine<\/h4>\n            <h4 class='d-block d-lg-none general-button'><button type='button' class='button-toggle' data-bs-toggle='collapse' aria-expanded='false' aria-controls='areas' data-bs-target='#areas'>Domaine\n              <img src='https:\/\/flexitol.ca\/wp-content\/themes\/marameodesign\/images\/plus.png' alt='Plus icon' class='filter-icon fa-plus' aria-hidden='true'>\n              <img src='https:\/\/flexitol.ca\/wp-content\/themes\/marameodesign\/images\/minus.png' alt='Minus icon' class='filter-icon fa-minus' aria-hidden='true'>\n            <\/button><\/h4>\n            <div class='collapse facet-checkbox-group' id='areas' role='group' aria-labelledby='areas_heading'>\n              <div class=\"facetwp-facet facetwp-facet-areas facetwp-type-checkboxes\" data-name=\"areas\" data-type=\"checkboxes\"><\/div>\n            <\/div>\n          <\/div>\n\n          \n          <div class='facet-checkbox-group filter-categories facetwp-block facetwp-conditions'>\n            <h4 class='facet-title d-none d-lg-block title-with-border' id='conditions_heading'>Affections<\/h4>\n            <h4 class='d-block d-lg-none general-button'><button type='button' class='button-toggle' data-bs-toggle='collapse' aria-expanded='false' aria-controls='conditions' data-bs-target='#conditions'>Affections\n              <img src='https:\/\/flexitol.ca\/wp-content\/themes\/marameodesign\/images\/plus.png' alt='Plus icon' class='filter-icon fa-plus' aria-hidden='true'>\n              <img src='https:\/\/flexitol.ca\/wp-content\/themes\/marameodesign\/images\/minus.png' alt='Minus icon' class='filter-icon fa-minus' aria-hidden='true'>\n            <\/button><\/h4>\n            <div class='collapse facet-checkbox-group' id='conditions' role='group' aria-labelledby='conditions_heading'>\n              <div class=\"facetwp-facet facetwp-facet-conditions facetwp-type-checkboxes\" data-name=\"conditions\" data-type=\"checkboxes\"><\/div>\n            <\/div>\n          <\/div>\n\n          \n            <div class='facet-checkbox-group filter-categories facetwp-block facetwp-ingredients'>\n              <h4 class='facet-title d-none d-lg-block title-with-border' id='ingredients_heading'>Ingr\u00e9dients<\/h4>\n              <h4 class='d-block d-lg-none general-button'><button type='button' class='button-toggle' data-bs-toggle='collapse' aria-expanded='false' aria-controls='ingredients' data-bs-target='#ingredients'>Ingr\u00e9dients\n                <img src='https:\/\/flexitol.ca\/wp-content\/themes\/marameodesign\/images\/plus.png' alt='Plus icon' class='filter-icon fa-plus' aria-hidden='true'>\n                <img src='https:\/\/flexitol.ca\/wp-content\/themes\/marameodesign\/images\/minus.png' alt='Minus icon' class='filter-icon fa-minus' aria-hidden='true'>\n              <\/button><\/h4>\n              <div class='collapse facet-checkbox-group' id='ingredients' role='group' aria-labelledby='ingredients_heading'>\n                <div class=\"facetwp-facet facetwp-facet-ingredients facetwp-type-fselect\" data-name=\"ingredients\" data-type=\"fselect\"><\/div>\n              <\/div>\n            <\/div>\n  \n          \n  \n          \n          <div class='facet-our-entire-range'>\n            <h4 class='facet-title d-none d-lg-block title-with-border' id='entire-range_heading'> Notre gamme compl\u00e8te <\/h4>\n            <h4 class='d-block d-lg-none general-button'><button type='button' class='button-toggle' data-bs-toggle='collapse' aria-expanded='false' aria-controls='entire-range' data-bs-target='#entire-range'> Notre gamme compl\u00e8te\n              <img src='https:\/\/flexitol.ca\/wp-content\/themes\/marameodesign\/images\/plus.png' alt='Plus icon' class='filter-icon fa-plus' aria-hidden='true'>\n              <img src='https:\/\/flexitol.ca\/wp-content\/themes\/marameodesign\/images\/minus.png' alt='Minus icon' class='filter-icon fa-minus' aria-hidden='true'>\n            <\/button><\/h4>\n            <div class='collapse facet-checkbox-group' id='entire-range' role='group' aria-labelledby='entire-range_heading'>\n              <ul><li><a href='https:\/\/flexitol.ca\/fr\/domaine\/notre-gamme-pour-le-visage-et-les-levres\/' class='btn-read-more'>Visage Et L\u00e8vres<\/a><\/li><li><a href='https:\/\/flexitol.ca\/fr\/domaine\/notre-gamme-pour-les-mains\/' class='btn-read-more'>Mains<\/a><\/li><li><a href='https:\/\/flexitol.ca\/fr\/domaine\/notre-gamme-pour-le-corps\/' class='btn-read-more'>Corps<\/a><\/li><li><a href='https:\/\/flexitol.ca\/fr\/domaine\/notre-gamme-pour-les-pieds\/' class='btn-read-more'>Pieds<\/a><\/li><li><a href='https:\/\/flexitol.ca\/fr\/domaine\/notre-gamme-pour-enfants\/' class='btn-read-more'>Enfants<\/a><\/li><li><a href='https:\/\/flexitol.ca\/fr\/domaine\/notre-gamme-de-soins-capillaires\/' class='btn-read-more'>Cuir Chevelu<\/a><\/li><\/ul>\n            <\/div>\n          <\/div>\n        <\/div>\n      <\/div>\n    <\/div>\n \n    <div class='col-lg-8 col-xl-9'>\n      <div class='has-navigation-top d-flex flex-column flex-lg-row justify-content-lg-between gap-2'>\n        <div class='selections-container'><div class=\"facetwp-selections\"><\/div><\/div>\n        <nav aria-label='Pagination Top' class='pager pager-top' id='mmd-pager-top'><div class=\"facetwp-pager\"><\/div><\/nav>\n      <\/div>\n\n      <div class=\"facetwp-template\" data-name=\"product_posts\"><div class=\"fwpl-layout el-hkhimk post-item post-item-product\"><div class=\"fwpl-result r1\"><div class=\"fwpl-row el-8cjrpw\"><div class=\"fwpl-col fwpl-col el-1tvcxf\"><div class=\"fwpl-item el-a55pqa\"><article role=\"article\" aria-labelledby=\"post-title-9423\">\n  <div class=\"product-item mmd-item-grid\">\n    <a href=\"https:\/\/flexitol.ca\/fr\/produit\/baume-a-levres-original\/\" class=\"post-image\">\n      <img decoding=\"async\" width=\"526\" height=\"471\" src=\"https:\/\/flexitol.ca\/wp-content\/uploads\/2022\/01\/can_lip-balm-original-packshots_web2-1-526x471.png\" class=\"attachment-product_image size-product_image wp-post-image\" alt=\"Flexitol ip balm original\" srcset=\"https:\/\/flexitol.ca\/wp-content\/uploads\/2022\/01\/can_lip-balm-original-packshots_web2-1-526x471.png 526w, https:\/\/flexitol.ca\/wp-content\/uploads\/2022\/01\/can_lip-balm-original-packshots_web2-1-312x279.png 312w\" sizes=\"(max-width: 526px) 100vw, 526px\" \/>\n      \n    <\/a>\n    <div class=\"post-information content-grid\">\n      <div class=\"mmd-block mmd-block--action\">\n        <a href=\"https:\/\/flexitol.ca\/fr\/produit\/baume-a-levres-original\/\" class=\"btn-custom btn-full-width\">Voir le produit<\/a>\n    <\/div>\n      <h3 class=\"post-title\" id=\"post-title-9423\"><a href=\"https:\/\/flexitol.ca\/fr\/produit\/baume-a-levres-original\/\">Baume pour les l\u00e8vres \u2013 original<\/a><\/h3>\n      <div class=\"stars-number\"><div class=\"stars\" role=\"img\" style=\"--rating: 4.5\" aria-label=\"Rating of this product is 4.5 out of 5.\"><\/div><span class=\"numbers\">1532  <span class=\"numbers-reviews\"> avis<\/span><\/span> <\/div>\n    <\/div>\n  <\/div>\n<\/article><\/div><\/div><\/div><\/div><div class=\"fwpl-result r2\"><div class=\"fwpl-row el-8cjrpw\"><div class=\"fwpl-col fwpl-col el-1tvcxf\"><div class=\"fwpl-item el-a55pqa\"><article role=\"article\" aria-labelledby=\"post-title-9446\">\n  <div class=\"product-item mmd-item-grid\">\n    <a href=\"https:\/\/flexitol.ca\/fr\/produit\/baie-de-baume-a-levres\/\" class=\"post-image\">\n      <img decoding=\"async\" width=\"460\" height=\"430\" src=\"https:\/\/flexitol.ca\/wp-content\/uploads\/2022\/01\/fl_can_lip-balm-berry_web_800x748_2_0.png\" class=\"attachment-product_image size-product_image wp-post-image\" alt=\"\" srcset=\"https:\/\/flexitol.ca\/wp-content\/uploads\/2022\/01\/fl_can_lip-balm-berry_web_800x748_2_0.png 460w, https:\/\/flexitol.ca\/wp-content\/uploads\/2022\/01\/fl_can_lip-balm-berry_web_800x748_2_0-300x280.png 300w, https:\/\/flexitol.ca\/wp-content\/uploads\/2022\/01\/fl_can_lip-balm-berry_web_800x748_2_0-81x76.png 81w\" sizes=\"(max-width: 460px) 100vw, 460px\" \/>\n      \n    <\/a>\n    <div class=\"post-information content-grid\">\n      <div class=\"mmd-block mmd-block--action\">\n        <a href=\"https:\/\/flexitol.ca\/fr\/produit\/baie-de-baume-a-levres\/\" class=\"btn-custom btn-full-width\">Voir le produit<\/a>\n    <\/div>\n      <h3 class=\"post-title\" id=\"post-title-9446\"><a href=\"https:\/\/flexitol.ca\/fr\/produit\/baie-de-baume-a-levres\/\">Baume pour les l\u00e8vres \u00e0 saveur de baies<\/a><\/h3>\n      <div class=\"stars-number\"><div class=\"stars\" role=\"img\" style=\"--rating: 4.5\" aria-label=\"Rating of this product is 4.5 out of 5.\"><\/div><span class=\"numbers\">1532  <span class=\"numbers-reviews\"> avis<\/span><\/span> <\/div>\n    <\/div>\n  <\/div>\n<\/article><\/div><\/div><\/div><\/div><div class=\"fwpl-result r3\"><div class=\"fwpl-row el-8cjrpw\"><div class=\"fwpl-col fwpl-col el-1tvcxf\"><div class=\"fwpl-item el-a55pqa\"><article role=\"article\" aria-labelledby=\"post-title-9475\">\n  <div class=\"product-item mmd-item-grid\">\n    <a href=\"https:\/\/flexitol.ca\/fr\/produit\/creme-deczema-pour-le-visage-et-les-paupieres\/\" class=\"post-image\">\n      <img decoding=\"async\" width=\"526\" height=\"471\" src=\"https:\/\/flexitol.ca\/wp-content\/uploads\/2024\/02\/fl-ca_face-eyelid-eczema-cream_french_front-526x471.jpg\" class=\"attachment-product_image size-product_image wp-post-image\" alt=\"\" srcset=\"https:\/\/flexitol.ca\/wp-content\/uploads\/2024\/02\/fl-ca_face-eyelid-eczema-cream_french_front-526x471.jpg 526w, https:\/\/flexitol.ca\/wp-content\/uploads\/2024\/02\/fl-ca_face-eyelid-eczema-cream_french_front-300x269.jpg 300w, https:\/\/flexitol.ca\/wp-content\/uploads\/2024\/02\/fl-ca_face-eyelid-eczema-cream_french_front-1024x917.jpg 1024w, https:\/\/flexitol.ca\/wp-content\/uploads\/2024\/02\/fl-ca_face-eyelid-eczema-cream_french_front-768x688.jpg 768w, https:\/\/flexitol.ca\/wp-content\/uploads\/2024\/02\/fl-ca_face-eyelid-eczema-cream_french_front-958x858.jpg 958w, https:\/\/flexitol.ca\/wp-content\/uploads\/2024\/02\/fl-ca_face-eyelid-eczema-cream_french_front-584x523.jpg 584w, https:\/\/flexitol.ca\/wp-content\/uploads\/2024\/02\/fl-ca_face-eyelid-eczema-cream_french_front-558x500.jpg 558w, https:\/\/flexitol.ca\/wp-content\/uploads\/2024\/02\/fl-ca_face-eyelid-eczema-cream_french_front-477x427.jpg 477w, https:\/\/flexitol.ca\/wp-content\/uploads\/2024\/02\/fl-ca_face-eyelid-eczema-cream_french_front-432x387.jpg 432w, https:\/\/flexitol.ca\/wp-content\/uploads\/2024\/02\/fl-ca_face-eyelid-eczema-cream_french_front-312x279.jpg 312w, https:\/\/flexitol.ca\/wp-content\/uploads\/2024\/02\/fl-ca_face-eyelid-eczema-cream_french_front-110x99.jpg 110w, https:\/\/flexitol.ca\/wp-content\/uploads\/2024\/02\/fl-ca_face-eyelid-eczema-cream_french_front.jpg 1052w\" sizes=\"(max-width: 526px) 100vw, 526px\" \/>\n      \n    <\/a>\n    <div class=\"post-information content-grid\">\n      <div class=\"mmd-block mmd-block--action\">\n        <a href=\"https:\/\/flexitol.ca\/fr\/produit\/creme-deczema-pour-le-visage-et-les-paupieres\/\" class=\"btn-custom btn-full-width\">Voir le produit<\/a>\n    <\/div>\n      <h3 class=\"post-title\" id=\"post-title-9475\"><a href=\"https:\/\/flexitol.ca\/fr\/produit\/creme-deczema-pour-le-visage-et-les-paupieres\/\">Cr\u00e8me contre l\u2019ecz\u00e9ma pour le visage et les paupi\u00e8res<\/a><\/h3>\n      <div class=\"stars-number\"><div class=\"stars\" role=\"img\" style=\"--rating: 4.1\" aria-label=\"Rating of this product is 4.1 out of 5.\"><\/div><span class=\"numbers\">989  <span class=\"numbers-reviews\"> avis<\/span><\/span> <\/div>\n    <\/div>\n  <\/div>\n<\/article><\/div><\/div><\/div><\/div><div class=\"fwpl-result r4\"><div class=\"fwpl-row el-8cjrpw\"><div class=\"fwpl-col fwpl-col el-1tvcxf\"><div class=\"fwpl-item el-a55pqa\"><article role=\"article\" aria-labelledby=\"post-title-9685\">\n  <div class=\"product-item mmd-item-grid\">\n    <a href=\"https:\/\/flexitol.ca\/fr\/produit\/shampoing-et-revitalisant-apaisant-pour-cuir-chevelu\/\" class=\"post-image\">\n      <img decoding=\"async\" width=\"526\" height=\"471\" src=\"https:\/\/flexitol.ca\/wp-content\/uploads\/2023\/04\/flexitol-scalp-relief-shampoo-and-conditioner-front-view-of-bottle-526x471.png\" class=\"attachment-product_image size-product_image wp-post-image\" alt=\"Front View of the Packaging for Flexitol Scalp Relief Shampoo and Conditioner\" srcset=\"https:\/\/flexitol.ca\/wp-content\/uploads\/2023\/04\/flexitol-scalp-relief-shampoo-and-conditioner-front-view-of-bottle-526x471.png 526w, https:\/\/flexitol.ca\/wp-content\/uploads\/2023\/04\/flexitol-scalp-relief-shampoo-and-conditioner-front-view-of-bottle-300x269.png 300w, https:\/\/flexitol.ca\/wp-content\/uploads\/2023\/04\/flexitol-scalp-relief-shampoo-and-conditioner-front-view-of-bottle-1024x917.png 1024w, https:\/\/flexitol.ca\/wp-content\/uploads\/2023\/04\/flexitol-scalp-relief-shampoo-and-conditioner-front-view-of-bottle-768x688.png 768w, https:\/\/flexitol.ca\/wp-content\/uploads\/2023\/04\/flexitol-scalp-relief-shampoo-and-conditioner-front-view-of-bottle-584x523.png 584w, https:\/\/flexitol.ca\/wp-content\/uploads\/2023\/04\/flexitol-scalp-relief-shampoo-and-conditioner-front-view-of-bottle-558x500.png 558w, https:\/\/flexitol.ca\/wp-content\/uploads\/2023\/04\/flexitol-scalp-relief-shampoo-and-conditioner-front-view-of-bottle-432x387.png 432w, https:\/\/flexitol.ca\/wp-content\/uploads\/2023\/04\/flexitol-scalp-relief-shampoo-and-conditioner-front-view-of-bottle-312x279.png 312w, https:\/\/flexitol.ca\/wp-content\/uploads\/2023\/04\/flexitol-scalp-relief-shampoo-and-conditioner-front-view-of-bottle-110x99.png 110w, https:\/\/flexitol.ca\/wp-content\/uploads\/2023\/04\/flexitol-scalp-relief-shampoo-and-conditioner-front-view-of-bottle.png 1052w\" sizes=\"(max-width: 526px) 100vw, 526px\" \/>\n      \n    <\/a>\n    <div class=\"post-information content-grid\">\n      <div class=\"mmd-block mmd-block--action\">\n        <a href=\"https:\/\/flexitol.ca\/fr\/produit\/shampoing-et-revitalisant-apaisant-pour-cuir-chevelu\/\" class=\"btn-custom btn-full-width\">Voir le produit<\/a>\n    <\/div>\n      <h3 class=\"post-title\" id=\"post-title-9685\"><a href=\"https:\/\/flexitol.ca\/fr\/produit\/shampoing-et-revitalisant-apaisant-pour-cuir-chevelu\/\">Shampoing et revitalisant apaisant pour cuir chevelu<\/a><\/h3>\n      <div class=\"stars-number\"><div class=\"stars\" role=\"img\" style=\"--rating: 4.2\" aria-label=\"Rating of this product is 4.2 out of 5.\"><\/div><span class=\"numbers\">981  <span class=\"numbers-reviews\"> avis<\/span><\/span> <\/div>\n    <\/div>\n  <\/div>\n<\/article><\/div><\/div><\/div><\/div><div class=\"fwpl-result r5\"><div class=\"fwpl-row el-8cjrpw\"><div class=\"fwpl-col fwpl-col el-1tvcxf\"><div class=\"fwpl-item el-a55pqa\"><article role=\"article\" aria-labelledby=\"post-title-9711\">\n  <div class=\"product-item mmd-item-grid\">\n    <a href=\"https:\/\/flexitol.ca\/fr\/produit\/serum-apaisant-pour-cuir-chevelu\/\" class=\"post-image\">\n      <img decoding=\"async\" width=\"526\" height=\"471\" src=\"https:\/\/flexitol.ca\/wp-content\/uploads\/2024\/10\/flexitol-serum-appaisant-pour-cuir-chevelu-1-526x471.jpg\" class=\"attachment-product_image size-product_image wp-post-image\" alt=\"Flexitol S\u00e9rum appaisant pour cuir chevelu front view of carton with winner badge for the beauty awards 2024\" srcset=\"https:\/\/flexitol.ca\/wp-content\/uploads\/2024\/10\/flexitol-serum-appaisant-pour-cuir-chevelu-1-526x471.jpg 526w, https:\/\/flexitol.ca\/wp-content\/uploads\/2024\/10\/flexitol-serum-appaisant-pour-cuir-chevelu-1-300x269.jpg 300w, https:\/\/flexitol.ca\/wp-content\/uploads\/2024\/10\/flexitol-serum-appaisant-pour-cuir-chevelu-1-1024x917.jpg 1024w, https:\/\/flexitol.ca\/wp-content\/uploads\/2024\/10\/flexitol-serum-appaisant-pour-cuir-chevelu-1-768x688.jpg 768w, https:\/\/flexitol.ca\/wp-content\/uploads\/2024\/10\/flexitol-serum-appaisant-pour-cuir-chevelu-1-958x858.jpg 958w, https:\/\/flexitol.ca\/wp-content\/uploads\/2024\/10\/flexitol-serum-appaisant-pour-cuir-chevelu-1-584x523.jpg 584w, https:\/\/flexitol.ca\/wp-content\/uploads\/2024\/10\/flexitol-serum-appaisant-pour-cuir-chevelu-1-558x500.jpg 558w, https:\/\/flexitol.ca\/wp-content\/uploads\/2024\/10\/flexitol-serum-appaisant-pour-cuir-chevelu-1-477x427.jpg 477w, https:\/\/flexitol.ca\/wp-content\/uploads\/2024\/10\/flexitol-serum-appaisant-pour-cuir-chevelu-1-432x387.jpg 432w, https:\/\/flexitol.ca\/wp-content\/uploads\/2024\/10\/flexitol-serum-appaisant-pour-cuir-chevelu-1-312x279.jpg 312w, https:\/\/flexitol.ca\/wp-content\/uploads\/2024\/10\/flexitol-serum-appaisant-pour-cuir-chevelu-1-110x99.jpg 110w, https:\/\/flexitol.ca\/wp-content\/uploads\/2024\/10\/flexitol-serum-appaisant-pour-cuir-chevelu-1.jpg 1052w\" sizes=\"(max-width: 526px) 100vw, 526px\" \/>\n      \n    <\/a>\n    <div class=\"post-information content-grid\">\n      <div class=\"mmd-block mmd-block--action\">\n        <a href=\"https:\/\/flexitol.ca\/fr\/produit\/serum-apaisant-pour-cuir-chevelu\/\" class=\"btn-custom btn-full-width\">Voir le produit<\/a>\n    <\/div>\n      <h3 class=\"post-title\" id=\"post-title-9711\"><a href=\"https:\/\/flexitol.ca\/fr\/produit\/serum-apaisant-pour-cuir-chevelu\/\">S\u00e9rum apaisant pour cuir chevelu<\/a><\/h3>\n      <div class=\"stars-number\"><div class=\"stars\" role=\"img\" style=\"--rating: 4.1\" aria-label=\"Rating of this product is 4.1 out of 5.\"><\/div><span class=\"numbers\">1989  <span class=\"numbers-reviews\"> avis<\/span><\/span> <\/div>\n    <\/div>\n  <\/div>\n<\/article><\/div><\/div><\/div><\/div><div class=\"fwpl-result r6\"><div class=\"fwpl-row el-8cjrpw\"><div class=\"fwpl-col fwpl-col el-1tvcxf\"><div class=\"fwpl-item el-a55pqa\"><article role=\"article\" aria-labelledby=\"post-title-9724\">\n  <div class=\"product-item mmd-item-grid\">\n    <a href=\"https:\/\/flexitol.ca\/fr\/produit\/creme-contre-leczema-et-la-dermatite\/\" class=\"post-image\">\n      <img decoding=\"async\" width=\"526\" height=\"471\" src=\"https:\/\/flexitol.ca\/wp-content\/uploads\/2024\/02\/flexitol-eczema-dermatitis-cream-back-of-carton-in-french-526x471.jpg\" class=\"attachment-product_image size-product_image wp-post-image\" alt=\"\" srcset=\"https:\/\/flexitol.ca\/wp-content\/uploads\/2024\/02\/flexitol-eczema-dermatitis-cream-back-of-carton-in-french-526x471.jpg 526w, https:\/\/flexitol.ca\/wp-content\/uploads\/2024\/02\/flexitol-eczema-dermatitis-cream-back-of-carton-in-french-300x269.jpg 300w, https:\/\/flexitol.ca\/wp-content\/uploads\/2024\/02\/flexitol-eczema-dermatitis-cream-back-of-carton-in-french-1024x917.jpg 1024w, https:\/\/flexitol.ca\/wp-content\/uploads\/2024\/02\/flexitol-eczema-dermatitis-cream-back-of-carton-in-french-768x688.jpg 768w, https:\/\/flexitol.ca\/wp-content\/uploads\/2024\/02\/flexitol-eczema-dermatitis-cream-back-of-carton-in-french-958x858.jpg 958w, https:\/\/flexitol.ca\/wp-content\/uploads\/2024\/02\/flexitol-eczema-dermatitis-cream-back-of-carton-in-french-584x523.jpg 584w, https:\/\/flexitol.ca\/wp-content\/uploads\/2024\/02\/flexitol-eczema-dermatitis-cream-back-of-carton-in-french-558x500.jpg 558w, https:\/\/flexitol.ca\/wp-content\/uploads\/2024\/02\/flexitol-eczema-dermatitis-cream-back-of-carton-in-french-477x427.jpg 477w, https:\/\/flexitol.ca\/wp-content\/uploads\/2024\/02\/flexitol-eczema-dermatitis-cream-back-of-carton-in-french-432x387.jpg 432w, https:\/\/flexitol.ca\/wp-content\/uploads\/2024\/02\/flexitol-eczema-dermatitis-cream-back-of-carton-in-french-312x279.jpg 312w, https:\/\/flexitol.ca\/wp-content\/uploads\/2024\/02\/flexitol-eczema-dermatitis-cream-back-of-carton-in-french-110x99.jpg 110w, https:\/\/flexitol.ca\/wp-content\/uploads\/2024\/02\/flexitol-eczema-dermatitis-cream-back-of-carton-in-french.jpg 1052w\" sizes=\"(max-width: 526px) 100vw, 526px\" \/>\n      \n    <\/a>\n    <div class=\"post-information content-grid\">\n      <div class=\"mmd-block mmd-block--action\">\n        <a href=\"https:\/\/flexitol.ca\/fr\/produit\/creme-contre-leczema-et-la-dermatite\/\" class=\"btn-custom btn-full-width\">Voir le produit<\/a>\n    <\/div>\n      <h3 class=\"post-title\" id=\"post-title-9724\"><a href=\"https:\/\/flexitol.ca\/fr\/produit\/creme-contre-leczema-et-la-dermatite\/\">Cr\u00e8me contre l\u2019ecz\u00e9ma et la dermatite<\/a><\/h3>\n      <div class=\"stars-number\"><div class=\"stars\" role=\"img\" style=\"--rating: 4.1\" aria-label=\"Rating of this product is 4.1 out of 5.\"><\/div><span class=\"numbers\">342  <span class=\"numbers-reviews\"> avis<\/span><\/span> <\/div>\n    <\/div>\n  <\/div>\n<\/article><\/div><\/div><\/div><\/div><div class=\"fwpl-result r7\"><div class=\"fwpl-row el-8cjrpw\"><div class=\"fwpl-col fwpl-col el-1tvcxf\"><div class=\"fwpl-item el-a55pqa\"><article role=\"article\" aria-labelledby=\"post-title-9744\">\n  <div class=\"product-item mmd-item-grid\">\n    <a href=\"https:\/\/flexitol.ca\/fr\/produit\/lotion-contre-leczema-et-la-dermatite\/\" class=\"post-image\">\n      <img decoding=\"async\" width=\"460\" height=\"430\" src=\"https:\/\/flexitol.ca\/wp-content\/uploads\/2022\/01\/fl_can_edl_web_800x748_1_0.png\" class=\"attachment-product_image size-product_image wp-post-image\" alt=\"\" srcset=\"https:\/\/flexitol.ca\/wp-content\/uploads\/2022\/01\/fl_can_edl_web_800x748_1_0.png 460w, https:\/\/flexitol.ca\/wp-content\/uploads\/2022\/01\/fl_can_edl_web_800x748_1_0-300x280.png 300w, https:\/\/flexitol.ca\/wp-content\/uploads\/2022\/01\/fl_can_edl_web_800x748_1_0-81x76.png 81w\" sizes=\"(max-width: 460px) 100vw, 460px\" \/>\n      \n    <\/a>\n    <div class=\"post-information content-grid\">\n      <div class=\"mmd-block mmd-block--action\">\n        <a href=\"https:\/\/flexitol.ca\/fr\/produit\/lotion-contre-leczema-et-la-dermatite\/\" class=\"btn-custom btn-full-width\">Voir le produit<\/a>\n    <\/div>\n      <h3 class=\"post-title\" id=\"post-title-9744\"><a href=\"https:\/\/flexitol.ca\/fr\/produit\/lotion-contre-leczema-et-la-dermatite\/\">Lotion contre l\u2019ecz\u00e9ma et la dermatite<\/a><\/h3>\n      <div class=\"stars-number\"><div class=\"stars\" role=\"img\" style=\"--rating: 4.3\" aria-label=\"Rating of this product is 4.3 out of 5.\"><\/div><span class=\"numbers\">232  <span class=\"numbers-reviews\"> avis<\/span><\/span> <\/div>\n    <\/div>\n  <\/div>\n<\/article><\/div><\/div><\/div><\/div><div class=\"fwpl-result r8\"><div class=\"fwpl-row el-8cjrpw\"><div class=\"fwpl-col fwpl-col el-1tvcxf\"><div class=\"fwpl-item el-a55pqa\"><article role=\"article\" aria-labelledby=\"post-title-9759\">\n  <div class=\"product-item mmd-item-grid\">\n    <a href=\"https:\/\/flexitol.ca\/fr\/produit\/baume-pour-les-talons\/\" class=\"post-image\">\n      <img decoding=\"async\" width=\"526\" height=\"471\" src=\"https:\/\/flexitol.ca\/wp-content\/uploads\/2023\/04\/flexitol-heel-balm-28g-front-view-of-packaging-526x471.png\" class=\"attachment-product_image size-product_image wp-post-image\" alt=\"Front View of the Packaging for Flexitol Heel Balm 28g\" srcset=\"https:\/\/flexitol.ca\/wp-content\/uploads\/2023\/04\/flexitol-heel-balm-28g-front-view-of-packaging-526x471.png 526w, https:\/\/flexitol.ca\/wp-content\/uploads\/2023\/04\/flexitol-heel-balm-28g-front-view-of-packaging-300x269.png 300w, https:\/\/flexitol.ca\/wp-content\/uploads\/2023\/04\/flexitol-heel-balm-28g-front-view-of-packaging-1024x917.png 1024w, https:\/\/flexitol.ca\/wp-content\/uploads\/2023\/04\/flexitol-heel-balm-28g-front-view-of-packaging-768x688.png 768w, https:\/\/flexitol.ca\/wp-content\/uploads\/2023\/04\/flexitol-heel-balm-28g-front-view-of-packaging-584x523.png 584w, https:\/\/flexitol.ca\/wp-content\/uploads\/2023\/04\/flexitol-heel-balm-28g-front-view-of-packaging-558x500.png 558w, https:\/\/flexitol.ca\/wp-content\/uploads\/2023\/04\/flexitol-heel-balm-28g-front-view-of-packaging-432x387.png 432w, https:\/\/flexitol.ca\/wp-content\/uploads\/2023\/04\/flexitol-heel-balm-28g-front-view-of-packaging-312x279.png 312w, https:\/\/flexitol.ca\/wp-content\/uploads\/2023\/04\/flexitol-heel-balm-28g-front-view-of-packaging-110x99.png 110w, https:\/\/flexitol.ca\/wp-content\/uploads\/2023\/04\/flexitol-heel-balm-28g-front-view-of-packaging.png 1052w\" sizes=\"(max-width: 526px) 100vw, 526px\" \/>\n      \n    <\/a>\n    <div class=\"post-information content-grid\">\n      <div class=\"mmd-block mmd-block--action\">\n        <a href=\"https:\/\/flexitol.ca\/fr\/produit\/baume-pour-les-talons\/\" class=\"btn-custom btn-full-width\">Voir le produit<\/a>\n    <\/div>\n      <h3 class=\"post-title\" id=\"post-title-9759\"><a href=\"https:\/\/flexitol.ca\/fr\/produit\/baume-pour-les-talons\/\">Baume pour les talons<\/a><\/h3>\n      <div class=\"stars-number\"><div class=\"stars\" role=\"img\" style=\"--rating: 4.4\" aria-label=\"Rating of this product is 4.4 out of 5.\"><\/div><span class=\"numbers\">5161  <span class=\"numbers-reviews\"> avis<\/span><\/span> <\/div>\n    <\/div>\n  <\/div>\n<\/article><\/div><\/div><\/div><\/div><div class=\"fwpl-result r9\"><div class=\"fwpl-row el-8cjrpw\"><div class=\"fwpl-col fwpl-col el-1tvcxf\"><div class=\"fwpl-item el-a55pqa\"><article role=\"article\" aria-labelledby=\"post-title-9766\">\n  <div class=\"product-item mmd-item-grid\">\n    <a href=\"https:\/\/flexitol.ca\/fr\/produit\/liquide-antifongique\/\" class=\"post-image\">\n      <img decoding=\"async\" width=\"526\" height=\"471\" src=\"https:\/\/flexitol.ca\/wp-content\/uploads\/2023\/04\/flexitol-antifungal-liquid-front-view-of-packaging-526x471.png\" class=\"attachment-product_image size-product_image wp-post-image\" alt=\"Front View of the Packaging for Flexitol Antifungal Liquid\" srcset=\"https:\/\/flexitol.ca\/wp-content\/uploads\/2023\/04\/flexitol-antifungal-liquid-front-view-of-packaging-526x471.png 526w, https:\/\/flexitol.ca\/wp-content\/uploads\/2023\/04\/flexitol-antifungal-liquid-front-view-of-packaging-300x269.png 300w, https:\/\/flexitol.ca\/wp-content\/uploads\/2023\/04\/flexitol-antifungal-liquid-front-view-of-packaging-1024x917.png 1024w, https:\/\/flexitol.ca\/wp-content\/uploads\/2023\/04\/flexitol-antifungal-liquid-front-view-of-packaging-768x688.png 768w, https:\/\/flexitol.ca\/wp-content\/uploads\/2023\/04\/flexitol-antifungal-liquid-front-view-of-packaging-584x523.png 584w, https:\/\/flexitol.ca\/wp-content\/uploads\/2023\/04\/flexitol-antifungal-liquid-front-view-of-packaging-558x500.png 558w, https:\/\/flexitol.ca\/wp-content\/uploads\/2023\/04\/flexitol-antifungal-liquid-front-view-of-packaging-432x387.png 432w, https:\/\/flexitol.ca\/wp-content\/uploads\/2023\/04\/flexitol-antifungal-liquid-front-view-of-packaging-312x279.png 312w, https:\/\/flexitol.ca\/wp-content\/uploads\/2023\/04\/flexitol-antifungal-liquid-front-view-of-packaging-110x99.png 110w, https:\/\/flexitol.ca\/wp-content\/uploads\/2023\/04\/flexitol-antifungal-liquid-front-view-of-packaging.png 1052w\" sizes=\"(max-width: 526px) 100vw, 526px\" \/>\n      \n    <\/a>\n    <div class=\"post-information content-grid\">\n      <div class=\"mmd-block mmd-block--action\">\n        <a href=\"https:\/\/flexitol.ca\/fr\/produit\/liquide-antifongique\/\" class=\"btn-custom btn-full-width\">Voir le produit<\/a>\n    <\/div>\n      <h3 class=\"post-title\" id=\"post-title-9766\"><a href=\"https:\/\/flexitol.ca\/fr\/produit\/liquide-antifongique\/\">Liquide antifongique<\/a><\/h3>\n      <div class=\"stars-number\"><div class=\"stars\" role=\"img\" style=\"--rating: 3.9\" aria-label=\"Rating of this product is 3.9 out of 5.\"><\/div><span class=\"numbers\">857  <span class=\"numbers-reviews\"> avis<\/span><\/span> <\/div>\n    <\/div>\n  <\/div>\n<\/article><\/div><\/div><\/div><\/div><div class=\"fwpl-result r10\"><div class=\"fwpl-row el-8cjrpw\"><div class=\"fwpl-col fwpl-col el-1tvcxf\"><div class=\"fwpl-item el-a55pqa\"><article role=\"article\" aria-labelledby=\"post-title-9771\">\n  <div class=\"product-item mmd-item-grid\">\n    <a href=\"https:\/\/flexitol.ca\/fr\/produit\/magie-pour-les-talons\/\" class=\"post-image\">\n      <img decoding=\"async\" width=\"526\" height=\"471\" src=\"https:\/\/flexitol.ca\/wp-content\/uploads\/2024\/02\/flexitol-heel-magic-back-of-carton-in-french-526x471.jpg\" class=\"attachment-product_image size-product_image wp-post-image\" alt=\"\" srcset=\"https:\/\/flexitol.ca\/wp-content\/uploads\/2024\/02\/flexitol-heel-magic-back-of-carton-in-french-526x471.jpg 526w, https:\/\/flexitol.ca\/wp-content\/uploads\/2024\/02\/flexitol-heel-magic-back-of-carton-in-french-300x269.jpg 300w, https:\/\/flexitol.ca\/wp-content\/uploads\/2024\/02\/flexitol-heel-magic-back-of-carton-in-french-1024x917.jpg 1024w, https:\/\/flexitol.ca\/wp-content\/uploads\/2024\/02\/flexitol-heel-magic-back-of-carton-in-french-768x688.jpg 768w, https:\/\/flexitol.ca\/wp-content\/uploads\/2024\/02\/flexitol-heel-magic-back-of-carton-in-french-958x858.jpg 958w, https:\/\/flexitol.ca\/wp-content\/uploads\/2024\/02\/flexitol-heel-magic-back-of-carton-in-french-584x523.jpg 584w, https:\/\/flexitol.ca\/wp-content\/uploads\/2024\/02\/flexitol-heel-magic-back-of-carton-in-french-558x500.jpg 558w, https:\/\/flexitol.ca\/wp-content\/uploads\/2024\/02\/flexitol-heel-magic-back-of-carton-in-french-477x427.jpg 477w, https:\/\/flexitol.ca\/wp-content\/uploads\/2024\/02\/flexitol-heel-magic-back-of-carton-in-french-432x387.jpg 432w, https:\/\/flexitol.ca\/wp-content\/uploads\/2024\/02\/flexitol-heel-magic-back-of-carton-in-french-312x279.jpg 312w, https:\/\/flexitol.ca\/wp-content\/uploads\/2024\/02\/flexitol-heel-magic-back-of-carton-in-french-110x99.jpg 110w, https:\/\/flexitol.ca\/wp-content\/uploads\/2024\/02\/flexitol-heel-magic-back-of-carton-in-french.jpg 1052w\" sizes=\"(max-width: 526px) 100vw, 526px\" \/>\n      \n    <\/a>\n    <div class=\"post-information content-grid\">\n      <div class=\"mmd-block mmd-block--action\">\n        <a href=\"https:\/\/flexitol.ca\/fr\/produit\/magie-pour-les-talons\/\" class=\"btn-custom btn-full-width\">Voir le produit<\/a>\n    <\/div>\n      <h3 class=\"post-title\" id=\"post-title-9771\"><a href=\"https:\/\/flexitol.ca\/fr\/produit\/magie-pour-les-talons\/\">Magie pour les talons<\/a><\/h3>\n      <div class=\"stars-number\"><div class=\"stars\" role=\"img\" style=\"--rating: 4.5\" aria-label=\"Rating of this product is 4.5 out of 5.\"><\/div><span class=\"numbers\">4885  <span class=\"numbers-reviews\"> avis<\/span><\/span> <\/div>\n    <\/div>\n  <\/div>\n<\/article><\/div><\/div><\/div><\/div><div class=\"fwpl-result r11\"><div class=\"fwpl-row el-8cjrpw\"><div class=\"fwpl-col fwpl-col el-1tvcxf\"><div class=\"fwpl-item el-a55pqa\"><article role=\"article\" aria-labelledby=\"post-title-9779\">\n  <div class=\"product-item mmd-item-grid\">\n    <a href=\"https:\/\/flexitol.ca\/fr\/produit\/lotion-pour-la-peau-tres-seche\/\" class=\"post-image\">\n      <img decoding=\"async\" width=\"460\" height=\"430\" src=\"https:\/\/flexitol.ca\/wp-content\/uploads\/2022\/01\/fl_can_vdsl_web_800x748_1.png\" class=\"attachment-product_image size-product_image wp-post-image\" alt=\"\" srcset=\"https:\/\/flexitol.ca\/wp-content\/uploads\/2022\/01\/fl_can_vdsl_web_800x748_1.png 460w, https:\/\/flexitol.ca\/wp-content\/uploads\/2022\/01\/fl_can_vdsl_web_800x748_1-300x280.png 300w, https:\/\/flexitol.ca\/wp-content\/uploads\/2022\/01\/fl_can_vdsl_web_800x748_1-81x76.png 81w\" sizes=\"(max-width: 460px) 100vw, 460px\" \/>\n      \n    <\/a>\n    <div class=\"post-information content-grid\">\n      <div class=\"mmd-block mmd-block--action\">\n        <a href=\"https:\/\/flexitol.ca\/fr\/produit\/lotion-pour-la-peau-tres-seche\/\" class=\"btn-custom btn-full-width\">Voir le produit<\/a>\n    <\/div>\n      <h3 class=\"post-title\" id=\"post-title-9779\"><a href=\"https:\/\/flexitol.ca\/fr\/produit\/lotion-pour-la-peau-tres-seche\/\">Lotion pour la peau tr\u00e8s s\u00e8che<\/a><\/h3>\n      <div class=\"stars-number\"><div class=\"stars\" role=\"img\" style=\"--rating: 4.4\" aria-label=\"Rating of this product is 4.4 out of 5.\"><\/div><span class=\"numbers\">669  <span class=\"numbers-reviews\"> avis<\/span><\/span> <\/div>\n    <\/div>\n  <\/div>\n<\/article><\/div><\/div><\/div><\/div><div class=\"fwpl-result r12\"><div class=\"fwpl-row el-8cjrpw\"><div class=\"fwpl-col fwpl-col el-1tvcxf\"><div class=\"fwpl-item el-a55pqa\"><article role=\"article\" aria-labelledby=\"post-title-9784\">\n  <div class=\"product-item mmd-item-grid\">\n    <a href=\"https:\/\/flexitol.ca\/fr\/produit\/creme-pour-la-peau-tres-seche\/\" class=\"post-image\">\n      <img decoding=\"async\" width=\"526\" height=\"471\" src=\"https:\/\/flexitol.ca\/wp-content\/uploads\/2024\/02\/flexitol-very-dry-skin-cream-back-of-carton-in-french-526x471.jpg\" class=\"attachment-product_image size-product_image wp-post-image\" alt=\"\" srcset=\"https:\/\/flexitol.ca\/wp-content\/uploads\/2024\/02\/flexitol-very-dry-skin-cream-back-of-carton-in-french-526x471.jpg 526w, https:\/\/flexitol.ca\/wp-content\/uploads\/2024\/02\/flexitol-very-dry-skin-cream-back-of-carton-in-french-300x269.jpg 300w, https:\/\/flexitol.ca\/wp-content\/uploads\/2024\/02\/flexitol-very-dry-skin-cream-back-of-carton-in-french-1024x917.jpg 1024w, https:\/\/flexitol.ca\/wp-content\/uploads\/2024\/02\/flexitol-very-dry-skin-cream-back-of-carton-in-french-768x688.jpg 768w, https:\/\/flexitol.ca\/wp-content\/uploads\/2024\/02\/flexitol-very-dry-skin-cream-back-of-carton-in-french-958x858.jpg 958w, https:\/\/flexitol.ca\/wp-content\/uploads\/2024\/02\/flexitol-very-dry-skin-cream-back-of-carton-in-french-584x523.jpg 584w, https:\/\/flexitol.ca\/wp-content\/uploads\/2024\/02\/flexitol-very-dry-skin-cream-back-of-carton-in-french-558x500.jpg 558w, https:\/\/flexitol.ca\/wp-content\/uploads\/2024\/02\/flexitol-very-dry-skin-cream-back-of-carton-in-french-477x427.jpg 477w, https:\/\/flexitol.ca\/wp-content\/uploads\/2024\/02\/flexitol-very-dry-skin-cream-back-of-carton-in-french-432x387.jpg 432w, https:\/\/flexitol.ca\/wp-content\/uploads\/2024\/02\/flexitol-very-dry-skin-cream-back-of-carton-in-french-312x279.jpg 312w, https:\/\/flexitol.ca\/wp-content\/uploads\/2024\/02\/flexitol-very-dry-skin-cream-back-of-carton-in-french-110x99.jpg 110w, https:\/\/flexitol.ca\/wp-content\/uploads\/2024\/02\/flexitol-very-dry-skin-cream-back-of-carton-in-french.jpg 1052w\" sizes=\"(max-width: 526px) 100vw, 526px\" \/>\n      \n    <\/a>\n    <div class=\"post-information content-grid\">\n      <div class=\"mmd-block mmd-block--action\">\n        <a href=\"https:\/\/flexitol.ca\/fr\/produit\/creme-pour-la-peau-tres-seche\/\" class=\"btn-custom btn-full-width\">Voir le produit<\/a>\n    <\/div>\n      <h3 class=\"post-title\" id=\"post-title-9784\"><a href=\"https:\/\/flexitol.ca\/fr\/produit\/creme-pour-la-peau-tres-seche\/\">Cr\u00e8me pour la peau tr\u00e8s s\u00e8che<\/a><\/h3>\n      <div class=\"stars-number\"><div class=\"stars\" role=\"img\" style=\"--rating: 4.4\" aria-label=\"Rating of this product is 4.4 out of 5.\"><\/div><span class=\"numbers\">669  <span class=\"numbers-reviews\"> avis<\/span><\/span> <\/div>\n    <\/div>\n  <\/div>\n<\/article><\/div><\/div><\/div><\/div><\/div>\n<style>\n.fwpl-layout, .fwpl-row {\n    display: grid;\n}\n.fwpl-layout.el-hkhimk {\n    grid-template-columns: repeat(3, 1fr);\n    grid-gap: 20px;\n}\n.fwpl-btn {\n    text-decoration: none;\n}\n.fwpl-row.el-8cjrpw {\n    grid-template-columns: 1fr;\n}\n@media (max-width: 480px) { \n    body .facetwp-template .fwpl-layout,  \n    body .facetwp-template-static .fwpl-layout { grid-template-columns: 1fr; } \n} \n\n<\/style>\n<\/div>\n\n      <nav aria-label='Pagination' class='pager d-flex justify-content-center justify-content-lg-end' id='mmd-pager'><div class=\"facetwp-pager\"><\/div><\/nav>\n\n      \n\n    <\/div>\n  <\/div>\n<\/div>\n\n\n<section class=\"wp-block-mmd-our-review-block our-reviews-block light-green full-width light-blue\"><div class=\"container\"><div class=\"inner-block inner-block-review\"><div class=\"row\"><div class=\"col-md-3\"><div class=\"our-review-infor\"><h2 class=\"title\">Nos avis<\/h2><a class=\"media pe-2\" href=\"https:\/\/www.amazon.ca\/stores\/page\/F7503DAC-1114-48CB-A748-BBF55FFFCBD5\" target=\"_blank\" rel=\"noopener\"><img decoding=\"async\" src=\"https:\/\/flexitol.ca\/wp-content\/uploads\/2023\/04\/amazon_ca.png\" alt=\"amazon ca\" width=\"200\" height=\"120\" loading=\"lazy\"\/><\/a><\/div><\/div><div class=\"col-md-9\"><div id=\"our-review-slider\" class=\"our-review-slider\">\n\n<div class=\"wp-block-column our-review-item is-layout-flow wp-block-column-is-layout-flow\">\n<p style=\"font-size:16px\">C&#8217;est une sensation incroyable! Ma peau a \u00e9t\u00e9 tellement s\u00e8che en raison de l\u2019hiver. <br>Elle p\u00e9n\u00e8tre parfaitement! Merci! Merci! Merci! Je ne manquerai pas de l&#8217;acheter et de le recommander!<\/p>\n\n\n\n<h2 class=\"wp-block-heading our-review-title\">Cynthia Hutchings, Missouri<\/h2>\n<\/div>\n\n\n\n\n\n<div class=\"wp-block-column our-review-item is-layout-flow wp-block-column-is-layout-flow\">\n<p style=\"font-size:16px\">Une seule application sur mes l\u00e8vres fendill\u00e9es, s\u00e8ches et gerc\u00e9es qui me d\u00e9mangent. <br>Enfin un Baume pour les l\u00e8vres de Flexitol. Le r\u00e9sultat est parfait.<\/p>\n\n\n\n<h2 class=\"wp-block-heading our-review-title\">Manon, Quebec<\/h2>\n<\/div>\n\n\n\n\n\n<div class=\"wp-block-column our-review-item is-layout-flow wp-block-column-is-layout-flow\">\n<p style=\"font-size:16px\">Je souffrais d&#8217;un gonflement des paupi\u00e8res et de d\u00e9mangeaisons. <br>J&#8217;ai rep\u00e9r\u00e9 cette cr\u00e8me dans un pr\u00e9sentoir Flexitol chez London Drugs et j&#8217;ai d\u00e9cid\u00e9 de l&#8217;essayer. <br>Un peu moins de deux semaines plus tard, mes paupi\u00e8res n&#8217;\u00e9taient plus gonfl\u00e9es et ma peau s\u00e8che a presque disparu.<\/p>\n\n\n\n<h2 class=\"wp-block-heading our-review-title\">Naomi Williams, Alberta<\/h2>\n<\/div>\n\n\n\n\n\n<div class=\"wp-block-column our-review-item is-layout-flow wp-block-column-is-layout-flow\">\n<p style=\"font-size:16px\">Je suis stup\u00e9faite de la rapidit\u00e9 d&#8217;action de ce produit. <br>J&#8217;ai essay\u00e9 plusieurs autres produits en plus d&#8217;utiliser une lime \u00e0 pied pour adoucir mes talons qui \u00e9taient devenus durs et secs. <br>C&#8217;est le seul produit qui a vraiment agi. J&#8217;ai remarqu\u00e9 une \u00c9NORME diff\u00e9rence au niveau de mes talons apr\u00e8s seulement 2 jours.<\/p>\n\n\n\n<h2 class=\"wp-block-heading our-review-title\">Wendy Beeson, California<\/h2>\n<\/div>\n\n\n\n\n\n<div class=\"wp-block-column our-review-item is-layout-flow wp-block-column-is-layout-flow\">\n<p class=\"our-review-content\">C&#8217;est incroyable! Ce devrait \u00eatre un crime de fonctionner aussi bien!<\/p>\n\n\n\n<h2 class=\"wp-block-heading our-review-title\">Sharon L Ward, Pennsylvania<\/h2>\n<\/div>\n\n<\/div><\/div><\/div><\/div><\/div><\/section>\n\n\n\n    <section class='slider-block mmd-block'>\n      <h2 class='title'>\n          Voyez notre gamme compl\u00e8te\n      <\/h2>\n      <div class='description d-none d-md-block'>\n          Soulagez, apaisez et soignez votre peau gr\u00e2ce \u00e0 nos gammes de soins sp\u00e9cialement formul\u00e9es. Elles sont con\u00e7ues pour r\u00e9pondre \u00e0 un large \u00e9ventail de probl\u00e8mes cutan\u00e9s, de la s\u00e9cheresse \u00e0 la peau sensible.\n      <\/div>\n      <div class='entire-range-galleries'>\n        <div id='carousel-slider-entire-range' class='entire-range-gallery'>\n          <div class='row justify-content-center entire-range-gallery__slider'>\n              \n              <div class='col-12 col-md-6 col-lg-4 col-box'><a href='https:\/\/flexitol.ca\/fr\/domaine\/notre-gamme-pour-le-visage-et-les-levres\/' class='box box-zoom has-area-description'>\n                  <h3 class='box-title'>Visage Et L\u00e8vres<\/h3>\n                  <div class='box-info'>\n                    <h3 class='box-info__title'>Visage Et L\u00e8vres<\/h3>\n                    <div class='box-info__description'>Faites confiance \u00e0 nos formules concentr\u00e9es ultra-hydratantes, sp\u00e9cialement con\u00e7ues pour la peau d\u00e9licate du visage et des l\u00e8vres, pour hydrater votre peau tr\u00e8s s\u00e8che et adoucir les l\u00e8vres tr\u00e8s s\u00e8ches, afin qu&#8217;elles restent lisses et d\u2019apparence saine.<\/div>\n                  <\/div>\n                  <div class='box-image'><img decoding=\"async\" width=\"380\" height=\"334\" src=\"https:\/\/flexitol.ca\/wp-content\/uploads\/2024\/10\/face-lip-care-image-2.jpg\" class=\"attachment-entire_range_thumbnail size-entire_range_thumbnail\" alt=\"\" srcset=\"https:\/\/flexitol.ca\/wp-content\/uploads\/2024\/10\/face-lip-care-image-2.jpg 380w, https:\/\/flexitol.ca\/wp-content\/uploads\/2024\/10\/face-lip-care-image-2-300x264.jpg 300w, https:\/\/flexitol.ca\/wp-content\/uploads\/2024\/10\/face-lip-care-image-2-276x244.jpg 276w\" sizes=\"(max-width: 380px) 100vw, 380px\" \/><\/div>\n                <\/a><\/div><div class='col-12 col-md-6 col-lg-4 col-box'><a href='https:\/\/flexitol.ca\/fr\/domaine\/notre-gamme-pour-les-mains\/' class='box box-zoom has-area-description'>\n                  <h3 class='box-title'>Mains<\/h3>\n                  <div class='box-info'>\n                    <h3 class='box-info__title'>Mains<\/h3>\n                    <div class='box-info__description'>Offrez \u00e0 vos mains la protection hydratante qu&#8217;elles m\u00e9ritent gr\u00e2ce \u00e0 des produits sp\u00e9cialement con\u00e7us pour prendre soin des mains qui travaillent dur.<\/div>\n                  <\/div>\n                  <div class='box-image'><img decoding=\"async\" width=\"380\" height=\"334\" src=\"https:\/\/flexitol.ca\/wp-content\/uploads\/2024\/10\/hand-care-image.jpg\" class=\"attachment-entire_range_thumbnail size-entire_range_thumbnail\" alt=\"Hand Care Image\" srcset=\"https:\/\/flexitol.ca\/wp-content\/uploads\/2024\/10\/hand-care-image.jpg 380w, https:\/\/flexitol.ca\/wp-content\/uploads\/2024\/10\/hand-care-image-300x264.jpg 300w, https:\/\/flexitol.ca\/wp-content\/uploads\/2024\/10\/hand-care-image-276x244.jpg 276w\" sizes=\"(max-width: 380px) 100vw, 380px\" \/><\/div>\n                <\/a><\/div><div class='col-12 col-md-6 col-lg-4 col-box'><a href='https:\/\/flexitol.ca\/fr\/domaine\/notre-gamme-pour-le-corps\/' class='box box-zoom has-area-description'>\n                  <h3 class='box-title'>Corps<\/h3>\n                  <div class='box-info'>\n                    <h3 class='box-info__title'>Corps<\/h3>\n                    <div class='box-info__description'>Soulagez, apaisez et soignez votre peau gr\u00e2ce \u00e0 nos gammes de soins sp\u00e9cialement formul\u00e9es. Elles sont con\u00e7ues pour r\u00e9pondre \u00e0 un large \u00e9ventail de probl\u00e8mes cutan\u00e9s, de la s\u00e9cheresse \u00e0 la peau sensible.<\/div>\n                  <\/div>\n                  <div class='box-image'><img decoding=\"async\" width=\"380\" height=\"334\" src=\"https:\/\/flexitol.ca\/wp-content\/uploads\/2024\/10\/body-care-category-image.jpg\" class=\"attachment-entire_range_thumbnail size-entire_range_thumbnail\" alt=\"\" srcset=\"https:\/\/flexitol.ca\/wp-content\/uploads\/2024\/10\/body-care-category-image.jpg 380w, https:\/\/flexitol.ca\/wp-content\/uploads\/2024\/10\/body-care-category-image-300x264.jpg 300w, https:\/\/flexitol.ca\/wp-content\/uploads\/2024\/10\/body-care-category-image-276x244.jpg 276w\" sizes=\"(max-width: 380px) 100vw, 380px\" \/><\/div>\n                <\/a><\/div><div class='col-12 col-md-6 col-lg-4 col-box'><a href='https:\/\/flexitol.ca\/fr\/domaine\/notre-gamme-pour-les-pieds\/' class='box box-zoom has-area-description'>\n                  <h3 class='box-title'>Pieds<\/h3>\n                  <div class='box-info'>\n                    <h3 class='box-info__title'>Pieds<\/h3>\n                    <div class='box-info__description'>Faites confiance \u00e0 notre solution efficace et abordable pour hydrater les talons et les pieds rugueux, fendill\u00e9s et secs.<\/div>\n                  <\/div>\n                  <div class='box-image'><img decoding=\"async\" width=\"380\" height=\"334\" src=\"https:\/\/flexitol.ca\/wp-content\/uploads\/2024\/10\/feet-care-category-image.jpg\" class=\"attachment-entire_range_thumbnail size-entire_range_thumbnail\" alt=\"Feet Care Category Image\" srcset=\"https:\/\/flexitol.ca\/wp-content\/uploads\/2024\/10\/feet-care-category-image.jpg 380w, https:\/\/flexitol.ca\/wp-content\/uploads\/2024\/10\/feet-care-category-image-300x264.jpg 300w, https:\/\/flexitol.ca\/wp-content\/uploads\/2024\/10\/feet-care-category-image-276x244.jpg 276w\" sizes=\"(max-width: 380px) 100vw, 380px\" \/><\/div>\n                <\/a><\/div><div class='col-12 col-md-6 col-lg-4 col-box'><a href='https:\/\/flexitol.ca\/fr\/domaine\/notre-gamme-pour-enfants\/' class='box box-zoom has-area-description'>\n                  <h3 class='box-title'>Enfants<\/h3>\n                  <div class='box-info'>\n                    <h3 class='box-info__title'>Enfants<\/h3>\n                    <div class='box-info__description'>Notre gamme de soins p\u00e9diatriques doux et efficaces a \u00e9t\u00e9 sp\u00e9cialement con\u00e7ue pour prendre soin en douceur de la peau des enfants d\u00e8s la naissance.<\/div>\n                  <\/div>\n                  <div class='box-image'><img decoding=\"async\" width=\"380\" height=\"334\" src=\"https:\/\/flexitol.ca\/wp-content\/uploads\/2024\/10\/chrildren-skin-care-image.jpg\" class=\"attachment-entire_range_thumbnail size-entire_range_thumbnail\" alt=\"Children Skin Care Image\" srcset=\"https:\/\/flexitol.ca\/wp-content\/uploads\/2024\/10\/chrildren-skin-care-image.jpg 380w, https:\/\/flexitol.ca\/wp-content\/uploads\/2024\/10\/chrildren-skin-care-image-300x264.jpg 300w, https:\/\/flexitol.ca\/wp-content\/uploads\/2024\/10\/chrildren-skin-care-image-276x244.jpg 276w\" sizes=\"(max-width: 380px) 100vw, 380px\" \/><\/div>\n                <\/a><\/div><div class='col-12 col-md-6 col-lg-4 col-box'><a href='https:\/\/flexitol.ca\/fr\/domaine\/notre-gamme-de-soins-capillaires\/' class='box box-zoom has-area-description'>\n                  <h3 class='box-title'>Cuir Chevelu<\/h3>\n                  <div class='box-info'>\n                    <h3 class='box-info__title'>Cuir Chevelu<\/h3>\n                    <div class='box-info__description'>Elle est con\u00e7ue pour am\u00e9liorer la sensation et l&#8217;apparence de vos cheveux et de votre cuir chevelu, notre gamme innovante de solutions pour les cheveux et le cuir chevelu, \u00e0 l&#8217;efficacit\u00e9 \u00e9prouv\u00e9e, vous aidera \u00e0 vous sentir plus \u00e0 l&#8217;aise et plus confiant.<\/div>\n                  <\/div>\n                  <div class='box-image'><img decoding=\"async\" width=\"380\" height=\"334\" src=\"https:\/\/flexitol.ca\/wp-content\/uploads\/2024\/10\/scalp-care-image.jpg\" class=\"attachment-entire_range_thumbnail size-entire_range_thumbnail\" alt=\"Scalp Care image\" srcset=\"https:\/\/flexitol.ca\/wp-content\/uploads\/2024\/10\/scalp-care-image.jpg 380w, https:\/\/flexitol.ca\/wp-content\/uploads\/2024\/10\/scalp-care-image-300x264.jpg 300w, https:\/\/flexitol.ca\/wp-content\/uploads\/2024\/10\/scalp-care-image-276x244.jpg 276w\" sizes=\"(max-width: 380px) 100vw, 380px\" \/><\/div>\n                <\/a><\/div>\n          <\/div>\n        <\/div>\n      <\/div>\n  <\/section>\n\n\n<section class=\"wp-block-mmd-logo-grid-block grid-block mmd-block full-width column-4 white icon only-img\"><div class=\"container\"><h2 class=\"title\"><strong><strong><strong>Telle que pr\u00e9sent\u00e9e<\/strong><\/strong><\/strong><\/h2><div class=\"description\">La marque et les produits Flexitol ont \u00e9t\u00e9 pr\u00e9sent\u00e9s dans un grand nombre de m\u00e9dias et de publications, y compris ceux pr\u00e9sent\u00e9s ici. Suivez le lien vers notre page \u00ab M\u00e9dias \u00bb o\u00f9 vous pouvez lire une s\u00e9rie d&#8217;articles de presse couvrant une vari\u00e9t\u00e9 de produits de notre vaste gamme.<\/div><div class=\"row\">\n<div class=\"wp-block-mmd-logo mmd-col-custom mmd-item-grid\"><div><div class=\"media-grid\"><img decoding=\"async\" src=\"https:\/\/flexitol.ca\/wp-content\/uploads\/2023\/05\/elle-canada-2-e1684824949952.png\" alt=\"ELLE Canada logo\" width=\"300\" height=\"108\" srcset=\"https:\/\/flexitol.ca\/wp-content\/uploads\/2023\/05\/elle-canada-2-300x115.png 300w\" sizes=\"auto, (max-width: 300px) 100vw, 300px\" loading=\"lazy\"\/><\/div><\/div><\/div>\n\n\n\n<div class=\"wp-block-mmd-logo mmd-col-custom mmd-item-grid\"><div><div class=\"media-grid\"><img decoding=\"async\" src=\"https:\/\/flexitol.ca\/wp-content\/uploads\/2023\/04\/vita-logo.png\" alt=\"vita logo\" width=\"300\" height=\"115\" srcset=\"https:\/\/flexitol.ca\/wp-content\/uploads\/2023\/04\/vita-logo-300x115.png 300w\" sizes=\"auto, (max-width: 300px) 100vw, 300px\" loading=\"lazy\"\/><\/div><\/div><\/div>\n\n\n\n<div class=\"wp-block-mmd-logo mmd-col-custom mmd-item-grid\"><div><div class=\"media-grid\"><img decoding=\"async\" src=\"https:\/\/flexitol.ca\/wp-content\/uploads\/2023\/04\/vancouver-is-awesome-logo.png\" alt=\"vancouver is awesome logo\" width=\"300\" height=\"115\" srcset=\"https:\/\/flexitol.ca\/wp-content\/uploads\/2023\/04\/vancouver-is-awesome-logo-300x115.png 300w\" sizes=\"auto, (max-width: 300px) 100vw, 300px\" loading=\"lazy\"\/><\/div><\/div><\/div>\n\n\n\n<div class=\"wp-block-mmd-logo mmd-col-custom mmd-item-grid\"><div><div class=\"media-grid\"><img decoding=\"async\" src=\"https:\/\/flexitol.ca\/wp-content\/uploads\/2023\/10\/instyle-homepage-logo.jpg\" alt=\"\" width=\"300\" height=\"87\" loading=\"lazy\"\/><\/div><\/div><\/div>\n\n\n\n<div class=\"wp-block-mmd-logo mmd-col-custom mmd-item-grid\"><div><div class=\"media-grid\"><img decoding=\"async\" src=\"https:\/\/flexitol.ca\/wp-content\/uploads\/2024\/06\/niche-logo.jpg\" alt=\"Niche logo\" width=\"300\" height=\"115\" sizes=\"auto, (max-width: 300px) 100vw, 300px\" loading=\"lazy\"\/><\/div><\/div><\/div>\n\n\n\n<div class=\"wp-block-mmd-logo mmd-col-custom mmd-item-grid\"><div><div class=\"media-grid\"><img decoding=\"async\" src=\"https:\/\/flexitol.ca\/wp-content\/uploads\/2023\/04\/canadian-logo.png\" alt=\"canadian logo\" width=\"300\" height=\"115\" srcset=\"https:\/\/flexitol.ca\/wp-content\/uploads\/2023\/04\/canadian-logo-300x115.png 300w\" sizes=\"auto, (max-width: 300px) 100vw, 300px\" loading=\"lazy\"\/><\/div><\/div><\/div>\n\n\n\n<div class=\"wp-block-mmd-logo mmd-col-custom mmd-item-grid\"><div><div class=\"media-grid\"><img decoding=\"async\" src=\"https:\/\/flexitol.ca\/wp-content\/uploads\/2023\/08\/cafe-mom-png-logo.png\" alt=\"cafe mom png logo\" width=\"225\" height=\"140\" srcset=\"https:\/\/flexitol.ca\/wp-content\/uploads\/2023\/08\/cafe-mom-png-logo-225x115.png 225w\" sizes=\"auto, (max-width: 300px) 100vw, 300px\" loading=\"lazy\"\/><\/div><\/div><\/div>\n<\/div><a class=\"btn-custom btn-grid-block\" target=\"_self\" rel=\"noopener\" href=\"https:\/\/flexitol.ca\/fr\/dans-les-medias\/\"> D\u00e9couvrez-nous dans les m\u00e9dias <\/a><\/div><\/section>\n","protected":false},"excerpt":{"rendered":"<p>Soulagez, apaisez et soignez votre peau gr\u00e2ce \u00e0 nos gammes de soins sp\u00e9cialement formul\u00e9es. Elles sont con\u00e7ues pour r\u00e9pondre \u00e0 un large \u00e9ventail de probl\u00e8mes cutan\u00e9s, de la s\u00e9cheresse \u00e0 la peau sensible.<\/p>\n","protected":false},"featured_media":11301,"template":"","class_list":["post-9988","area","type-area","status-publish","has-post-thumbnail","hentry"],"acf":[],"_links":{"self":[{"href":"https:\/\/flexitol.ca\/fr\/wp-json\/wp\/v2\/area\/9988","targetHints":{"allow":["GET"]}}],"collection":[{"href":"https:\/\/flexitol.ca\/fr\/wp-json\/wp\/v2\/area"}],"about":[{"href":"https:\/\/flexitol.ca\/fr\/wp-json\/wp\/v2\/types\/area"}],"version-history":[{"count":1,"href":"https:\/\/flexitol.ca\/fr\/wp-json\/wp\/v2\/area\/9988\/revisions"}],"predecessor-version":[{"id":11079,"href":"https:\/\/flexitol.ca\/fr\/wp-json\/wp\/v2\/area\/9988\/revisions\/11079"}],"wp:featuredmedia":[{"embeddable":true,"href":"https:\/\/flexitol.ca\/fr\/wp-json\/wp\/v2\/media\/11301"}],"wp:attachment":[{"href":"https:\/\/flexitol.ca\/fr\/wp-json\/wp\/v2\/media?parent=9988"}],"curies":[{"name":"wp","href":"https:\/\/api.w.org\/{rel}","templated":true}]}}