
{"id":9427,"date":"2022-03-23T14:28:38","date_gmt":"2022-03-23T03:28:38","guid":{"rendered":"https:\/\/flexitol.ca\/condition\/levres-gercees\/"},"modified":"2026-04-21T14:31:51","modified_gmt":"2026-04-21T04:31:51","slug":"levres-gercees","status":"publish","type":"condition","link":"https:\/\/flexitol.ca\/fr\/conditions\/levres-gercees\/","title":{"rendered":"L\u00e8vres gerc\u00e9es"},"content":{"rendered":"\n<section class=\"wp-block-mmd-media-content-block content-img-block mmd-block white full-width no-img type-none\"><div class=\"container\"><div class=\"row inner-block\"><div class=\"col-12 contenu col-lg-8\"><h2 class=\"title\"><\/h2><div class=\"description\">Vos l\u00e8vres commencent-elles \u00e0 se fissurer? Ce n&#8217;est pas toujours un signe qu\u2019il fait froid! Les l\u00e8vres s\u00e8ches et gerc\u00e9es peuvent \u00e9galement \u00eatre la cause d&#8217;une ch\u00e9ilite, une affection inflammatoire des l\u00e8vres, qui est parfois un effet secondaire de certains m\u00e9dicaments.<\/div><a class=\"btn-custom left full\" target=\"_self\" rel=\"noopener\" href=\"https:\/\/flexitol.ca\/fr\/conditions\/levres-gercees\/#how-we-can-help\"> Voyez les produits <\/a><\/div><div class=\"col-12 col-lg-4 media\"><\/div><\/div><\/div><\/section>\n\n\n\n<section class=\"wp-block-mmd-card-grid-block icon grid-block mmd-block full-width column-4 card-item-center light-blue show-border\"><div class=\"container\"><h2 class=\"title\">Faits<\/h2><div class=\"description\"><\/div><div class=\"row\">\n<div class=\"wp-block-mmd-card mmd-col-custom mmd-item-grid\"><a href=\"\" target=\"\" rel=\"noopener\"><div class=\"media-grid\"><img decoding=\"async\" src=\"https:\/\/flexitol.ca\/wp-content\/uploads\/2022\/03\/dt-chapped-lip-icon.svg\" alt=\"\" width=\"171\" height=\"155\"\/><\/div><div class=\"content-grid\"><h3 class=\"title-item\">Protection solaire<\/h3><div class=\"desc-item\">Les l\u00e8vres ne contiennent pas de m\u00e9lanine, le pigment qui prot\u00e8ge la peau du soleil. Veillez donc \u00e0 appliquer de la cr\u00e8me solaire sur vos l\u00e8vres \u00e9galement.<\/div><\/div><\/a><\/div>\n\n\n\n<div class=\"wp-block-mmd-card mmd-col-custom mmd-item-grid\"><a href=\"\" target=\"\" rel=\"noopener\"><div class=\"media-grid\"><img decoding=\"async\" src=\"https:\/\/flexitol.ca\/wp-content\/uploads\/2022\/04\/SVG-Conditions-25.svg\" alt=\"\" width=\"171\" height=\"155\"\/><\/div><div class=\"content-grid\"><h3 class=\"title-item\">Essayez d\u2019arr\u00eater de l\u00e9cher vos l\u00e8vres<\/h3><div class=\"desc-item\">Si vous pensez que le fait de vous l\u00e9cher les l\u00e8vres vous aidera \u00e0 les hydrater, d\u00e9trompez-vous : la salive peut en effet entra\u00eener des l\u00e8vres s\u00e8ches et gerc\u00e9es!<\/div><\/div><\/a><\/div>\n\n\n\n<div class=\"wp-block-mmd-card mmd-col-custom mmd-item-grid\"><a href=\"\" target=\"\" rel=\"noopener\"><div class=\"media-grid\"><img decoding=\"async\" src=\"https:\/\/flexitol.ca\/wp-content\/uploads\/2022\/04\/SVG-Conditions-26.svg\" alt=\"\" width=\"171\" height=\"155\"\/><\/div><div class=\"content-grid\"><h3 class=\"title-item\">Restez hydrat\u00e9<\/h3><div class=\"desc-item\">Boire beaucoup d&#8217;eau chaque jour est un moyen facile de garder vos l\u00e8vres hydrat\u00e9es.<\/div><\/div><\/a><\/div>\n\n\n\n<div class=\"wp-block-mmd-card mmd-col-custom mmd-item-grid\"><a href=\"\" target=\"\" rel=\"noopener\"><div class=\"media-grid\"><img decoding=\"async\" src=\"https:\/\/flexitol.ca\/wp-content\/uploads\/2022\/04\/SVG-Conditions-27.svg\" alt=\"\" width=\"171\" height=\"155\"\/><\/div><div class=\"content-grid\"><h3 class=\"title-item\">100 fois<\/h3><div class=\"desc-item\">Fait amusant : la peau des l\u00e8vres est 100 fois plus sensible que celle du bout de vos doigts.<\/div><\/div><\/a><\/div>\n<\/div><\/div><\/section>\n\n\n\n<section class=\"wp-block-mmd-accordion-block accordion-block mmd-block\"><div class=\"row\"><div class=\"col-12 col-lg-4 media\"><img decoding=\"async\" src=\"https:\/\/flexitol.ca\/wp-content\/uploads\/2022\/03\/chapped-lips-condition.jpeg\" alt=\"chapped lips condition\" width=\"450\" height=\"450\" srcset=\"https:\/\/flexitol.ca\/wp-content\/uploads\/2022\/03\/chapped-lips-condition-415x385.jpeg 415w\" sizes=\"auto, (max-width: 415px) 100vw, 415px\" loading=\"lazy\"\/><\/div><div class=\"col-12 col-lg-8\"><h2 class=\"title\"><strong>QFP<\/strong><\/h2><div class=\"description\"><\/div><div class=\"accordion\" id=\"accordionBlock\" itemscope itemtype=\"https:\/\/schema.org\/FAQPage\">\n<div class=\"accordion-item\" itemscope itemprop=\"mainEntity\" itemtype=\"https:\/\/schema.org\/Question\"><h3 class=\"accordion-header\" id=\"heading2a78ea4d-9964-42fa-8c6c-6e5e0a454a03\" itemprop=\"name\"><button class=\"accordion-button collapsed\" type=\"button\" data-bs-toggle=\"collapse\" data-bs-target=\"#collapse2a78ea4d-9964-42fa-8c6c-6e5e0a454a03\" aria-expanded=\"false\" aria-controls=\"#collapse2a78ea4d-9964-42fa-8c6c-6e5e0a454a03\">Quelle est la cause des l\u00e8vres gerc\u00e9es?<\/button><\/h3><div id=\"collapse2a78ea4d-9964-42fa-8c6c-6e5e0a454a03\" class=\"accordion-collapse collapse\" aria-labelledby=\"heading2a78ea4d-9964-42fa-8c6c-6e5e0a454a03\" data-bs-parent=\"#accordionBlock\"><div class=\"accordion-body\" itemscope itemprop=\"acceptedAnswer\" itemtype=\"https:\/\/schema.org\/Answer\"><div class=\"accordion-body-content\" itemprop=\"text\"><div class=\"content\">La cause la plus fr\u00e9quente des l\u00e8vres gerc\u00e9es est la perte d&#8217;hydratation des l\u00e8vres, due \u00e0 la d\u00e9shydratation, \u00e0 une trop grande exposition au vent ou au soleil. Occasionnellement, les l\u00e8vres gerc\u00e9es sont la cause d&#8217;autres affections plus graves des l\u00e8vres ou un effet secondaire de certains m\u00e9dicaments.<\/div><div class=\"content\">\n<p><\/p>\n<\/div><\/div><\/div><\/div><\/div>\n\n\n\n<div class=\"accordion-item\" itemscope itemprop=\"mainEntity\" itemtype=\"https:\/\/schema.org\/Question\"><h3 class=\"accordion-header\" id=\"headinge9a143ba-56af-4900-a690-3cd07137fc9b\" itemprop=\"name\"><button class=\"accordion-button collapsed\" type=\"button\" data-bs-toggle=\"collapse\" data-bs-target=\"#collapsee9a143ba-56af-4900-a690-3cd07137fc9b\" aria-expanded=\"false\" aria-controls=\"#collapsee9a143ba-56af-4900-a690-3cd07137fc9b\">Combien de temps faut-il pour gu\u00e9rir des l\u00e8vres gerc\u00e9es?<\/button><\/h3><div id=\"collapsee9a143ba-56af-4900-a690-3cd07137fc9b\" class=\"accordion-collapse collapse\" aria-labelledby=\"headinge9a143ba-56af-4900-a690-3cd07137fc9b\" data-bs-parent=\"#accordionBlock\"><div class=\"accordion-body\" itemscope itemprop=\"acceptedAnswer\" itemtype=\"https:\/\/schema.org\/Answer\"><div class=\"accordion-body-content\" itemprop=\"text\"><div class=\"content\">Le temps n\u00e9cessaire \u00e0 la gu\u00e9rison des l\u00e8vres gerc\u00e9es d\u00e9pend \u00e0 quel point elles sont s\u00e8ches et gerc\u00e9es. En utilisant les bons produits, notamment le <a href=\"https:\/\/flexitol.ca\/fr\/produit\/baume-a-levres-original\/\" data-type=\"URL\" data-id=\"https:\/\/flexitol.ca\/product\/lip-balm-original\/\">Baume pour les l\u00e8vres de Flexitol<\/a>, le pr\u00e9f\u00e9r\u00e9 des Australiens, aussi souvent que n\u00e9cessaire, vous obtiendrez des r\u00e9sultats visibles en un jour.<\/div><div class=\"content\">\n<p><\/p>\n<\/div><\/div><\/div><\/div><\/div>\n\n\n\n<div class=\"accordion-item\" itemscope itemprop=\"mainEntity\" itemtype=\"https:\/\/schema.org\/Question\"><h3 class=\"accordion-header\" id=\"heading5fe79ca9-a892-40ab-adeb-8abc2a9cb7ca\" itemprop=\"name\"><button class=\"accordion-button collapsed\" type=\"button\" data-bs-toggle=\"collapse\" data-bs-target=\"#collapse5fe79ca9-a892-40ab-adeb-8abc2a9cb7ca\" aria-expanded=\"false\" aria-controls=\"#collapse5fe79ca9-a892-40ab-adeb-8abc2a9cb7ca\">Que dois-je utiliser pour mes l\u00e8vres gerc\u00e9es?<\/button><\/h3><div id=\"collapse5fe79ca9-a892-40ab-adeb-8abc2a9cb7ca\" class=\"accordion-collapse collapse\" aria-labelledby=\"heading5fe79ca9-a892-40ab-adeb-8abc2a9cb7ca\" data-bs-parent=\"#accordionBlock\"><div class=\"accordion-body\" itemscope itemprop=\"acceptedAnswer\" itemtype=\"https:\/\/schema.org\/Answer\"><div class=\"accordion-body-content\" itemprop=\"text\"><div class=\"content\">Pour \u00e9viter ou traiter les l\u00e8vres gerc\u00e9es, il faut boire suffisamment d&#8217;eau, s&#8217;assurer que les l\u00e8vres ne sont pas trop expos\u00e9es au vent ou au soleil sans protection, et veiller \u00e0 ne pas trop se triturer, se l\u00e9cher ou se mordre les l\u00e8vres. Un baume pour les l\u00e8vres recommand\u00e9 par un dermatologue est un autre excellent moyen d&#8217;hydrater les l\u00e8vres gerc\u00e9es.<\/div><div class=\"content\">\n<p><\/p>\n<\/div><\/div><\/div><\/div><\/div>\n\n\n\n<div class=\"accordion-item\" itemscope itemprop=\"mainEntity\" itemtype=\"https:\/\/schema.org\/Question\"><h3 class=\"accordion-header\" id=\"heading3015fb69-6389-408a-94cd-8d67fb3e62cb\" itemprop=\"name\"><button class=\"accordion-button collapsed\" type=\"button\" data-bs-toggle=\"collapse\" data-bs-target=\"#collapse3015fb69-6389-408a-94cd-8d67fb3e62cb\" aria-expanded=\"false\" aria-controls=\"#collapse3015fb69-6389-408a-94cd-8d67fb3e62cb\">Les l\u00e8vres gerc\u00e9es peuvent-elles causer un feu sauvage?<\/button><\/h3><div id=\"collapse3015fb69-6389-408a-94cd-8d67fb3e62cb\" class=\"accordion-collapse collapse\" aria-labelledby=\"heading3015fb69-6389-408a-94cd-8d67fb3e62cb\" data-bs-parent=\"#accordionBlock\"><div class=\"accordion-body\" itemscope itemprop=\"acceptedAnswer\" itemtype=\"https:\/\/schema.org\/Answer\"><div class=\"accordion-body-content\" itemprop=\"text\"><div class=\"content\">La r\u00e9ponse courte est malheureusement oui. Puisqu\u2019avoir les l\u00e8vres gerc\u00e9es est particuli\u00e8rement fr\u00e9quent en hiver, lorsqu&#8217;elles sont expos\u00e9es \u00e0 l&#8217;air sec et \u00e0 des temp\u00e9ratures plus froides, et que votre syst\u00e8me immunitaire est g\u00e9n\u00e9ralement un peu plus faible que d&#8217;habitude, les l\u00e8vres gerc\u00e9es peuvent vous rendre plus vuln\u00e9rable aux feux sauvages et aux boursouflures.<\/div><div class=\"content\">\n<p><\/p>\n<\/div><\/div><\/div><\/div><\/div>\n\n\n\n<div class=\"accordion-item\" itemscope itemprop=\"mainEntity\" itemtype=\"https:\/\/schema.org\/Question\"><h3 class=\"accordion-header\" id=\"headingae47c03a-b3a3-44a6-8b2b-0550f95f24f7\" itemprop=\"name\"><button class=\"accordion-button collapsed\" type=\"button\" data-bs-toggle=\"collapse\" data-bs-target=\"#collapseae47c03a-b3a3-44a6-8b2b-0550f95f24f7\" aria-expanded=\"false\" aria-controls=\"#collapseae47c03a-b3a3-44a6-8b2b-0550f95f24f7\">Pourquoi ai-je les l\u00e8vres gerc\u00e9es lorsque je suis malade?<\/button><\/h3><div id=\"collapseae47c03a-b3a3-44a6-8b2b-0550f95f24f7\" class=\"accordion-collapse collapse\" aria-labelledby=\"headingae47c03a-b3a3-44a6-8b2b-0550f95f24f7\" data-bs-parent=\"#accordionBlock\"><div class=\"accordion-body\" itemscope itemprop=\"acceptedAnswer\" itemtype=\"https:\/\/schema.org\/Answer\"><div class=\"accordion-body-content\" itemprop=\"text\"><div class=\"content\">Lorsque vous \u00eates malade, vous remarquez probablement que vous ne buvez pas autant de liquide que d&#8217;habitude, et que votre peau et votre corps sont donc plus d\u00e9shydrat\u00e9s. C&#8217;est surtout vrai si vous avez des sympt\u00f4mes de rhume comme un nez qui coule ou une congestion, ce qui vous oblige \u00e0 respirer par la bouche, cr\u00e9ant ainsi les conditions parfaites pour des l\u00e8vres gerc\u00e9es.<\/div><div class=\"content\">\n<p><\/p>\n<\/div><\/div><\/div><\/div><\/div>\n\n\n\n<div class=\"accordion-item\" itemscope itemprop=\"mainEntity\" itemtype=\"https:\/\/schema.org\/Question\"><h3 class=\"accordion-header\" id=\"heading6de7625c-028b-429c-9ff0-8116b2e01039\" itemprop=\"name\"><button class=\"accordion-button collapsed\" type=\"button\" data-bs-toggle=\"collapse\" data-bs-target=\"#collapse6de7625c-028b-429c-9ff0-8116b2e01039\" aria-expanded=\"false\" aria-controls=\"#collapse6de7625c-028b-429c-9ff0-8116b2e01039\">Pourquoi ai-je les l\u00e8vres gerc\u00e9es pendant l\u2019hiver?<\/button><\/h3><div id=\"collapse6de7625c-028b-429c-9ff0-8116b2e01039\" class=\"accordion-collapse collapse\" aria-labelledby=\"heading6de7625c-028b-429c-9ff0-8116b2e01039\" data-bs-parent=\"#accordionBlock\"><div class=\"accordion-body\" itemscope itemprop=\"acceptedAnswer\" itemtype=\"https:\/\/schema.org\/Answer\"><div class=\"accordion-body-content\" itemprop=\"text\"><div class=\"content\">La temp\u00e9rature en hiver favorise les ger\u00e7ures sur les l\u00e8vres parce que le temps est plus froid, plus sec et qu&#8217;il y a souvent un vent glacial \u00e0 l&#8217;ext\u00e9rieur. Ce vent, combin\u00e9 \u00e0 l&#8217;air sec et chaud de l&#8217;int\u00e9rieur, peut provoquer des l\u00e8vres s\u00e8ches et gerc\u00e9es.<\/div><div class=\"content\">\n<p><\/p>\n<\/div><\/div><\/div><\/div><\/div>\n<\/div><\/div><\/div><\/section>\n\n\n\n<div class=\"query-block grid-block mmd-block full-width column-4 light-blue\"><div class=\"container\"><h2 class=\"title\">Articles sur les l\u00e8vres gerc\u00e9es<\/h2><\/div><div class=\"container page-filter\"><div class=\"facetwp-template-query d-flex flex-wrap\"><div class=\"post-item post-item-article post-item-search mmd-col-custom mmd-item-grid\">\n  <article role=\"article\" aria-labelledby=\"post-title-11140\" class=\"fwpl-result\">\n    <div class=\"fwpl-row\">\n      <div class=\"fwpl-col\">\n        <div class=\"dt-card-item\">\n          <div class=\"dt-card-item-info\">\n            <div class=\"fwpl-item post-date\">04\/01\/2026<\/div>\n            <div class=\"fwpl-item post-title\">\n              <a href=\"https:\/\/flexitol.ca\/fr\/article\/les-8-principaux-faits-amusants-sur-le-soin-des-levres\/\">Les 8 principaux faits amusants sur le soin des l\u00e8vres<\/a>\n            <\/div>\n                          <div class=\"fwpl-item post-excerpt\">\n                Une bonne compr\u00e9hension du soin des l\u00e8vres peut contribuer \u00e0 pr\u00e9server des l\u00e8vres douces et lisses. Les soins des l\u00e8vres sont essentiels dans les programmes de soins de la peau et de beaut\u00e9. Vous pouvez associer la science \u00e0 vos habitudes quotidiennes pour pr\u00e9server la douceur de vos l\u00e8vres face \u00e0 tous les facteurs environnementaux. &#8230;              <\/div>\n                        <div class=\"fwpl-item\">\n              <a href=\"https:\/\/flexitol.ca\/fr\/article\/les-8-principaux-faits-amusants-sur-le-soin-des-levres\/\" class=\"btn-read-more\">Lire davantage<span class=\"screen-reader-text\">Les 8 principaux faits amusants sur le soin des l\u00e8vres<\/span><\/a>\n            <\/div>\n          <\/div>\n                      <div class=\"fwpl-item post-image\">\n              <a href=\"https:\/\/flexitol.ca\/fr\/article\/les-8-principaux-faits-amusants-sur-le-soin-des-levres\/\">\n                <img decoding=\"async\" width=\"938\" height=\"445\" src=\"https:\/\/flexitol.ca\/wp-content\/uploads\/2024\/07\/top-fun-facts-on-lip-care-best-lip-balm-flexitol.webp\" class=\"attachment-card-featured size-card-featured wp-post-image\" alt=\"Top fun facts on lip care - best lip balm from Flexitol\" srcset=\"https:\/\/flexitol.ca\/wp-content\/uploads\/2024\/07\/top-fun-facts-on-lip-care-best-lip-balm-flexitol.webp 938w, https:\/\/flexitol.ca\/wp-content\/uploads\/2024\/07\/top-fun-facts-on-lip-care-best-lip-balm-flexitol-300x142.webp 300w, https:\/\/flexitol.ca\/wp-content\/uploads\/2024\/07\/top-fun-facts-on-lip-care-best-lip-balm-flexitol-768x364.webp 768w, https:\/\/flexitol.ca\/wp-content\/uploads\/2024\/07\/top-fun-facts-on-lip-care-best-lip-balm-flexitol-800x380.webp 800w, https:\/\/flexitol.ca\/wp-content\/uploads\/2024\/07\/top-fun-facts-on-lip-care-best-lip-balm-flexitol-635x301.webp 635w, https:\/\/flexitol.ca\/wp-content\/uploads\/2024\/07\/top-fun-facts-on-lip-care-best-lip-balm-flexitol-592x281.webp 592w, https:\/\/flexitol.ca\/wp-content\/uploads\/2024\/07\/top-fun-facts-on-lip-care-best-lip-balm-flexitol-303x144.webp 303w\" sizes=\"(max-width: 938px) 100vw, 938px\" \/>              <\/a>\n            <\/div>\n                  <\/div>\n      <\/div>\n    <\/div>\n  <\/article>\n<\/div><div class=\"post-item post-item-article post-item-search mmd-col-custom mmd-item-grid\">\n  <article role=\"article\" aria-labelledby=\"post-title-12940\" class=\"fwpl-result\">\n    <div class=\"fwpl-row\">\n      <div class=\"fwpl-col\">\n        <div class=\"dt-card-item\">\n          <div class=\"dt-card-item-info\">\n            <div class=\"fwpl-item post-date\">12\/31\/2025<\/div>\n            <div class=\"fwpl-item post-title\">\n              <a href=\"https:\/\/flexitol.ca\/fr\/article\/baume-a-levres-a-luree\/\">Un baume pour les l\u00e8vres \u00e0 l&#8217;ur\u00e9e : la solution ultime pour les l\u00e8vres s\u00e8ches et gerc\u00e9es<\/a>\n            <\/div>\n                          <div class=\"fwpl-item post-excerpt\">\n                Les points \u00e0 retenir L&#8217;ur\u00e9e est un ingr\u00e9dient naturel r\u00e9volutionnaire qui hydrate en profondeur et exfolie en douceur, ce qui le rend id\u00e9al pour hydrater les l\u00e8vres. Le Baume pour les l\u00e8vres de Flexitol est le premier et le seul baume pour les l\u00e8vres prouv\u00e9 en clinique contenant 2,5 % d&#8217;ur\u00e9e, sp\u00e9cialement con\u00e7u pour les &#8230;              <\/div>\n                        <div class=\"fwpl-item\">\n              <a href=\"https:\/\/flexitol.ca\/fr\/article\/baume-a-levres-a-luree\/\" class=\"btn-read-more\">Lire davantage<span class=\"screen-reader-text\">Un baume pour les l\u00e8vres \u00e0 l&#8217;ur\u00e9e : la solution ultime pour les l\u00e8vres s\u00e8ches et gerc\u00e9es<\/span><\/a>\n            <\/div>\n          <\/div>\n                      <div class=\"fwpl-item post-image\">\n              <a href=\"https:\/\/flexitol.ca\/fr\/article\/baume-a-levres-a-luree\/\">\n                <img decoding=\"async\" width=\"731\" height=\"445\" src=\"https:\/\/flexitol.ca\/wp-content\/uploads\/2023\/11\/fl-lip-balm-winner-fl-can-banner-image-1-800x487.jpg\" class=\"attachment-card-featured size-card-featured wp-post-image\" alt=\"\" \/>              <\/a>\n            <\/div>\n                  <\/div>\n      <\/div>\n    <\/div>\n  <\/article>\n<\/div><div class=\"post-item post-item-article post-item-search mmd-col-custom mmd-item-grid\">\n  <article role=\"article\" aria-labelledby=\"post-title-12155\" class=\"fwpl-result\">\n    <div class=\"fwpl-row\">\n      <div class=\"fwpl-col\">\n        <div class=\"dt-card-item\">\n          <div class=\"dt-card-item-info\">\n            <div class=\"fwpl-item post-date\">01\/24\/2025<\/div>\n            <div class=\"fwpl-item post-title\">\n              <a href=\"https:\/\/flexitol.ca\/fr\/article\/luree-ou-les-acides-dans-les-soins-cutanes-quelle-est-la-difference\/\">L\u2019ur\u00e9e ou les \u00ab acides \u00bb dans les soins cutan\u00e9s\u00a0: Quelle est la diff\u00e9rence?<\/a>\n            <\/div>\n                          <div class=\"fwpl-item post-excerpt\">\n                Consultez la liste des ingr\u00e9dients de la plupart des produits de soins de la peau et vous pouvez constater que deux ingr\u00e9dients reviennent sans cesse. L&#8217;ur\u00e9e et une forme d&#8217;acide. Compte tenu des pr\u00e9occupations li\u00e9es aux produits chimiques, l&#8217;ajout de l&#8217;un ou l&#8217;autre de ces ingr\u00e9dients \u00e0 votre peau peut sembler quelque peu intimidant. Cependant, &#8230;              <\/div>\n                        <div class=\"fwpl-item\">\n              <a href=\"https:\/\/flexitol.ca\/fr\/article\/luree-ou-les-acides-dans-les-soins-cutanes-quelle-est-la-difference\/\" class=\"btn-read-more\">Lire davantage<span class=\"screen-reader-text\">L\u2019ur\u00e9e ou les \u00ab acides \u00bb dans les soins cutan\u00e9s\u00a0: Quelle est la diff\u00e9rence?<\/span><\/a>\n            <\/div>\n          <\/div>\n                      <div class=\"fwpl-item post-image\">\n              <a href=\"https:\/\/flexitol.ca\/fr\/article\/luree-ou-les-acides-dans-les-soins-cutanes-quelle-est-la-difference\/\">\n                <img decoding=\"async\" width=\"938\" height=\"445\" src=\"https:\/\/flexitol.ca\/wp-content\/uploads\/2025\/01\/urea-vs.-the-acids-in-skincare-whats-the-difference.jpg\" class=\"attachment-card-featured size-card-featured wp-post-image\" alt=\"Young smiling woman applying a skin care product on her face\" srcset=\"https:\/\/flexitol.ca\/wp-content\/uploads\/2025\/01\/urea-vs.-the-acids-in-skincare-whats-the-difference.jpg 938w, https:\/\/flexitol.ca\/wp-content\/uploads\/2025\/01\/urea-vs.-the-acids-in-skincare-whats-the-difference-300x142.jpg 300w, https:\/\/flexitol.ca\/wp-content\/uploads\/2025\/01\/urea-vs.-the-acids-in-skincare-whats-the-difference-768x364.jpg 768w, https:\/\/flexitol.ca\/wp-content\/uploads\/2025\/01\/urea-vs.-the-acids-in-skincare-whats-the-difference-800x380.jpg 800w, https:\/\/flexitol.ca\/wp-content\/uploads\/2025\/01\/urea-vs.-the-acids-in-skincare-whats-the-difference-635x301.jpg 635w, https:\/\/flexitol.ca\/wp-content\/uploads\/2025\/01\/urea-vs.-the-acids-in-skincare-whats-the-difference-592x281.jpg 592w, https:\/\/flexitol.ca\/wp-content\/uploads\/2025\/01\/urea-vs.-the-acids-in-skincare-whats-the-difference-303x144.jpg 303w\" sizes=\"(max-width: 938px) 100vw, 938px\" \/>              <\/a>\n            <\/div>\n                  <\/div>\n      <\/div>\n    <\/div>\n  <\/article>\n<\/div><div class=\"post-item post-item-article post-item-search mmd-col-custom mmd-item-grid\">\n  <article role=\"article\" aria-labelledby=\"post-title-11004\" class=\"fwpl-result\">\n    <div class=\"fwpl-row\">\n      <div class=\"fwpl-col\">\n        <div class=\"dt-card-item\">\n          <div class=\"dt-card-item-info\">\n            <div class=\"fwpl-item post-date\">07\/24\/2024<\/div>\n            <div class=\"fwpl-item post-title\">\n              <a href=\"https:\/\/flexitol.ca\/fr\/article\/le-baume-pour-les-levres-de-flexitol-plusieurs-fois-prime\/\">Le Baume pour les l\u00e8vres de Flexitol, plusieurs fois prim\u00e9<\/a>\n            <\/div>\n                          <div class=\"fwpl-item post-excerpt\">\n                Lorsqu&#8217;il s&#8217;agit de soins pour les l\u00e8vres, trouver un produit qui non seulement les hydrate, mais leur apporte aussi des bienfaits durables est une qu\u00eate que beaucoup entreprennent. Flexitol a relev\u00e9 ce d\u00e9fi et a \u00e9t\u00e9 r\u00e9compens\u00e9 \u00e0 plusieurs reprises pour son baume pour les l\u00e8vres exceptionnel. Cet article explique pourquoi le Baume pour les &#8230;              <\/div>\n                        <div class=\"fwpl-item\">\n              <a href=\"https:\/\/flexitol.ca\/fr\/article\/le-baume-pour-les-levres-de-flexitol-plusieurs-fois-prime\/\" class=\"btn-read-more\">Lire davantage<span class=\"screen-reader-text\">Le Baume pour les l\u00e8vres de Flexitol, plusieurs fois prim\u00e9<\/span><\/a>\n            <\/div>\n          <\/div>\n                      <div class=\"fwpl-item post-image\">\n              <a href=\"https:\/\/flexitol.ca\/fr\/article\/le-baume-pour-les-levres-de-flexitol-plusieurs-fois-prime\/\">\n                <img decoding=\"async\" width=\"938\" height=\"445\" src=\"https:\/\/flexitol.ca\/wp-content\/uploads\/2024\/07\/multi-award-winning-best-lip-balm-nourishing-your-lips-flexitol.webp\" class=\"attachment-card-featured size-card-featured wp-post-image\" alt=\"French - A person making a heart shape with her fingers in front of a smiling mouth - multi award winning best lip balm nourishing your lips flexitol\" srcset=\"https:\/\/flexitol.ca\/wp-content\/uploads\/2024\/07\/multi-award-winning-best-lip-balm-nourishing-your-lips-flexitol.webp 938w, https:\/\/flexitol.ca\/wp-content\/uploads\/2024\/07\/multi-award-winning-best-lip-balm-nourishing-your-lips-flexitol-300x142.webp 300w, https:\/\/flexitol.ca\/wp-content\/uploads\/2024\/07\/multi-award-winning-best-lip-balm-nourishing-your-lips-flexitol-768x364.webp 768w, https:\/\/flexitol.ca\/wp-content\/uploads\/2024\/07\/multi-award-winning-best-lip-balm-nourishing-your-lips-flexitol-800x380.webp 800w, https:\/\/flexitol.ca\/wp-content\/uploads\/2024\/07\/multi-award-winning-best-lip-balm-nourishing-your-lips-flexitol-635x301.webp 635w, https:\/\/flexitol.ca\/wp-content\/uploads\/2024\/07\/multi-award-winning-best-lip-balm-nourishing-your-lips-flexitol-592x281.webp 592w, https:\/\/flexitol.ca\/wp-content\/uploads\/2024\/07\/multi-award-winning-best-lip-balm-nourishing-your-lips-flexitol-303x144.webp 303w\" sizes=\"(max-width: 938px) 100vw, 938px\" \/>              <\/a>\n            <\/div>\n                  <\/div>\n      <\/div>\n    <\/div>\n  <\/article>\n<\/div><\/div><div class=\"query-block__button\"><a class=\"btn-custom\" target=\"_self\" rel=\"noopener\" href=\"https:\/\/flexitol.ca\/fr\/centre-de-connaissances\/\"> Voir plus d\u2019articles <\/a><\/div><\/div><\/div>\n\n\n\n<span id=\"how-we-can-help\"><\/span>\n\n\n<section class='discover-block mmd-block'>\n    <h2 class='title'>D\u00e9couvrez comment nous pouvons vous aider<\/h2>\n    <div class='description'>Les personnes atteintes de cette maladie ont trouv\u00e9 ces produits utiles.<\/div>\n    <div class='hero-product'><div class='mmd-col-custom mmd-item-grid'>\n              <div class='media-grid'>\n                  <a href='https:\/\/flexitol.ca\/fr\/produit\/baume-a-levres-original\/' aria-label='View more about Baume pour les l\u00e8vres \u2013 original'>\n                    <img decoding=\"async\" width=\"526\" height=\"471\" src=\"https:\/\/flexitol.ca\/wp-content\/uploads\/2022\/01\/can_lip-balm-original-packshots_web2-1-526x471.png\" class=\"attachment-product_image size-product_image\" alt=\"Flexitol ip balm original\" srcset=\"https:\/\/flexitol.ca\/wp-content\/uploads\/2022\/01\/can_lip-balm-original-packshots_web2-1-526x471.png 526w, https:\/\/flexitol.ca\/wp-content\/uploads\/2022\/01\/can_lip-balm-original-packshots_web2-1-312x279.png 312w\" sizes=\"(max-width: 526px) 100vw, 526px\" \/>\n                    \n                  <\/a>\n                  \n              <\/div>\n              <div class='content-grid'>\n                  <a href='https:\/\/flexitol.ca\/fr\/produit\/baume-a-levres-original\/'><h3 class='title-item'>Baume pour les l\u00e8vres \u2013 original<\/h3><\/a>\n                  \n                  <div class='mmd-rating'><div class=\"stars-number\"><div class=\"stars\" role=\"img\" style=\"--rating: 4.5\" aria-label=\"Rating of this product is 4.5 out of 5.\"><\/div><span class=\"numbers\">1532  <span class=\"numbers-reviews\"> avis<\/span><\/span> <\/div><\/div>\n                  <div class='description'><p>Baume pour les l\u00e8vres de Flexitol\u2122 est le premier et le seul baume pour les l\u00e8vres prouv\u00e9 en clinique offrant des r\u00e9sultats visibles en un jour. Il hydrate, apporte confort et soulagement aux l\u00e8vres s\u00e9v\u00e8rement s\u00e8ches et gerc\u00e9es.<\/p>\n<\/div>\n                  <div class='mmd-block'>\n                    <a class='btn-custom ' href='https:\/\/flexitol.ca\/fr\/produit\/baume-a-levres-original\/'>Voir le produit<\/a>\n                  <\/div>\n              <\/div>\n          <\/div><div class='mmd-col-custom mmd-item-grid'>\n              <div class='media-grid'>\n                  <a href='https:\/\/flexitol.ca\/fr\/produit\/baie-de-baume-a-levres\/' aria-label='View more about Baume pour les l\u00e8vres \u00e0 saveur de baies'>\n                    <img decoding=\"async\" width=\"460\" height=\"430\" src=\"https:\/\/flexitol.ca\/wp-content\/uploads\/2022\/01\/fl_can_lip-balm-berry_web_800x748_2_0.png\" class=\"attachment-product_image size-product_image\" alt=\"\" srcset=\"https:\/\/flexitol.ca\/wp-content\/uploads\/2022\/01\/fl_can_lip-balm-berry_web_800x748_2_0.png 460w, https:\/\/flexitol.ca\/wp-content\/uploads\/2022\/01\/fl_can_lip-balm-berry_web_800x748_2_0-300x280.png 300w, https:\/\/flexitol.ca\/wp-content\/uploads\/2022\/01\/fl_can_lip-balm-berry_web_800x748_2_0-81x76.png 81w\" sizes=\"(max-width: 460px) 100vw, 460px\" \/>\n                    \n                  <\/a>\n                  \n              <\/div>\n              <div class='content-grid'>\n                  <a href='https:\/\/flexitol.ca\/fr\/produit\/baie-de-baume-a-levres\/'><h3 class='title-item'>Baume pour les l\u00e8vres \u00e0 saveur de baies<\/h3><\/a>\n                  \n                  <div class='mmd-rating'><div class=\"stars-number\"><div class=\"stars\" role=\"img\" style=\"--rating: 4.5\" aria-label=\"Rating of this product is 4.5 out of 5.\"><\/div><span class=\"numbers\">1532  <span class=\"numbers-reviews\"> avis<\/span><\/span> <\/div><\/div>\n                  <div class='description'><p><span style=\"font-weight: 400;\">Le Baume pour les l\u00e8vres \u00e0 saveur de baies de Flexitol est une formule concentr\u00e9e sp\u00e9cialement con\u00e7ue pour hydrater et adoucir les l\u00e8vres s\u00e9v\u00e8rement dess\u00e9ch\u00e9es.<\/span><\/p>\n<ul>\n<li><span style=\"font-weight: 400;\">Ultra hydratant<\/span><\/li>\n<li><span style=\"font-weight: 400;\">R\u00e9sultats visibles en 1 jour<\/span><\/li>\n<li><span style=\"font-weight: 400;\">Att\u00e9nue l&#8217;inconfort d\u00fb \u00e0 la s\u00e9cheresse<\/span><\/li>\n<\/ul>\n<\/div>\n                  <div class='mmd-block'>\n                    <a class='btn-custom ' href='https:\/\/flexitol.ca\/fr\/produit\/baie-de-baume-a-levres\/'>Voir le produit<\/a>\n                  <\/div>\n              <\/div>\n          <\/div><div class='mmd-col-custom mmd-item-grid'>\n              <div class='media-grid'>\n                  <a href='https:\/\/flexitol.ca\/fr\/produit\/baume-pour-les-levres-a-saveur-de-menthe\/' aria-label='View more about Baume pour les l\u00e8vres \u00e0 saveur de menthe'>\n                    <img decoding=\"async\" width=\"460\" height=\"430\" src=\"https:\/\/flexitol.ca\/wp-content\/uploads\/2022\/01\/fl_can_lip-balm-mint_web_800x748_2.png\" class=\"attachment-product_image size-product_image\" alt=\"\" srcset=\"https:\/\/flexitol.ca\/wp-content\/uploads\/2022\/01\/fl_can_lip-balm-mint_web_800x748_2.png 460w, https:\/\/flexitol.ca\/wp-content\/uploads\/2022\/01\/fl_can_lip-balm-mint_web_800x748_2-300x280.png 300w, https:\/\/flexitol.ca\/wp-content\/uploads\/2022\/01\/fl_can_lip-balm-mint_web_800x748_2-81x76.png 81w\" sizes=\"(max-width: 460px) 100vw, 460px\" \/>\n                    \n                  <\/a>\n                  \n              <\/div>\n              <div class='content-grid'>\n                  <a href='https:\/\/flexitol.ca\/fr\/produit\/baume-pour-les-levres-a-saveur-de-menthe\/'><h3 class='title-item'>Baume pour les l\u00e8vres \u00e0 saveur de menthe<\/h3><\/a>\n                  \n                  <div class='mmd-rating'><div class=\"stars-number\"><div class=\"stars\" role=\"img\" style=\"--rating: 4.5\" aria-label=\"Rating of this product is 4.5 out of 5.\"><\/div><span class=\"numbers\">1532  <span class=\"numbers-reviews\"> avis<\/span><\/span> <\/div><\/div>\n                  <div class='description'><p>Le Baume pour les l\u00e8vres \u00e0 saveur de menthe de Flexitol est une formule concentr\u00e9e sp\u00e9cialement con\u00e7ue pour hydrater et adoucir les l\u00e8vres tr\u00e8s s\u00e8ches.<\/p>\n<ul>\n<li>Ultra hydratant<\/li>\n<li>R\u00e9sultats visibles en 1 jour<\/li>\n<li>Att\u00e9nue l&#8217;inconfort d\u00fb \u00e0 la s\u00e9cheresse<\/li>\n<\/ul>\n<\/div>\n                  <div class='mmd-block'>\n                    <a class='btn-custom ' href='https:\/\/flexitol.ca\/fr\/produit\/baume-pour-les-levres-a-saveur-de-menthe\/'>Voir le produit<\/a>\n                  <\/div>\n              <\/div>\n          <\/div><\/div> \n    <div class='complementary-product'>\n        <div class='sub-title'>Produits compl\u00e9mentaires<\/div>\n        <div class='sub-content'><\/div>\n        <div class='row count-2 complementary-product-slider'><div class='mmd-col-custom mmd-item-grid'>\n                <div class='media-grid'>\n                     <a href='https:\/\/flexitol.ca\/fr\/produit\/nettoyant-pour-la-peau-sensible\/' aria-label='View more about Nettoyant pour la peau sensible'>\n                      <img decoding=\"async\" width=\"526\" height=\"471\" src=\"https:\/\/flexitol.ca\/wp-content\/uploads\/2022\/01\/fl_can_ssw_web_800x748_3-526x471.png\" class=\"attachment-product_image size-product_image\" alt=\"\" srcset=\"https:\/\/flexitol.ca\/wp-content\/uploads\/2022\/01\/fl_can_ssw_web_800x748_3-526x471.png 526w, https:\/\/flexitol.ca\/wp-content\/uploads\/2022\/01\/fl_can_ssw_web_800x748_3-312x279.png 312w\" sizes=\"(max-width: 526px) 100vw, 526px\" \/>\n                      \n                     <\/a>\n                     \n                <\/div>\n                <div class='content-grid'>\n                  <div class='mmd-block mmd-block--action'>\n                    <a class='btn-custom btn-full-width' href='https:\/\/flexitol.ca\/fr\/produit\/nettoyant-pour-la-peau-sensible\/'>Voir le produit<\/a>\n                  <\/div>\n                  <a href='https:\/\/flexitol.ca\/fr\/produit\/nettoyant-pour-la-peau-sensible\/'><h3 class='title-item'>Nettoyant pour la peau sensible<\/h3><\/a>\n                  \n                  <div class='mmd-rating'><div class=\"stars-number\"><div class=\"stars\" role=\"img\" style=\"--rating: 4.4\" aria-label=\"Rating of this product is 4.4 out of 5.\"><\/div><span class=\"numbers\">80  <span class=\"numbers-reviews\"> avis<\/span><\/span> <\/div><\/div>\n                <\/div>\n            <\/div><div class='mmd-col-custom mmd-item-grid'>\n                <div class='media-grid'>\n                     <a href='https:\/\/flexitol.ca\/fr\/produit\/lotion-pour-la-peau-sensible\/' aria-label='View more about Lotion pour la peau sensible'>\n                      <img decoding=\"async\" width=\"526\" height=\"471\" src=\"https:\/\/flexitol.ca\/wp-content\/uploads\/2022\/01\/fl_can_ssl_web_800x748_3-526x471.png\" class=\"attachment-product_image size-product_image\" alt=\"\" srcset=\"https:\/\/flexitol.ca\/wp-content\/uploads\/2022\/01\/fl_can_ssl_web_800x748_3-526x471.png 526w, https:\/\/flexitol.ca\/wp-content\/uploads\/2022\/01\/fl_can_ssl_web_800x748_3-312x279.png 312w\" sizes=\"(max-width: 526px) 100vw, 526px\" \/>\n                      \n                     <\/a>\n                     \n                <\/div>\n                <div class='content-grid'>\n                  <div class='mmd-block mmd-block--action'>\n                    <a class='btn-custom btn-full-width' href='https:\/\/flexitol.ca\/fr\/produit\/lotion-pour-la-peau-sensible\/'>Voir le produit<\/a>\n                  <\/div>\n                  <a href='https:\/\/flexitol.ca\/fr\/produit\/lotion-pour-la-peau-sensible\/'><h3 class='title-item'>Lotion pour la peau sensible<\/h3><\/a>\n                  \n                  <div class='mmd-rating'><div class=\"stars-number\"><div class=\"stars\" role=\"img\" style=\"--rating: 4.4\" aria-label=\"Rating of this product is 4.4 out of 5.\"><\/div><span class=\"numbers\">83  <span class=\"numbers-reviews\"> avis<\/span><\/span> <\/div><\/div>\n                <\/div>\n            <\/div><\/div>\n    <\/div>\n  <\/section>\n\n\n<span id=\"want-to-know-more\"><\/span>\n\n\n\n<section class=\"wp-block-mmd-our-review-block our-reviews-block light-green full-width light-blue\"><div class=\"container\"><div class=\"inner-block inner-block-review\"><div class=\"row\"><div class=\"col-md-3\"><div class=\"our-review-infor\"><h2 class=\"title\">Nos avis<\/h2><a class=\"media pe-2\" href=\"https:\/\/www.amazon.ca\/stores\/page\/F7503DAC-1114-48CB-A748-BBF55FFFCBD5\" target=\"_blank\" rel=\"noopener\"><img decoding=\"async\" src=\"https:\/\/flexitol.ca\/wp-content\/uploads\/2023\/04\/amazon_ca.png\" alt=\"amazon ca\" width=\"200\" height=\"120\" loading=\"lazy\"\/><\/a><\/div><\/div><div class=\"col-md-9\"><div id=\"our-review-slider\" class=\"our-review-slider\">\n\n<div class=\"wp-block-column our-review-item is-layout-flow wp-block-column-is-layout-flow\">\n<p style=\"font-size:16px\">Une seule application sur mes l\u00e8vres fendill\u00e9es, s\u00e8ches et gerc\u00e9es qui me d\u00e9mangent. <br>Enfin un Baume pour les l\u00e8vres de Flexitol. Le r\u00e9sultat est parfait.<\/p>\n\n\n\n<h2 class=\"wp-block-heading our-review-title\">Manon, Qu\u00e9bec<\/h2>\n<\/div>\n\n\n\n\n\n<div class=\"wp-block-column our-review-item is-layout-flow wp-block-column-is-layout-flow\">\n<p><\/p>\n\n\n\n<p style=\"font-size:16px\">Ce produit a chang\u00e9 la donne! <br>Je l&#8217;utilise plusieurs fois par jour et j&#8217;en ai un tube dans toute la maison, dans mon sac \u00e0 main, dans ma voiture. <br>J&#8217;en ai parl\u00e9 \u00e0 mon m\u00e9decin, pour qu&#8217;il puisse le recommander \u00e0 ses patients dont les l\u00e8vres sont tr\u00e8s gerc\u00e9es.<\/p>\n\n\n\n<h2 class=\"wp-block-heading our-review-title\">Karen Mercer, Texas<\/h2>\n<\/div>\n\n\n\n\n\n<div class=\"wp-block-column our-review-item is-layout-flow wp-block-column-is-layout-flow\">\n<p style=\"font-size:16px\">Je ne saurais trop exprimer \u00e0 quel point ce Baume pour les l\u00e8vres a litt\u00e9ralement chang\u00e9 ma vie. <br>Je suis sous Accutane et je ne pouvais pas sourire, rire, manger un sandwich ou m\u00eame ouvrir la bouche jusqu&#8217;\u00e0 ce que je trouve ce produit. Honn\u00eatement, c&#8217;est comme si mes l\u00e8vres \u00e9taient redevenues normales et endurer ces 4 prochains mois sera un jeu d&#8217;enfant gr\u00e2ce \u00e0 CE BAUME POUR LES L\u00c8VRES.<\/p>\n\n\n\n<h2 class=\"wp-block-heading our-review-title\">Ashlyn, Louisiane<\/h2>\n<\/div>\n\n\n\n\n\n<div class=\"wp-block-column our-review-item is-layout-flow wp-block-column-is-layout-flow\">\n<p style=\"font-size:16px\">Je souffrais d&#8217;un gonflement des paupi\u00e8res et de d\u00e9mangeaisons. <br>J&#8217;ai rep\u00e9r\u00e9 cette cr\u00e8me dans un pr\u00e9sentoir Flexitol chez London Drugs et j&#8217;ai d\u00e9cid\u00e9 de l&#8217;essayer. <br>Un peu moins de deux semaines plus tard, mes paupi\u00e8res n&#8217;\u00e9taient plus gonfl\u00e9es et ma peau s\u00e8che a presque disparu.<\/p>\n\n\n\n<h2 class=\"wp-block-heading our-review-title\">Naomi Williams, Alberta<\/h2>\n<\/div>\n\n<\/div><\/div><\/div><\/div><\/div><\/section>\n\n\n\n<style>\n  @media (min-width: 992px) {\n    .facet-search .collapse {\n      display: block;\n    }\n  }\n<\/style>\n<div class='mmd-block'>\n<h2 class='title'>Naviguez parmi nos produits<\/h2>\n<div class='description small'><\/div>\n<\/div>\n<div class='the-facet page-filter page-filter--knowledge-base-revamp' id='mmd-page-filter'>\n  <div class='row facet-row-container'>\n    <div class='col-lg-4 col-xl-3 sticky-col custom-filter-by-mb'>\n      <div class='facet-search filter-search content-sidebar'>\n        <h3 class='filter-title-top d-none d-lg-block'>Filtrer selon<\/h3>\n        <h3 class='d-block d-lg-none general-search general-button'>\n          <button type='button' data-bs-toggle='collapse' aria-expanded='false' aria-controls='general-search' data-bs-target='#general-search' class='button-toggle'>\n            Filtrer selon\n            <img style='display: none;' src='https:\/\/flexitol.ca\/wp-content\/themes\/marameodesign\/images\/plus.png' alt='Plus icon' class='filter-icon fa-plus' aria-hidden='true'>\n            <img style='display: none;' src='https:\/\/flexitol.ca\/wp-content\/themes\/marameodesign\/images\/minus.png' alt='Minus icon' class='filter-icon fa-minus' aria-hidden='true'>\n          <\/button>\n        <\/h3>\n\n        <div class='collapse' id='general-search'>   \n          \n          <div class=\"facetwp-facet facetwp-facet-keyword facetwp-type-search\" data-name=\"keyword\" data-type=\"search\"><\/div>\n\n          \n                 \n          \n          <div class='facet-checkbox-group filter-categories facetwp-block facetwp-areas'>\n            <h4 class='facet-title d-none d-lg-block title-with-border' id='areas_heading'>Domaine<\/h4>\n            <h4 class='d-block d-lg-none general-button'><button type='button' class='button-toggle' data-bs-toggle='collapse' aria-expanded='false' aria-controls='areas' data-bs-target='#areas'>Domaine\n              <img src='https:\/\/flexitol.ca\/wp-content\/themes\/marameodesign\/images\/plus.png' alt='Plus icon' class='filter-icon fa-plus' aria-hidden='true'>\n              <img src='https:\/\/flexitol.ca\/wp-content\/themes\/marameodesign\/images\/minus.png' alt='Minus icon' class='filter-icon fa-minus' aria-hidden='true'>\n            <\/button><\/h4>\n            <div class='collapse facet-checkbox-group' id='areas' role='group' aria-labelledby='areas_heading'>\n              <div class=\"facetwp-facet facetwp-facet-areas facetwp-type-checkboxes\" data-name=\"areas\" data-type=\"checkboxes\"><\/div>\n            <\/div>\n          <\/div>\n\n          \n          <div class='facet-checkbox-group filter-categories facetwp-block facetwp-conditions'>\n            <h4 class='facet-title d-none d-lg-block title-with-border' id='conditions_heading'>Affections<\/h4>\n            <h4 class='d-block d-lg-none general-button'><button type='button' class='button-toggle' data-bs-toggle='collapse' aria-expanded='false' aria-controls='conditions' data-bs-target='#conditions'>Affections\n              <img src='https:\/\/flexitol.ca\/wp-content\/themes\/marameodesign\/images\/plus.png' alt='Plus icon' class='filter-icon fa-plus' aria-hidden='true'>\n              <img src='https:\/\/flexitol.ca\/wp-content\/themes\/marameodesign\/images\/minus.png' alt='Minus icon' class='filter-icon fa-minus' aria-hidden='true'>\n            <\/button><\/h4>\n            <div class='collapse facet-checkbox-group' id='conditions' role='group' aria-labelledby='conditions_heading'>\n              <div class=\"facetwp-facet facetwp-facet-conditions facetwp-type-checkboxes\" data-name=\"conditions\" data-type=\"checkboxes\"><\/div>\n            <\/div>\n          <\/div>\n\n          \n            <div class='facet-checkbox-group filter-categories facetwp-block facetwp-ingredients'>\n              <h4 class='facet-title d-none d-lg-block title-with-border' id='ingredients_heading'>Ingr\u00e9dients<\/h4>\n              <h4 class='d-block d-lg-none general-button'><button type='button' class='button-toggle' data-bs-toggle='collapse' aria-expanded='false' aria-controls='ingredients' data-bs-target='#ingredients'>Ingr\u00e9dients\n                <img src='https:\/\/flexitol.ca\/wp-content\/themes\/marameodesign\/images\/plus.png' alt='Plus icon' class='filter-icon fa-plus' aria-hidden='true'>\n                <img src='https:\/\/flexitol.ca\/wp-content\/themes\/marameodesign\/images\/minus.png' alt='Minus icon' class='filter-icon fa-minus' aria-hidden='true'>\n              <\/button><\/h4>\n              <div class='collapse facet-checkbox-group' id='ingredients' role='group' aria-labelledby='ingredients_heading'>\n                <div class=\"facetwp-facet facetwp-facet-ingredients facetwp-type-fselect\" data-name=\"ingredients\" data-type=\"fselect\"><\/div>\n              <\/div>\n            <\/div>\n  \n          \n  \n          \n        <\/div>\n      <\/div>\n    <\/div>\n \n    <div class='col-lg-8 col-xl-9'>\n      <div class='has-navigation-top d-flex flex-column flex-lg-row justify-content-lg-between gap-2'>\n        <div class='selections-container'><div class=\"facetwp-selections\"><\/div><\/div>\n        <nav aria-label='Pagination Top' class='pager pager-top' id='mmd-pager-top'><div class=\"facetwp-pager\"><\/div><\/nav>\n      <\/div>\n\n      <div class=\"facetwp-template\" data-name=\"product_posts\"><div class=\"fwpl-layout el-hkhimk post-item post-item-product\"><div class=\"fwpl-result r1\"><div class=\"fwpl-row el-8cjrpw\"><div class=\"fwpl-col fwpl-col el-1tvcxf\"><div class=\"fwpl-item el-a55pqa\"><article role=\"article\" aria-labelledby=\"post-title-9423\">\n  <div class=\"product-item mmd-item-grid\">\n    <a href=\"https:\/\/flexitol.ca\/fr\/produit\/baume-a-levres-original\/\" class=\"post-image\">\n      <img decoding=\"async\" width=\"526\" height=\"471\" src=\"https:\/\/flexitol.ca\/wp-content\/uploads\/2022\/01\/can_lip-balm-original-packshots_web2-1-526x471.png\" class=\"attachment-product_image size-product_image wp-post-image\" alt=\"Flexitol ip balm original\" srcset=\"https:\/\/flexitol.ca\/wp-content\/uploads\/2022\/01\/can_lip-balm-original-packshots_web2-1-526x471.png 526w, https:\/\/flexitol.ca\/wp-content\/uploads\/2022\/01\/can_lip-balm-original-packshots_web2-1-312x279.png 312w\" sizes=\"(max-width: 526px) 100vw, 526px\" \/>\n      \n    <\/a>\n    <div class=\"post-information content-grid\">\n      <div class=\"mmd-block mmd-block--action\">\n        <a href=\"https:\/\/flexitol.ca\/fr\/produit\/baume-a-levres-original\/\" class=\"btn-custom btn-full-width\">Voir le produit<\/a>\n    <\/div>\n      <h3 class=\"post-title\" id=\"post-title-9423\"><a href=\"https:\/\/flexitol.ca\/fr\/produit\/baume-a-levres-original\/\">Baume pour les l\u00e8vres \u2013 original<\/a><\/h3>\n      <div class=\"stars-number\"><div class=\"stars\" role=\"img\" style=\"--rating: 4.5\" aria-label=\"Rating of this product is 4.5 out of 5.\"><\/div><span class=\"numbers\">1532  <span class=\"numbers-reviews\"> avis<\/span><\/span> <\/div>\n    <\/div>\n  <\/div>\n<\/article><\/div><\/div><\/div><\/div><div class=\"fwpl-result r2\"><div class=\"fwpl-row el-8cjrpw\"><div class=\"fwpl-col fwpl-col el-1tvcxf\"><div class=\"fwpl-item el-a55pqa\"><article role=\"article\" aria-labelledby=\"post-title-9446\">\n  <div class=\"product-item mmd-item-grid\">\n    <a href=\"https:\/\/flexitol.ca\/fr\/produit\/baie-de-baume-a-levres\/\" class=\"post-image\">\n      <img decoding=\"async\" width=\"460\" height=\"430\" src=\"https:\/\/flexitol.ca\/wp-content\/uploads\/2022\/01\/fl_can_lip-balm-berry_web_800x748_2_0.png\" class=\"attachment-product_image size-product_image wp-post-image\" alt=\"\" srcset=\"https:\/\/flexitol.ca\/wp-content\/uploads\/2022\/01\/fl_can_lip-balm-berry_web_800x748_2_0.png 460w, https:\/\/flexitol.ca\/wp-content\/uploads\/2022\/01\/fl_can_lip-balm-berry_web_800x748_2_0-300x280.png 300w, https:\/\/flexitol.ca\/wp-content\/uploads\/2022\/01\/fl_can_lip-balm-berry_web_800x748_2_0-81x76.png 81w\" sizes=\"(max-width: 460px) 100vw, 460px\" \/>\n      \n    <\/a>\n    <div class=\"post-information content-grid\">\n      <div class=\"mmd-block mmd-block--action\">\n        <a href=\"https:\/\/flexitol.ca\/fr\/produit\/baie-de-baume-a-levres\/\" class=\"btn-custom btn-full-width\">Voir le produit<\/a>\n    <\/div>\n      <h3 class=\"post-title\" id=\"post-title-9446\"><a href=\"https:\/\/flexitol.ca\/fr\/produit\/baie-de-baume-a-levres\/\">Baume pour les l\u00e8vres \u00e0 saveur de baies<\/a><\/h3>\n      <div class=\"stars-number\"><div class=\"stars\" role=\"img\" style=\"--rating: 4.5\" aria-label=\"Rating of this product is 4.5 out of 5.\"><\/div><span class=\"numbers\">1532  <span class=\"numbers-reviews\"> avis<\/span><\/span> <\/div>\n    <\/div>\n  <\/div>\n<\/article><\/div><\/div><\/div><\/div><div class=\"fwpl-result r3\"><div class=\"fwpl-row el-8cjrpw\"><div class=\"fwpl-col fwpl-col el-1tvcxf\"><div class=\"fwpl-item el-a55pqa\"><article role=\"article\" aria-labelledby=\"post-title-9475\">\n  <div class=\"product-item mmd-item-grid\">\n    <a href=\"https:\/\/flexitol.ca\/fr\/produit\/creme-deczema-pour-le-visage-et-les-paupieres\/\" class=\"post-image\">\n      <img decoding=\"async\" width=\"526\" height=\"471\" src=\"https:\/\/flexitol.ca\/wp-content\/uploads\/2024\/02\/fl-ca_face-eyelid-eczema-cream_french_front-526x471.jpg\" class=\"attachment-product_image size-product_image wp-post-image\" alt=\"\" srcset=\"https:\/\/flexitol.ca\/wp-content\/uploads\/2024\/02\/fl-ca_face-eyelid-eczema-cream_french_front-526x471.jpg 526w, https:\/\/flexitol.ca\/wp-content\/uploads\/2024\/02\/fl-ca_face-eyelid-eczema-cream_french_front-300x269.jpg 300w, https:\/\/flexitol.ca\/wp-content\/uploads\/2024\/02\/fl-ca_face-eyelid-eczema-cream_french_front-1024x917.jpg 1024w, https:\/\/flexitol.ca\/wp-content\/uploads\/2024\/02\/fl-ca_face-eyelid-eczema-cream_french_front-768x688.jpg 768w, https:\/\/flexitol.ca\/wp-content\/uploads\/2024\/02\/fl-ca_face-eyelid-eczema-cream_french_front-958x858.jpg 958w, https:\/\/flexitol.ca\/wp-content\/uploads\/2024\/02\/fl-ca_face-eyelid-eczema-cream_french_front-584x523.jpg 584w, https:\/\/flexitol.ca\/wp-content\/uploads\/2024\/02\/fl-ca_face-eyelid-eczema-cream_french_front-558x500.jpg 558w, https:\/\/flexitol.ca\/wp-content\/uploads\/2024\/02\/fl-ca_face-eyelid-eczema-cream_french_front-477x427.jpg 477w, https:\/\/flexitol.ca\/wp-content\/uploads\/2024\/02\/fl-ca_face-eyelid-eczema-cream_french_front-432x387.jpg 432w, https:\/\/flexitol.ca\/wp-content\/uploads\/2024\/02\/fl-ca_face-eyelid-eczema-cream_french_front-312x279.jpg 312w, https:\/\/flexitol.ca\/wp-content\/uploads\/2024\/02\/fl-ca_face-eyelid-eczema-cream_french_front-110x99.jpg 110w, https:\/\/flexitol.ca\/wp-content\/uploads\/2024\/02\/fl-ca_face-eyelid-eczema-cream_french_front.jpg 1052w\" sizes=\"(max-width: 526px) 100vw, 526px\" \/>\n      \n    <\/a>\n    <div class=\"post-information content-grid\">\n      <div class=\"mmd-block mmd-block--action\">\n        <a href=\"https:\/\/flexitol.ca\/fr\/produit\/creme-deczema-pour-le-visage-et-les-paupieres\/\" class=\"btn-custom btn-full-width\">Voir le produit<\/a>\n    <\/div>\n      <h3 class=\"post-title\" id=\"post-title-9475\"><a href=\"https:\/\/flexitol.ca\/fr\/produit\/creme-deczema-pour-le-visage-et-les-paupieres\/\">Cr\u00e8me contre l\u2019ecz\u00e9ma pour le visage et les paupi\u00e8res<\/a><\/h3>\n      <div class=\"stars-number\"><div class=\"stars\" role=\"img\" style=\"--rating: 4.1\" aria-label=\"Rating of this product is 4.1 out of 5.\"><\/div><span class=\"numbers\">989  <span class=\"numbers-reviews\"> avis<\/span><\/span> <\/div>\n    <\/div>\n  <\/div>\n<\/article><\/div><\/div><\/div><\/div><div class=\"fwpl-result r4\"><div class=\"fwpl-row el-8cjrpw\"><div class=\"fwpl-col fwpl-col el-1tvcxf\"><div class=\"fwpl-item el-a55pqa\"><article role=\"article\" aria-labelledby=\"post-title-9685\">\n  <div class=\"product-item mmd-item-grid\">\n    <a href=\"https:\/\/flexitol.ca\/fr\/produit\/shampoing-et-revitalisant-apaisant-pour-cuir-chevelu\/\" class=\"post-image\">\n      <img decoding=\"async\" width=\"526\" height=\"471\" src=\"https:\/\/flexitol.ca\/wp-content\/uploads\/2023\/04\/flexitol-scalp-relief-shampoo-and-conditioner-front-view-of-bottle-526x471.png\" class=\"attachment-product_image size-product_image wp-post-image\" alt=\"Front View of the Packaging for Flexitol Scalp Relief Shampoo and Conditioner\" srcset=\"https:\/\/flexitol.ca\/wp-content\/uploads\/2023\/04\/flexitol-scalp-relief-shampoo-and-conditioner-front-view-of-bottle-526x471.png 526w, https:\/\/flexitol.ca\/wp-content\/uploads\/2023\/04\/flexitol-scalp-relief-shampoo-and-conditioner-front-view-of-bottle-300x269.png 300w, https:\/\/flexitol.ca\/wp-content\/uploads\/2023\/04\/flexitol-scalp-relief-shampoo-and-conditioner-front-view-of-bottle-1024x917.png 1024w, https:\/\/flexitol.ca\/wp-content\/uploads\/2023\/04\/flexitol-scalp-relief-shampoo-and-conditioner-front-view-of-bottle-768x688.png 768w, https:\/\/flexitol.ca\/wp-content\/uploads\/2023\/04\/flexitol-scalp-relief-shampoo-and-conditioner-front-view-of-bottle-584x523.png 584w, https:\/\/flexitol.ca\/wp-content\/uploads\/2023\/04\/flexitol-scalp-relief-shampoo-and-conditioner-front-view-of-bottle-558x500.png 558w, https:\/\/flexitol.ca\/wp-content\/uploads\/2023\/04\/flexitol-scalp-relief-shampoo-and-conditioner-front-view-of-bottle-432x387.png 432w, https:\/\/flexitol.ca\/wp-content\/uploads\/2023\/04\/flexitol-scalp-relief-shampoo-and-conditioner-front-view-of-bottle-312x279.png 312w, https:\/\/flexitol.ca\/wp-content\/uploads\/2023\/04\/flexitol-scalp-relief-shampoo-and-conditioner-front-view-of-bottle-110x99.png 110w, https:\/\/flexitol.ca\/wp-content\/uploads\/2023\/04\/flexitol-scalp-relief-shampoo-and-conditioner-front-view-of-bottle.png 1052w\" sizes=\"(max-width: 526px) 100vw, 526px\" \/>\n      \n    <\/a>\n    <div class=\"post-information content-grid\">\n      <div class=\"mmd-block mmd-block--action\">\n        <a href=\"https:\/\/flexitol.ca\/fr\/produit\/shampoing-et-revitalisant-apaisant-pour-cuir-chevelu\/\" class=\"btn-custom btn-full-width\">Voir le produit<\/a>\n    <\/div>\n      <h3 class=\"post-title\" id=\"post-title-9685\"><a href=\"https:\/\/flexitol.ca\/fr\/produit\/shampoing-et-revitalisant-apaisant-pour-cuir-chevelu\/\">Shampoing et revitalisant apaisant pour cuir chevelu<\/a><\/h3>\n      <div class=\"stars-number\"><div class=\"stars\" role=\"img\" style=\"--rating: 4.2\" aria-label=\"Rating of this product is 4.2 out of 5.\"><\/div><span class=\"numbers\">981  <span class=\"numbers-reviews\"> avis<\/span><\/span> <\/div>\n    <\/div>\n  <\/div>\n<\/article><\/div><\/div><\/div><\/div><div class=\"fwpl-result r5\"><div class=\"fwpl-row el-8cjrpw\"><div class=\"fwpl-col fwpl-col el-1tvcxf\"><div class=\"fwpl-item el-a55pqa\"><article role=\"article\" aria-labelledby=\"post-title-9711\">\n  <div class=\"product-item mmd-item-grid\">\n    <a href=\"https:\/\/flexitol.ca\/fr\/produit\/serum-apaisant-pour-cuir-chevelu\/\" class=\"post-image\">\n      <img decoding=\"async\" width=\"526\" height=\"471\" src=\"https:\/\/flexitol.ca\/wp-content\/uploads\/2024\/10\/flexitol-serum-appaisant-pour-cuir-chevelu-1-526x471.jpg\" class=\"attachment-product_image size-product_image wp-post-image\" alt=\"Flexitol S\u00e9rum appaisant pour cuir chevelu front view of carton with winner badge for the beauty awards 2024\" srcset=\"https:\/\/flexitol.ca\/wp-content\/uploads\/2024\/10\/flexitol-serum-appaisant-pour-cuir-chevelu-1-526x471.jpg 526w, https:\/\/flexitol.ca\/wp-content\/uploads\/2024\/10\/flexitol-serum-appaisant-pour-cuir-chevelu-1-300x269.jpg 300w, https:\/\/flexitol.ca\/wp-content\/uploads\/2024\/10\/flexitol-serum-appaisant-pour-cuir-chevelu-1-1024x917.jpg 1024w, https:\/\/flexitol.ca\/wp-content\/uploads\/2024\/10\/flexitol-serum-appaisant-pour-cuir-chevelu-1-768x688.jpg 768w, https:\/\/flexitol.ca\/wp-content\/uploads\/2024\/10\/flexitol-serum-appaisant-pour-cuir-chevelu-1-958x858.jpg 958w, https:\/\/flexitol.ca\/wp-content\/uploads\/2024\/10\/flexitol-serum-appaisant-pour-cuir-chevelu-1-584x523.jpg 584w, https:\/\/flexitol.ca\/wp-content\/uploads\/2024\/10\/flexitol-serum-appaisant-pour-cuir-chevelu-1-558x500.jpg 558w, https:\/\/flexitol.ca\/wp-content\/uploads\/2024\/10\/flexitol-serum-appaisant-pour-cuir-chevelu-1-477x427.jpg 477w, https:\/\/flexitol.ca\/wp-content\/uploads\/2024\/10\/flexitol-serum-appaisant-pour-cuir-chevelu-1-432x387.jpg 432w, https:\/\/flexitol.ca\/wp-content\/uploads\/2024\/10\/flexitol-serum-appaisant-pour-cuir-chevelu-1-312x279.jpg 312w, https:\/\/flexitol.ca\/wp-content\/uploads\/2024\/10\/flexitol-serum-appaisant-pour-cuir-chevelu-1-110x99.jpg 110w, https:\/\/flexitol.ca\/wp-content\/uploads\/2024\/10\/flexitol-serum-appaisant-pour-cuir-chevelu-1.jpg 1052w\" sizes=\"(max-width: 526px) 100vw, 526px\" \/>\n      \n    <\/a>\n    <div class=\"post-information content-grid\">\n      <div class=\"mmd-block mmd-block--action\">\n        <a href=\"https:\/\/flexitol.ca\/fr\/produit\/serum-apaisant-pour-cuir-chevelu\/\" class=\"btn-custom btn-full-width\">Voir le produit<\/a>\n    <\/div>\n      <h3 class=\"post-title\" id=\"post-title-9711\"><a href=\"https:\/\/flexitol.ca\/fr\/produit\/serum-apaisant-pour-cuir-chevelu\/\">S\u00e9rum apaisant pour cuir chevelu<\/a><\/h3>\n      <div class=\"stars-number\"><div class=\"stars\" role=\"img\" style=\"--rating: 4.1\" aria-label=\"Rating of this product is 4.1 out of 5.\"><\/div><span class=\"numbers\">1989  <span class=\"numbers-reviews\"> avis<\/span><\/span> <\/div>\n    <\/div>\n  <\/div>\n<\/article><\/div><\/div><\/div><\/div><div class=\"fwpl-result r6\"><div class=\"fwpl-row el-8cjrpw\"><div class=\"fwpl-col fwpl-col el-1tvcxf\"><div class=\"fwpl-item el-a55pqa\"><article role=\"article\" aria-labelledby=\"post-title-9724\">\n  <div class=\"product-item mmd-item-grid\">\n    <a href=\"https:\/\/flexitol.ca\/fr\/produit\/creme-contre-leczema-et-la-dermatite\/\" class=\"post-image\">\n      <img decoding=\"async\" width=\"526\" height=\"471\" src=\"https:\/\/flexitol.ca\/wp-content\/uploads\/2024\/02\/flexitol-eczema-dermatitis-cream-back-of-carton-in-french-526x471.jpg\" class=\"attachment-product_image size-product_image wp-post-image\" alt=\"\" srcset=\"https:\/\/flexitol.ca\/wp-content\/uploads\/2024\/02\/flexitol-eczema-dermatitis-cream-back-of-carton-in-french-526x471.jpg 526w, https:\/\/flexitol.ca\/wp-content\/uploads\/2024\/02\/flexitol-eczema-dermatitis-cream-back-of-carton-in-french-300x269.jpg 300w, https:\/\/flexitol.ca\/wp-content\/uploads\/2024\/02\/flexitol-eczema-dermatitis-cream-back-of-carton-in-french-1024x917.jpg 1024w, https:\/\/flexitol.ca\/wp-content\/uploads\/2024\/02\/flexitol-eczema-dermatitis-cream-back-of-carton-in-french-768x688.jpg 768w, https:\/\/flexitol.ca\/wp-content\/uploads\/2024\/02\/flexitol-eczema-dermatitis-cream-back-of-carton-in-french-958x858.jpg 958w, https:\/\/flexitol.ca\/wp-content\/uploads\/2024\/02\/flexitol-eczema-dermatitis-cream-back-of-carton-in-french-584x523.jpg 584w, https:\/\/flexitol.ca\/wp-content\/uploads\/2024\/02\/flexitol-eczema-dermatitis-cream-back-of-carton-in-french-558x500.jpg 558w, https:\/\/flexitol.ca\/wp-content\/uploads\/2024\/02\/flexitol-eczema-dermatitis-cream-back-of-carton-in-french-477x427.jpg 477w, https:\/\/flexitol.ca\/wp-content\/uploads\/2024\/02\/flexitol-eczema-dermatitis-cream-back-of-carton-in-french-432x387.jpg 432w, https:\/\/flexitol.ca\/wp-content\/uploads\/2024\/02\/flexitol-eczema-dermatitis-cream-back-of-carton-in-french-312x279.jpg 312w, https:\/\/flexitol.ca\/wp-content\/uploads\/2024\/02\/flexitol-eczema-dermatitis-cream-back-of-carton-in-french-110x99.jpg 110w, https:\/\/flexitol.ca\/wp-content\/uploads\/2024\/02\/flexitol-eczema-dermatitis-cream-back-of-carton-in-french.jpg 1052w\" sizes=\"(max-width: 526px) 100vw, 526px\" \/>\n      \n    <\/a>\n    <div class=\"post-information content-grid\">\n      <div class=\"mmd-block mmd-block--action\">\n        <a href=\"https:\/\/flexitol.ca\/fr\/produit\/creme-contre-leczema-et-la-dermatite\/\" class=\"btn-custom btn-full-width\">Voir le produit<\/a>\n    <\/div>\n      <h3 class=\"post-title\" id=\"post-title-9724\"><a href=\"https:\/\/flexitol.ca\/fr\/produit\/creme-contre-leczema-et-la-dermatite\/\">Cr\u00e8me contre l\u2019ecz\u00e9ma et la dermatite<\/a><\/h3>\n      <div class=\"stars-number\"><div class=\"stars\" role=\"img\" style=\"--rating: 4.1\" aria-label=\"Rating of this product is 4.1 out of 5.\"><\/div><span class=\"numbers\">342  <span class=\"numbers-reviews\"> avis<\/span><\/span> <\/div>\n    <\/div>\n  <\/div>\n<\/article><\/div><\/div><\/div><\/div><div class=\"fwpl-result r7\"><div class=\"fwpl-row el-8cjrpw\"><div class=\"fwpl-col fwpl-col el-1tvcxf\"><div class=\"fwpl-item el-a55pqa\"><article role=\"article\" aria-labelledby=\"post-title-9744\">\n  <div class=\"product-item mmd-item-grid\">\n    <a href=\"https:\/\/flexitol.ca\/fr\/produit\/lotion-contre-leczema-et-la-dermatite\/\" class=\"post-image\">\n      <img decoding=\"async\" width=\"460\" height=\"430\" src=\"https:\/\/flexitol.ca\/wp-content\/uploads\/2022\/01\/fl_can_edl_web_800x748_1_0.png\" class=\"attachment-product_image size-product_image wp-post-image\" alt=\"\" srcset=\"https:\/\/flexitol.ca\/wp-content\/uploads\/2022\/01\/fl_can_edl_web_800x748_1_0.png 460w, https:\/\/flexitol.ca\/wp-content\/uploads\/2022\/01\/fl_can_edl_web_800x748_1_0-300x280.png 300w, https:\/\/flexitol.ca\/wp-content\/uploads\/2022\/01\/fl_can_edl_web_800x748_1_0-81x76.png 81w\" sizes=\"(max-width: 460px) 100vw, 460px\" \/>\n      \n    <\/a>\n    <div class=\"post-information content-grid\">\n      <div class=\"mmd-block mmd-block--action\">\n        <a href=\"https:\/\/flexitol.ca\/fr\/produit\/lotion-contre-leczema-et-la-dermatite\/\" class=\"btn-custom btn-full-width\">Voir le produit<\/a>\n    <\/div>\n      <h3 class=\"post-title\" id=\"post-title-9744\"><a href=\"https:\/\/flexitol.ca\/fr\/produit\/lotion-contre-leczema-et-la-dermatite\/\">Lotion contre l\u2019ecz\u00e9ma et la dermatite<\/a><\/h3>\n      <div class=\"stars-number\"><div class=\"stars\" role=\"img\" style=\"--rating: 4.3\" aria-label=\"Rating of this product is 4.3 out of 5.\"><\/div><span class=\"numbers\">232  <span class=\"numbers-reviews\"> avis<\/span><\/span> <\/div>\n    <\/div>\n  <\/div>\n<\/article><\/div><\/div><\/div><\/div><div class=\"fwpl-result r8\"><div class=\"fwpl-row el-8cjrpw\"><div class=\"fwpl-col fwpl-col el-1tvcxf\"><div class=\"fwpl-item el-a55pqa\"><article role=\"article\" aria-labelledby=\"post-title-9759\">\n  <div class=\"product-item mmd-item-grid\">\n    <a href=\"https:\/\/flexitol.ca\/fr\/produit\/baume-pour-les-talons\/\" class=\"post-image\">\n      <img decoding=\"async\" width=\"526\" height=\"471\" src=\"https:\/\/flexitol.ca\/wp-content\/uploads\/2023\/04\/flexitol-heel-balm-28g-front-view-of-packaging-526x471.png\" class=\"attachment-product_image size-product_image wp-post-image\" alt=\"Front View of the Packaging for Flexitol Heel Balm 28g\" srcset=\"https:\/\/flexitol.ca\/wp-content\/uploads\/2023\/04\/flexitol-heel-balm-28g-front-view-of-packaging-526x471.png 526w, https:\/\/flexitol.ca\/wp-content\/uploads\/2023\/04\/flexitol-heel-balm-28g-front-view-of-packaging-300x269.png 300w, https:\/\/flexitol.ca\/wp-content\/uploads\/2023\/04\/flexitol-heel-balm-28g-front-view-of-packaging-1024x917.png 1024w, https:\/\/flexitol.ca\/wp-content\/uploads\/2023\/04\/flexitol-heel-balm-28g-front-view-of-packaging-768x688.png 768w, https:\/\/flexitol.ca\/wp-content\/uploads\/2023\/04\/flexitol-heel-balm-28g-front-view-of-packaging-584x523.png 584w, https:\/\/flexitol.ca\/wp-content\/uploads\/2023\/04\/flexitol-heel-balm-28g-front-view-of-packaging-558x500.png 558w, https:\/\/flexitol.ca\/wp-content\/uploads\/2023\/04\/flexitol-heel-balm-28g-front-view-of-packaging-432x387.png 432w, https:\/\/flexitol.ca\/wp-content\/uploads\/2023\/04\/flexitol-heel-balm-28g-front-view-of-packaging-312x279.png 312w, https:\/\/flexitol.ca\/wp-content\/uploads\/2023\/04\/flexitol-heel-balm-28g-front-view-of-packaging-110x99.png 110w, https:\/\/flexitol.ca\/wp-content\/uploads\/2023\/04\/flexitol-heel-balm-28g-front-view-of-packaging.png 1052w\" sizes=\"(max-width: 526px) 100vw, 526px\" \/>\n      \n    <\/a>\n    <div class=\"post-information content-grid\">\n      <div class=\"mmd-block mmd-block--action\">\n        <a href=\"https:\/\/flexitol.ca\/fr\/produit\/baume-pour-les-talons\/\" class=\"btn-custom btn-full-width\">Voir le produit<\/a>\n    <\/div>\n      <h3 class=\"post-title\" id=\"post-title-9759\"><a href=\"https:\/\/flexitol.ca\/fr\/produit\/baume-pour-les-talons\/\">Baume pour les talons<\/a><\/h3>\n      <div class=\"stars-number\"><div class=\"stars\" role=\"img\" style=\"--rating: 4.4\" aria-label=\"Rating of this product is 4.4 out of 5.\"><\/div><span class=\"numbers\">5161  <span class=\"numbers-reviews\"> avis<\/span><\/span> <\/div>\n    <\/div>\n  <\/div>\n<\/article><\/div><\/div><\/div><\/div><div class=\"fwpl-result r9\"><div class=\"fwpl-row el-8cjrpw\"><div class=\"fwpl-col fwpl-col el-1tvcxf\"><div class=\"fwpl-item el-a55pqa\"><article role=\"article\" aria-labelledby=\"post-title-9766\">\n  <div class=\"product-item mmd-item-grid\">\n    <a href=\"https:\/\/flexitol.ca\/fr\/produit\/liquide-antifongique\/\" class=\"post-image\">\n      <img decoding=\"async\" width=\"526\" height=\"471\" src=\"https:\/\/flexitol.ca\/wp-content\/uploads\/2023\/04\/flexitol-antifungal-liquid-front-view-of-packaging-526x471.png\" class=\"attachment-product_image size-product_image wp-post-image\" alt=\"Front View of the Packaging for Flexitol Antifungal Liquid\" srcset=\"https:\/\/flexitol.ca\/wp-content\/uploads\/2023\/04\/flexitol-antifungal-liquid-front-view-of-packaging-526x471.png 526w, https:\/\/flexitol.ca\/wp-content\/uploads\/2023\/04\/flexitol-antifungal-liquid-front-view-of-packaging-300x269.png 300w, https:\/\/flexitol.ca\/wp-content\/uploads\/2023\/04\/flexitol-antifungal-liquid-front-view-of-packaging-1024x917.png 1024w, https:\/\/flexitol.ca\/wp-content\/uploads\/2023\/04\/flexitol-antifungal-liquid-front-view-of-packaging-768x688.png 768w, https:\/\/flexitol.ca\/wp-content\/uploads\/2023\/04\/flexitol-antifungal-liquid-front-view-of-packaging-584x523.png 584w, https:\/\/flexitol.ca\/wp-content\/uploads\/2023\/04\/flexitol-antifungal-liquid-front-view-of-packaging-558x500.png 558w, https:\/\/flexitol.ca\/wp-content\/uploads\/2023\/04\/flexitol-antifungal-liquid-front-view-of-packaging-432x387.png 432w, https:\/\/flexitol.ca\/wp-content\/uploads\/2023\/04\/flexitol-antifungal-liquid-front-view-of-packaging-312x279.png 312w, https:\/\/flexitol.ca\/wp-content\/uploads\/2023\/04\/flexitol-antifungal-liquid-front-view-of-packaging-110x99.png 110w, https:\/\/flexitol.ca\/wp-content\/uploads\/2023\/04\/flexitol-antifungal-liquid-front-view-of-packaging.png 1052w\" sizes=\"(max-width: 526px) 100vw, 526px\" \/>\n      \n    <\/a>\n    <div class=\"post-information content-grid\">\n      <div class=\"mmd-block mmd-block--action\">\n        <a href=\"https:\/\/flexitol.ca\/fr\/produit\/liquide-antifongique\/\" class=\"btn-custom btn-full-width\">Voir le produit<\/a>\n    <\/div>\n      <h3 class=\"post-title\" id=\"post-title-9766\"><a href=\"https:\/\/flexitol.ca\/fr\/produit\/liquide-antifongique\/\">Liquide antifongique<\/a><\/h3>\n      <div class=\"stars-number\"><div class=\"stars\" role=\"img\" style=\"--rating: 3.9\" aria-label=\"Rating of this product is 3.9 out of 5.\"><\/div><span class=\"numbers\">857  <span class=\"numbers-reviews\"> avis<\/span><\/span> <\/div>\n    <\/div>\n  <\/div>\n<\/article><\/div><\/div><\/div><\/div><div class=\"fwpl-result r10\"><div class=\"fwpl-row el-8cjrpw\"><div class=\"fwpl-col fwpl-col el-1tvcxf\"><div class=\"fwpl-item el-a55pqa\"><article role=\"article\" aria-labelledby=\"post-title-9771\">\n  <div class=\"product-item mmd-item-grid\">\n    <a href=\"https:\/\/flexitol.ca\/fr\/produit\/magie-pour-les-talons\/\" class=\"post-image\">\n      <img decoding=\"async\" width=\"526\" height=\"471\" src=\"https:\/\/flexitol.ca\/wp-content\/uploads\/2024\/02\/flexitol-heel-magic-back-of-carton-in-french-526x471.jpg\" class=\"attachment-product_image size-product_image wp-post-image\" alt=\"\" srcset=\"https:\/\/flexitol.ca\/wp-content\/uploads\/2024\/02\/flexitol-heel-magic-back-of-carton-in-french-526x471.jpg 526w, https:\/\/flexitol.ca\/wp-content\/uploads\/2024\/02\/flexitol-heel-magic-back-of-carton-in-french-300x269.jpg 300w, https:\/\/flexitol.ca\/wp-content\/uploads\/2024\/02\/flexitol-heel-magic-back-of-carton-in-french-1024x917.jpg 1024w, https:\/\/flexitol.ca\/wp-content\/uploads\/2024\/02\/flexitol-heel-magic-back-of-carton-in-french-768x688.jpg 768w, https:\/\/flexitol.ca\/wp-content\/uploads\/2024\/02\/flexitol-heel-magic-back-of-carton-in-french-958x858.jpg 958w, https:\/\/flexitol.ca\/wp-content\/uploads\/2024\/02\/flexitol-heel-magic-back-of-carton-in-french-584x523.jpg 584w, https:\/\/flexitol.ca\/wp-content\/uploads\/2024\/02\/flexitol-heel-magic-back-of-carton-in-french-558x500.jpg 558w, https:\/\/flexitol.ca\/wp-content\/uploads\/2024\/02\/flexitol-heel-magic-back-of-carton-in-french-477x427.jpg 477w, https:\/\/flexitol.ca\/wp-content\/uploads\/2024\/02\/flexitol-heel-magic-back-of-carton-in-french-432x387.jpg 432w, https:\/\/flexitol.ca\/wp-content\/uploads\/2024\/02\/flexitol-heel-magic-back-of-carton-in-french-312x279.jpg 312w, https:\/\/flexitol.ca\/wp-content\/uploads\/2024\/02\/flexitol-heel-magic-back-of-carton-in-french-110x99.jpg 110w, https:\/\/flexitol.ca\/wp-content\/uploads\/2024\/02\/flexitol-heel-magic-back-of-carton-in-french.jpg 1052w\" sizes=\"(max-width: 526px) 100vw, 526px\" \/>\n      \n    <\/a>\n    <div class=\"post-information content-grid\">\n      <div class=\"mmd-block mmd-block--action\">\n        <a href=\"https:\/\/flexitol.ca\/fr\/produit\/magie-pour-les-talons\/\" class=\"btn-custom btn-full-width\">Voir le produit<\/a>\n    <\/div>\n      <h3 class=\"post-title\" id=\"post-title-9771\"><a href=\"https:\/\/flexitol.ca\/fr\/produit\/magie-pour-les-talons\/\">Magie pour les talons<\/a><\/h3>\n      <div class=\"stars-number\"><div class=\"stars\" role=\"img\" style=\"--rating: 4.5\" aria-label=\"Rating of this product is 4.5 out of 5.\"><\/div><span class=\"numbers\">4885  <span class=\"numbers-reviews\"> avis<\/span><\/span> <\/div>\n    <\/div>\n  <\/div>\n<\/article><\/div><\/div><\/div><\/div><div class=\"fwpl-result r11\"><div class=\"fwpl-row el-8cjrpw\"><div class=\"fwpl-col fwpl-col el-1tvcxf\"><div class=\"fwpl-item el-a55pqa\"><article role=\"article\" aria-labelledby=\"post-title-9779\">\n  <div class=\"product-item mmd-item-grid\">\n    <a href=\"https:\/\/flexitol.ca\/fr\/produit\/lotion-pour-la-peau-tres-seche\/\" class=\"post-image\">\n      <img decoding=\"async\" width=\"460\" height=\"430\" src=\"https:\/\/flexitol.ca\/wp-content\/uploads\/2022\/01\/fl_can_vdsl_web_800x748_1.png\" class=\"attachment-product_image size-product_image wp-post-image\" alt=\"\" srcset=\"https:\/\/flexitol.ca\/wp-content\/uploads\/2022\/01\/fl_can_vdsl_web_800x748_1.png 460w, https:\/\/flexitol.ca\/wp-content\/uploads\/2022\/01\/fl_can_vdsl_web_800x748_1-300x280.png 300w, https:\/\/flexitol.ca\/wp-content\/uploads\/2022\/01\/fl_can_vdsl_web_800x748_1-81x76.png 81w\" sizes=\"(max-width: 460px) 100vw, 460px\" \/>\n      \n    <\/a>\n    <div class=\"post-information content-grid\">\n      <div class=\"mmd-block mmd-block--action\">\n        <a href=\"https:\/\/flexitol.ca\/fr\/produit\/lotion-pour-la-peau-tres-seche\/\" class=\"btn-custom btn-full-width\">Voir le produit<\/a>\n    <\/div>\n      <h3 class=\"post-title\" id=\"post-title-9779\"><a href=\"https:\/\/flexitol.ca\/fr\/produit\/lotion-pour-la-peau-tres-seche\/\">Lotion pour la peau tr\u00e8s s\u00e8che<\/a><\/h3>\n      <div class=\"stars-number\"><div class=\"stars\" role=\"img\" style=\"--rating: 4.4\" aria-label=\"Rating of this product is 4.4 out of 5.\"><\/div><span class=\"numbers\">669  <span class=\"numbers-reviews\"> avis<\/span><\/span> <\/div>\n    <\/div>\n  <\/div>\n<\/article><\/div><\/div><\/div><\/div><div class=\"fwpl-result r12\"><div class=\"fwpl-row el-8cjrpw\"><div class=\"fwpl-col fwpl-col el-1tvcxf\"><div class=\"fwpl-item el-a55pqa\"><article role=\"article\" aria-labelledby=\"post-title-9784\">\n  <div class=\"product-item mmd-item-grid\">\n    <a href=\"https:\/\/flexitol.ca\/fr\/produit\/creme-pour-la-peau-tres-seche\/\" class=\"post-image\">\n      <img decoding=\"async\" width=\"526\" height=\"471\" src=\"https:\/\/flexitol.ca\/wp-content\/uploads\/2024\/02\/flexitol-very-dry-skin-cream-back-of-carton-in-french-526x471.jpg\" class=\"attachment-product_image size-product_image wp-post-image\" alt=\"\" srcset=\"https:\/\/flexitol.ca\/wp-content\/uploads\/2024\/02\/flexitol-very-dry-skin-cream-back-of-carton-in-french-526x471.jpg 526w, https:\/\/flexitol.ca\/wp-content\/uploads\/2024\/02\/flexitol-very-dry-skin-cream-back-of-carton-in-french-300x269.jpg 300w, https:\/\/flexitol.ca\/wp-content\/uploads\/2024\/02\/flexitol-very-dry-skin-cream-back-of-carton-in-french-1024x917.jpg 1024w, https:\/\/flexitol.ca\/wp-content\/uploads\/2024\/02\/flexitol-very-dry-skin-cream-back-of-carton-in-french-768x688.jpg 768w, https:\/\/flexitol.ca\/wp-content\/uploads\/2024\/02\/flexitol-very-dry-skin-cream-back-of-carton-in-french-958x858.jpg 958w, https:\/\/flexitol.ca\/wp-content\/uploads\/2024\/02\/flexitol-very-dry-skin-cream-back-of-carton-in-french-584x523.jpg 584w, https:\/\/flexitol.ca\/wp-content\/uploads\/2024\/02\/flexitol-very-dry-skin-cream-back-of-carton-in-french-558x500.jpg 558w, https:\/\/flexitol.ca\/wp-content\/uploads\/2024\/02\/flexitol-very-dry-skin-cream-back-of-carton-in-french-477x427.jpg 477w, https:\/\/flexitol.ca\/wp-content\/uploads\/2024\/02\/flexitol-very-dry-skin-cream-back-of-carton-in-french-432x387.jpg 432w, https:\/\/flexitol.ca\/wp-content\/uploads\/2024\/02\/flexitol-very-dry-skin-cream-back-of-carton-in-french-312x279.jpg 312w, https:\/\/flexitol.ca\/wp-content\/uploads\/2024\/02\/flexitol-very-dry-skin-cream-back-of-carton-in-french-110x99.jpg 110w, https:\/\/flexitol.ca\/wp-content\/uploads\/2024\/02\/flexitol-very-dry-skin-cream-back-of-carton-in-french.jpg 1052w\" sizes=\"(max-width: 526px) 100vw, 526px\" \/>\n      \n    <\/a>\n    <div class=\"post-information content-grid\">\n      <div class=\"mmd-block mmd-block--action\">\n        <a href=\"https:\/\/flexitol.ca\/fr\/produit\/creme-pour-la-peau-tres-seche\/\" class=\"btn-custom btn-full-width\">Voir le produit<\/a>\n    <\/div>\n      <h3 class=\"post-title\" id=\"post-title-9784\"><a href=\"https:\/\/flexitol.ca\/fr\/produit\/creme-pour-la-peau-tres-seche\/\">Cr\u00e8me pour la peau tr\u00e8s s\u00e8che<\/a><\/h3>\n      <div class=\"stars-number\"><div class=\"stars\" role=\"img\" style=\"--rating: 4.4\" aria-label=\"Rating of this product is 4.4 out of 5.\"><\/div><span class=\"numbers\">669  <span class=\"numbers-reviews\"> avis<\/span><\/span> <\/div>\n    <\/div>\n  <\/div>\n<\/article><\/div><\/div><\/div><\/div><\/div>\n<style>\n.fwpl-layout, .fwpl-row {\n    display: grid;\n}\n.fwpl-layout.el-hkhimk {\n    grid-template-columns: repeat(3, 1fr);\n    grid-gap: 20px;\n}\n.fwpl-btn {\n    text-decoration: none;\n}\n.fwpl-row.el-8cjrpw {\n    grid-template-columns: 1fr;\n}\n@media (max-width: 480px) { \n    body .facetwp-template .fwpl-layout,  \n    body .facetwp-template-static .fwpl-layout { grid-template-columns: 1fr; } \n} \n\n<\/style>\n<\/div>\n\n      <nav aria-label='Pagination' class='pager d-flex justify-content-center justify-content-lg-end' id='mmd-pager'><div class=\"facetwp-pager\"><\/div><\/nav>\n\n      \n\n    <\/div>\n  <\/div>\n<\/div>","protected":false},"excerpt":{"rendered":"<p>Les l\u00e8vres s\u00e8ches et gerc\u00e9es peuvent \u00e9galement \u00eatre une cause de ch\u00e9ilite, une affection inflammatoire des l\u00e8vres, qui est parfois un effet secondaire de certains m\u00e9dicaments.<\/p>\n","protected":false},"featured_media":11257,"template":"","class_list":["post-9427","condition","type-condition","status-publish","has-post-thumbnail","hentry"],"acf":[],"_links":{"self":[{"href":"https:\/\/flexitol.ca\/fr\/wp-json\/wp\/v2\/condition\/9427","targetHints":{"allow":["GET"]}}],"collection":[{"href":"https:\/\/flexitol.ca\/fr\/wp-json\/wp\/v2\/condition"}],"about":[{"href":"https:\/\/flexitol.ca\/fr\/wp-json\/wp\/v2\/types\/condition"}],"version-history":[{"count":4,"href":"https:\/\/flexitol.ca\/fr\/wp-json\/wp\/v2\/condition\/9427\/revisions"}],"predecessor-version":[{"id":13969,"href":"https:\/\/flexitol.ca\/fr\/wp-json\/wp\/v2\/condition\/9427\/revisions\/13969"}],"wp:featuredmedia":[{"embeddable":true,"href":"https:\/\/flexitol.ca\/fr\/wp-json\/wp\/v2\/media\/11257"}],"wp:attachment":[{"href":"https:\/\/flexitol.ca\/fr\/wp-json\/wp\/v2\/media?parent=9427"}],"curies":[{"name":"wp","href":"https:\/\/api.w.org\/{rel}","templated":true}]}}