
{"id":9976,"date":"2022-03-24T12:29:17","date_gmt":"2022-03-24T01:29:17","guid":{"rendered":"https:\/\/flexitol.ca\/condition\/usage-quotidien\/"},"modified":"2024-09-08T18:53:46","modified_gmt":"2024-09-08T08:53:46","slug":"usage-quotidien","status":"publish","type":"condition","link":"https:\/\/flexitol.ca\/fr\/conditions\/usage-quotidien\/","title":{"rendered":"Usage quotidien"},"content":{"rendered":"\n<p>Nos solutions de soins personnels et nos produits d&#8217;usage quotidien, efficaces, innovants et abordables, r\u00e9pondent de mani\u00e8re douce et efficace \u00e0 vos besoins uniques et vari\u00e9s en mati\u00e8re de soins de la peau. Chacun de nos produits est con\u00e7u pour que votre peau se sente mieux, pour que vous vous sentiez mieux et que vous viviez votre vie avec confiance.<\/p>\n\n\n\n<style>\n  @media (min-width: 992px) {\n    .facet-search .collapse {\n      display: block;\n    }\n  }\n<\/style>\n<div class='mmd-block'>\n<h2 class='title'>Naviguez parmi nos produits<\/h2>\n<div class='description small'><\/div>\n<\/div>\n<div class='the-facet page-filter page-filter--knowledge-base-revamp' id='mmd-page-filter'>\n  <div class='row facet-row-container'>\n    <div class='col-lg-4 col-xl-3 sticky-col custom-filter-by-mb'>\n      <div class='facet-search filter-search content-sidebar'>\n        <h3 class='filter-title-top d-none d-lg-block'>Filtrer selon<\/h3>\n        <h3 class='d-block d-lg-none general-search general-button'>\n          <button type='button' data-bs-toggle='collapse' aria-expanded='false' aria-controls='general-search' data-bs-target='#general-search' class='button-toggle'>\n            Filtrer selon\n            <img style='display: none;' src='https:\/\/flexitol.ca\/wp-content\/themes\/marameodesign\/images\/plus.png' alt='Plus icon' class='filter-icon fa-plus' aria-hidden='true'>\n            <img style='display: none;' src='https:\/\/flexitol.ca\/wp-content\/themes\/marameodesign\/images\/minus.png' alt='Minus icon' class='filter-icon fa-minus' aria-hidden='true'>\n          <\/button>\n        <\/h3>\n\n        <div class='collapse' id='general-search'>   \n          \n          <div class=\"facetwp-facet facetwp-facet-keyword facetwp-type-search\" data-name=\"keyword\" data-type=\"search\"><\/div>\n\n          \n                 \n          \n          <div class='facet-checkbox-group filter-categories facetwp-block facetwp-areas'>\n            <h4 class='facet-title d-none d-lg-block title-with-border' id='areas_heading'>Domaine<\/h4>\n            <h4 class='d-block d-lg-none general-button'><button type='button' class='button-toggle' data-bs-toggle='collapse' aria-expanded='false' aria-controls='areas' data-bs-target='#areas'>Domaine\n              <img src='https:\/\/flexitol.ca\/wp-content\/themes\/marameodesign\/images\/plus.png' alt='Plus icon' class='filter-icon fa-plus' aria-hidden='true'>\n              <img src='https:\/\/flexitol.ca\/wp-content\/themes\/marameodesign\/images\/minus.png' alt='Minus icon' class='filter-icon fa-minus' aria-hidden='true'>\n            <\/button><\/h4>\n            <div class='collapse facet-checkbox-group' id='areas' role='group' aria-labelledby='areas_heading'>\n              <div class=\"facetwp-facet facetwp-facet-areas facetwp-type-checkboxes\" data-name=\"areas\" data-type=\"checkboxes\"><\/div>\n            <\/div>\n          <\/div>\n\n          \n          <div class='facet-checkbox-group filter-categories facetwp-block facetwp-conditions'>\n            <h4 class='facet-title d-none d-lg-block title-with-border' id='conditions_heading'>Affections<\/h4>\n            <h4 class='d-block d-lg-none general-button'><button type='button' class='button-toggle' data-bs-toggle='collapse' aria-expanded='false' aria-controls='conditions' data-bs-target='#conditions'>Affections\n              <img src='https:\/\/flexitol.ca\/wp-content\/themes\/marameodesign\/images\/plus.png' alt='Plus icon' class='filter-icon fa-plus' aria-hidden='true'>\n              <img src='https:\/\/flexitol.ca\/wp-content\/themes\/marameodesign\/images\/minus.png' alt='Minus icon' class='filter-icon fa-minus' aria-hidden='true'>\n            <\/button><\/h4>\n            <div class='collapse facet-checkbox-group' id='conditions' role='group' aria-labelledby='conditions_heading'>\n              <div class=\"facetwp-facet facetwp-facet-conditions facetwp-type-checkboxes\" data-name=\"conditions\" data-type=\"checkboxes\"><\/div>\n            <\/div>\n          <\/div>\n\n          \n            <div class='facet-checkbox-group filter-categories facetwp-block facetwp-ingredients'>\n              <h4 class='facet-title d-none d-lg-block title-with-border' id='ingredients_heading'>Ingr\u00e9dients<\/h4>\n              <h4 class='d-block d-lg-none general-button'><button type='button' class='button-toggle' data-bs-toggle='collapse' aria-expanded='false' aria-controls='ingredients' data-bs-target='#ingredients'>Ingr\u00e9dients\n                <img src='https:\/\/flexitol.ca\/wp-content\/themes\/marameodesign\/images\/plus.png' alt='Plus icon' class='filter-icon fa-plus' aria-hidden='true'>\n                <img src='https:\/\/flexitol.ca\/wp-content\/themes\/marameodesign\/images\/minus.png' alt='Minus icon' class='filter-icon fa-minus' aria-hidden='true'>\n              <\/button><\/h4>\n              <div class='collapse facet-checkbox-group' id='ingredients' role='group' aria-labelledby='ingredients_heading'>\n                <div class=\"facetwp-facet facetwp-facet-ingredients facetwp-type-fselect\" data-name=\"ingredients\" data-type=\"fselect\"><\/div>\n              <\/div>\n            <\/div>\n  \n          \n  \n          \n        <\/div>\n      <\/div>\n    <\/div>\n \n    <div class='col-lg-8 col-xl-9'>\n      <div class='has-navigation-top d-flex flex-column flex-lg-row justify-content-lg-between gap-2'>\n        <div class='selections-container'><div class=\"facetwp-selections\"><\/div><\/div>\n        <nav aria-label='Pagination Top' class='pager pager-top' id='mmd-pager-top'><div class=\"facetwp-pager\"><\/div><\/nav>\n      <\/div>\n\n      <div class=\"facetwp-template\" data-name=\"product_posts\"><div class=\"fwpl-layout el-hkhimk post-item post-item-product\"><div class=\"fwpl-result r1\"><div class=\"fwpl-row el-8cjrpw\"><div class=\"fwpl-col fwpl-col el-1tvcxf\"><div class=\"fwpl-item el-a55pqa\"><article role=\"article\" aria-labelledby=\"post-title-9423\">\n  <div class=\"product-item mmd-item-grid\">\n    <a href=\"https:\/\/flexitol.ca\/fr\/produit\/baume-a-levres-original\/\" class=\"post-image\">\n      <img decoding=\"async\" width=\"526\" height=\"471\" src=\"https:\/\/flexitol.ca\/wp-content\/uploads\/2022\/01\/can_lip-balm-original-packshots_web2-1-526x471.png\" class=\"attachment-product_image size-product_image wp-post-image\" alt=\"Flexitol ip balm original\" srcset=\"https:\/\/flexitol.ca\/wp-content\/uploads\/2022\/01\/can_lip-balm-original-packshots_web2-1-526x471.png 526w, https:\/\/flexitol.ca\/wp-content\/uploads\/2022\/01\/can_lip-balm-original-packshots_web2-1-312x279.png 312w\" sizes=\"(max-width: 526px) 100vw, 526px\" \/>\n      \n    <\/a>\n    <div class=\"post-information content-grid\">\n      <div class=\"mmd-block mmd-block--action\">\n        <a href=\"https:\/\/flexitol.ca\/fr\/produit\/baume-a-levres-original\/\" class=\"btn-custom btn-full-width\">Voir le produit<\/a>\n    <\/div>\n      <h3 class=\"post-title\" id=\"post-title-9423\"><a href=\"https:\/\/flexitol.ca\/fr\/produit\/baume-a-levres-original\/\">Baume pour les l\u00e8vres \u2013 original<\/a><\/h3>\n      <div class=\"stars-number\"><div class=\"stars\" role=\"img\" style=\"--rating: 4.5\" aria-label=\"Rating of this product is 4.5 out of 5.\"><\/div><span class=\"numbers\">1532  <span class=\"numbers-reviews\"> avis<\/span><\/span> <\/div>\n    <\/div>\n  <\/div>\n<\/article><\/div><\/div><\/div><\/div><div class=\"fwpl-result r2\"><div class=\"fwpl-row el-8cjrpw\"><div class=\"fwpl-col fwpl-col el-1tvcxf\"><div class=\"fwpl-item el-a55pqa\"><article role=\"article\" aria-labelledby=\"post-title-9446\">\n  <div class=\"product-item mmd-item-grid\">\n    <a href=\"https:\/\/flexitol.ca\/fr\/produit\/baie-de-baume-a-levres\/\" class=\"post-image\">\n      <img decoding=\"async\" width=\"460\" height=\"430\" src=\"https:\/\/flexitol.ca\/wp-content\/uploads\/2022\/01\/fl_can_lip-balm-berry_web_800x748_2_0.png\" class=\"attachment-product_image size-product_image wp-post-image\" alt=\"\" srcset=\"https:\/\/flexitol.ca\/wp-content\/uploads\/2022\/01\/fl_can_lip-balm-berry_web_800x748_2_0.png 460w, https:\/\/flexitol.ca\/wp-content\/uploads\/2022\/01\/fl_can_lip-balm-berry_web_800x748_2_0-300x280.png 300w, https:\/\/flexitol.ca\/wp-content\/uploads\/2022\/01\/fl_can_lip-balm-berry_web_800x748_2_0-81x76.png 81w\" sizes=\"(max-width: 460px) 100vw, 460px\" \/>\n      \n    <\/a>\n    <div class=\"post-information content-grid\">\n      <div class=\"mmd-block mmd-block--action\">\n        <a href=\"https:\/\/flexitol.ca\/fr\/produit\/baie-de-baume-a-levres\/\" class=\"btn-custom btn-full-width\">Voir le produit<\/a>\n    <\/div>\n      <h3 class=\"post-title\" id=\"post-title-9446\"><a href=\"https:\/\/flexitol.ca\/fr\/produit\/baie-de-baume-a-levres\/\">Baume pour les l\u00e8vres \u00e0 saveur de baies<\/a><\/h3>\n      <div class=\"stars-number\"><div class=\"stars\" role=\"img\" style=\"--rating: 4.5\" aria-label=\"Rating of this product is 4.5 out of 5.\"><\/div><span class=\"numbers\">1532  <span class=\"numbers-reviews\"> avis<\/span><\/span> <\/div>\n    <\/div>\n  <\/div>\n<\/article><\/div><\/div><\/div><\/div><div class=\"fwpl-result r3\"><div class=\"fwpl-row el-8cjrpw\"><div class=\"fwpl-col fwpl-col el-1tvcxf\"><div class=\"fwpl-item el-a55pqa\"><article role=\"article\" aria-labelledby=\"post-title-9475\">\n  <div class=\"product-item mmd-item-grid\">\n    <a href=\"https:\/\/flexitol.ca\/fr\/produit\/creme-deczema-pour-le-visage-et-les-paupieres\/\" class=\"post-image\">\n      <img decoding=\"async\" width=\"526\" height=\"471\" src=\"https:\/\/flexitol.ca\/wp-content\/uploads\/2024\/02\/fl-ca_face-eyelid-eczema-cream_french_front-526x471.jpg\" class=\"attachment-product_image size-product_image wp-post-image\" alt=\"\" srcset=\"https:\/\/flexitol.ca\/wp-content\/uploads\/2024\/02\/fl-ca_face-eyelid-eczema-cream_french_front-526x471.jpg 526w, https:\/\/flexitol.ca\/wp-content\/uploads\/2024\/02\/fl-ca_face-eyelid-eczema-cream_french_front-300x269.jpg 300w, https:\/\/flexitol.ca\/wp-content\/uploads\/2024\/02\/fl-ca_face-eyelid-eczema-cream_french_front-1024x917.jpg 1024w, https:\/\/flexitol.ca\/wp-content\/uploads\/2024\/02\/fl-ca_face-eyelid-eczema-cream_french_front-768x688.jpg 768w, https:\/\/flexitol.ca\/wp-content\/uploads\/2024\/02\/fl-ca_face-eyelid-eczema-cream_french_front-958x858.jpg 958w, https:\/\/flexitol.ca\/wp-content\/uploads\/2024\/02\/fl-ca_face-eyelid-eczema-cream_french_front-584x523.jpg 584w, https:\/\/flexitol.ca\/wp-content\/uploads\/2024\/02\/fl-ca_face-eyelid-eczema-cream_french_front-558x500.jpg 558w, https:\/\/flexitol.ca\/wp-content\/uploads\/2024\/02\/fl-ca_face-eyelid-eczema-cream_french_front-477x427.jpg 477w, https:\/\/flexitol.ca\/wp-content\/uploads\/2024\/02\/fl-ca_face-eyelid-eczema-cream_french_front-432x387.jpg 432w, https:\/\/flexitol.ca\/wp-content\/uploads\/2024\/02\/fl-ca_face-eyelid-eczema-cream_french_front-312x279.jpg 312w, https:\/\/flexitol.ca\/wp-content\/uploads\/2024\/02\/fl-ca_face-eyelid-eczema-cream_french_front-110x99.jpg 110w, https:\/\/flexitol.ca\/wp-content\/uploads\/2024\/02\/fl-ca_face-eyelid-eczema-cream_french_front.jpg 1052w\" sizes=\"(max-width: 526px) 100vw, 526px\" \/>\n      \n    <\/a>\n    <div class=\"post-information content-grid\">\n      <div class=\"mmd-block mmd-block--action\">\n        <a href=\"https:\/\/flexitol.ca\/fr\/produit\/creme-deczema-pour-le-visage-et-les-paupieres\/\" class=\"btn-custom btn-full-width\">Voir le produit<\/a>\n    <\/div>\n      <h3 class=\"post-title\" id=\"post-title-9475\"><a href=\"https:\/\/flexitol.ca\/fr\/produit\/creme-deczema-pour-le-visage-et-les-paupieres\/\">Cr\u00e8me contre l\u2019ecz\u00e9ma pour le visage et les paupi\u00e8res<\/a><\/h3>\n      <div class=\"stars-number\"><div class=\"stars\" role=\"img\" style=\"--rating: 4.1\" aria-label=\"Rating of this product is 4.1 out of 5.\"><\/div><span class=\"numbers\">989  <span class=\"numbers-reviews\"> avis<\/span><\/span> <\/div>\n    <\/div>\n  <\/div>\n<\/article><\/div><\/div><\/div><\/div><div class=\"fwpl-result r4\"><div class=\"fwpl-row el-8cjrpw\"><div class=\"fwpl-col fwpl-col el-1tvcxf\"><div class=\"fwpl-item el-a55pqa\"><article role=\"article\" aria-labelledby=\"post-title-9685\">\n  <div class=\"product-item mmd-item-grid\">\n    <a href=\"https:\/\/flexitol.ca\/fr\/produit\/shampoing-et-revitalisant-apaisant-pour-cuir-chevelu\/\" class=\"post-image\">\n      <img decoding=\"async\" width=\"526\" height=\"471\" src=\"https:\/\/flexitol.ca\/wp-content\/uploads\/2023\/04\/flexitol-scalp-relief-shampoo-and-conditioner-front-view-of-bottle-526x471.png\" class=\"attachment-product_image size-product_image wp-post-image\" alt=\"Front View of the Packaging for Flexitol Scalp Relief Shampoo and Conditioner\" srcset=\"https:\/\/flexitol.ca\/wp-content\/uploads\/2023\/04\/flexitol-scalp-relief-shampoo-and-conditioner-front-view-of-bottle-526x471.png 526w, https:\/\/flexitol.ca\/wp-content\/uploads\/2023\/04\/flexitol-scalp-relief-shampoo-and-conditioner-front-view-of-bottle-300x269.png 300w, https:\/\/flexitol.ca\/wp-content\/uploads\/2023\/04\/flexitol-scalp-relief-shampoo-and-conditioner-front-view-of-bottle-1024x917.png 1024w, https:\/\/flexitol.ca\/wp-content\/uploads\/2023\/04\/flexitol-scalp-relief-shampoo-and-conditioner-front-view-of-bottle-768x688.png 768w, https:\/\/flexitol.ca\/wp-content\/uploads\/2023\/04\/flexitol-scalp-relief-shampoo-and-conditioner-front-view-of-bottle-584x523.png 584w, https:\/\/flexitol.ca\/wp-content\/uploads\/2023\/04\/flexitol-scalp-relief-shampoo-and-conditioner-front-view-of-bottle-558x500.png 558w, https:\/\/flexitol.ca\/wp-content\/uploads\/2023\/04\/flexitol-scalp-relief-shampoo-and-conditioner-front-view-of-bottle-432x387.png 432w, https:\/\/flexitol.ca\/wp-content\/uploads\/2023\/04\/flexitol-scalp-relief-shampoo-and-conditioner-front-view-of-bottle-312x279.png 312w, https:\/\/flexitol.ca\/wp-content\/uploads\/2023\/04\/flexitol-scalp-relief-shampoo-and-conditioner-front-view-of-bottle-110x99.png 110w, https:\/\/flexitol.ca\/wp-content\/uploads\/2023\/04\/flexitol-scalp-relief-shampoo-and-conditioner-front-view-of-bottle.png 1052w\" sizes=\"(max-width: 526px) 100vw, 526px\" \/>\n      \n    <\/a>\n    <div class=\"post-information content-grid\">\n      <div class=\"mmd-block mmd-block--action\">\n        <a href=\"https:\/\/flexitol.ca\/fr\/produit\/shampoing-et-revitalisant-apaisant-pour-cuir-chevelu\/\" class=\"btn-custom btn-full-width\">Voir le produit<\/a>\n    <\/div>\n      <h3 class=\"post-title\" id=\"post-title-9685\"><a href=\"https:\/\/flexitol.ca\/fr\/produit\/shampoing-et-revitalisant-apaisant-pour-cuir-chevelu\/\">Shampoing et revitalisant apaisant pour cuir chevelu<\/a><\/h3>\n      <div class=\"stars-number\"><div class=\"stars\" role=\"img\" style=\"--rating: 4.2\" aria-label=\"Rating of this product is 4.2 out of 5.\"><\/div><span class=\"numbers\">981  <span class=\"numbers-reviews\"> avis<\/span><\/span> <\/div>\n    <\/div>\n  <\/div>\n<\/article><\/div><\/div><\/div><\/div><div class=\"fwpl-result r5\"><div class=\"fwpl-row el-8cjrpw\"><div class=\"fwpl-col fwpl-col el-1tvcxf\"><div class=\"fwpl-item el-a55pqa\"><article role=\"article\" aria-labelledby=\"post-title-9711\">\n  <div class=\"product-item mmd-item-grid\">\n    <a href=\"https:\/\/flexitol.ca\/fr\/produit\/serum-apaisant-pour-cuir-chevelu\/\" class=\"post-image\">\n      <img decoding=\"async\" width=\"526\" height=\"471\" src=\"https:\/\/flexitol.ca\/wp-content\/uploads\/2024\/10\/flexitol-serum-appaisant-pour-cuir-chevelu-1-526x471.jpg\" class=\"attachment-product_image size-product_image wp-post-image\" alt=\"Flexitol S\u00e9rum appaisant pour cuir chevelu front view of carton with winner badge for the beauty awards 2024\" srcset=\"https:\/\/flexitol.ca\/wp-content\/uploads\/2024\/10\/flexitol-serum-appaisant-pour-cuir-chevelu-1-526x471.jpg 526w, https:\/\/flexitol.ca\/wp-content\/uploads\/2024\/10\/flexitol-serum-appaisant-pour-cuir-chevelu-1-300x269.jpg 300w, https:\/\/flexitol.ca\/wp-content\/uploads\/2024\/10\/flexitol-serum-appaisant-pour-cuir-chevelu-1-1024x917.jpg 1024w, https:\/\/flexitol.ca\/wp-content\/uploads\/2024\/10\/flexitol-serum-appaisant-pour-cuir-chevelu-1-768x688.jpg 768w, https:\/\/flexitol.ca\/wp-content\/uploads\/2024\/10\/flexitol-serum-appaisant-pour-cuir-chevelu-1-958x858.jpg 958w, https:\/\/flexitol.ca\/wp-content\/uploads\/2024\/10\/flexitol-serum-appaisant-pour-cuir-chevelu-1-584x523.jpg 584w, https:\/\/flexitol.ca\/wp-content\/uploads\/2024\/10\/flexitol-serum-appaisant-pour-cuir-chevelu-1-558x500.jpg 558w, https:\/\/flexitol.ca\/wp-content\/uploads\/2024\/10\/flexitol-serum-appaisant-pour-cuir-chevelu-1-477x427.jpg 477w, https:\/\/flexitol.ca\/wp-content\/uploads\/2024\/10\/flexitol-serum-appaisant-pour-cuir-chevelu-1-432x387.jpg 432w, https:\/\/flexitol.ca\/wp-content\/uploads\/2024\/10\/flexitol-serum-appaisant-pour-cuir-chevelu-1-312x279.jpg 312w, https:\/\/flexitol.ca\/wp-content\/uploads\/2024\/10\/flexitol-serum-appaisant-pour-cuir-chevelu-1-110x99.jpg 110w, https:\/\/flexitol.ca\/wp-content\/uploads\/2024\/10\/flexitol-serum-appaisant-pour-cuir-chevelu-1.jpg 1052w\" sizes=\"(max-width: 526px) 100vw, 526px\" \/>\n      \n    <\/a>\n    <div class=\"post-information content-grid\">\n      <div class=\"mmd-block mmd-block--action\">\n        <a href=\"https:\/\/flexitol.ca\/fr\/produit\/serum-apaisant-pour-cuir-chevelu\/\" class=\"btn-custom btn-full-width\">Voir le produit<\/a>\n    <\/div>\n      <h3 class=\"post-title\" id=\"post-title-9711\"><a href=\"https:\/\/flexitol.ca\/fr\/produit\/serum-apaisant-pour-cuir-chevelu\/\">S\u00e9rum apaisant pour cuir chevelu<\/a><\/h3>\n      <div class=\"stars-number\"><div class=\"stars\" role=\"img\" style=\"--rating: 4.1\" aria-label=\"Rating of this product is 4.1 out of 5.\"><\/div><span class=\"numbers\">1989  <span class=\"numbers-reviews\"> avis<\/span><\/span> <\/div>\n    <\/div>\n  <\/div>\n<\/article><\/div><\/div><\/div><\/div><div class=\"fwpl-result r6\"><div class=\"fwpl-row el-8cjrpw\"><div class=\"fwpl-col fwpl-col el-1tvcxf\"><div class=\"fwpl-item el-a55pqa\"><article role=\"article\" aria-labelledby=\"post-title-9724\">\n  <div class=\"product-item mmd-item-grid\">\n    <a href=\"https:\/\/flexitol.ca\/fr\/produit\/creme-contre-leczema-et-la-dermatite\/\" class=\"post-image\">\n      <img decoding=\"async\" width=\"526\" height=\"471\" src=\"https:\/\/flexitol.ca\/wp-content\/uploads\/2024\/02\/flexitol-eczema-dermatitis-cream-back-of-carton-in-french-526x471.jpg\" class=\"attachment-product_image size-product_image wp-post-image\" alt=\"\" srcset=\"https:\/\/flexitol.ca\/wp-content\/uploads\/2024\/02\/flexitol-eczema-dermatitis-cream-back-of-carton-in-french-526x471.jpg 526w, https:\/\/flexitol.ca\/wp-content\/uploads\/2024\/02\/flexitol-eczema-dermatitis-cream-back-of-carton-in-french-300x269.jpg 300w, https:\/\/flexitol.ca\/wp-content\/uploads\/2024\/02\/flexitol-eczema-dermatitis-cream-back-of-carton-in-french-1024x917.jpg 1024w, https:\/\/flexitol.ca\/wp-content\/uploads\/2024\/02\/flexitol-eczema-dermatitis-cream-back-of-carton-in-french-768x688.jpg 768w, https:\/\/flexitol.ca\/wp-content\/uploads\/2024\/02\/flexitol-eczema-dermatitis-cream-back-of-carton-in-french-958x858.jpg 958w, https:\/\/flexitol.ca\/wp-content\/uploads\/2024\/02\/flexitol-eczema-dermatitis-cream-back-of-carton-in-french-584x523.jpg 584w, https:\/\/flexitol.ca\/wp-content\/uploads\/2024\/02\/flexitol-eczema-dermatitis-cream-back-of-carton-in-french-558x500.jpg 558w, https:\/\/flexitol.ca\/wp-content\/uploads\/2024\/02\/flexitol-eczema-dermatitis-cream-back-of-carton-in-french-477x427.jpg 477w, https:\/\/flexitol.ca\/wp-content\/uploads\/2024\/02\/flexitol-eczema-dermatitis-cream-back-of-carton-in-french-432x387.jpg 432w, https:\/\/flexitol.ca\/wp-content\/uploads\/2024\/02\/flexitol-eczema-dermatitis-cream-back-of-carton-in-french-312x279.jpg 312w, https:\/\/flexitol.ca\/wp-content\/uploads\/2024\/02\/flexitol-eczema-dermatitis-cream-back-of-carton-in-french-110x99.jpg 110w, https:\/\/flexitol.ca\/wp-content\/uploads\/2024\/02\/flexitol-eczema-dermatitis-cream-back-of-carton-in-french.jpg 1052w\" sizes=\"(max-width: 526px) 100vw, 526px\" \/>\n      \n    <\/a>\n    <div class=\"post-information content-grid\">\n      <div class=\"mmd-block mmd-block--action\">\n        <a href=\"https:\/\/flexitol.ca\/fr\/produit\/creme-contre-leczema-et-la-dermatite\/\" class=\"btn-custom btn-full-width\">Voir le produit<\/a>\n    <\/div>\n      <h3 class=\"post-title\" id=\"post-title-9724\"><a href=\"https:\/\/flexitol.ca\/fr\/produit\/creme-contre-leczema-et-la-dermatite\/\">Cr\u00e8me contre l\u2019ecz\u00e9ma et la dermatite<\/a><\/h3>\n      <div class=\"stars-number\"><div class=\"stars\" role=\"img\" style=\"--rating: 4.1\" aria-label=\"Rating of this product is 4.1 out of 5.\"><\/div><span class=\"numbers\">342  <span class=\"numbers-reviews\"> avis<\/span><\/span> <\/div>\n    <\/div>\n  <\/div>\n<\/article><\/div><\/div><\/div><\/div><div class=\"fwpl-result r7\"><div class=\"fwpl-row el-8cjrpw\"><div class=\"fwpl-col fwpl-col el-1tvcxf\"><div class=\"fwpl-item el-a55pqa\"><article role=\"article\" aria-labelledby=\"post-title-9744\">\n  <div class=\"product-item mmd-item-grid\">\n    <a href=\"https:\/\/flexitol.ca\/fr\/produit\/lotion-contre-leczema-et-la-dermatite\/\" class=\"post-image\">\n      <img decoding=\"async\" width=\"460\" height=\"430\" src=\"https:\/\/flexitol.ca\/wp-content\/uploads\/2022\/01\/fl_can_edl_web_800x748_1_0.png\" class=\"attachment-product_image size-product_image wp-post-image\" alt=\"\" srcset=\"https:\/\/flexitol.ca\/wp-content\/uploads\/2022\/01\/fl_can_edl_web_800x748_1_0.png 460w, https:\/\/flexitol.ca\/wp-content\/uploads\/2022\/01\/fl_can_edl_web_800x748_1_0-300x280.png 300w, https:\/\/flexitol.ca\/wp-content\/uploads\/2022\/01\/fl_can_edl_web_800x748_1_0-81x76.png 81w\" sizes=\"(max-width: 460px) 100vw, 460px\" \/>\n      \n    <\/a>\n    <div class=\"post-information content-grid\">\n      <div class=\"mmd-block mmd-block--action\">\n        <a href=\"https:\/\/flexitol.ca\/fr\/produit\/lotion-contre-leczema-et-la-dermatite\/\" class=\"btn-custom btn-full-width\">Voir le produit<\/a>\n    <\/div>\n      <h3 class=\"post-title\" id=\"post-title-9744\"><a href=\"https:\/\/flexitol.ca\/fr\/produit\/lotion-contre-leczema-et-la-dermatite\/\">Lotion contre l\u2019ecz\u00e9ma et la dermatite<\/a><\/h3>\n      <div class=\"stars-number\"><div class=\"stars\" role=\"img\" style=\"--rating: 4.3\" aria-label=\"Rating of this product is 4.3 out of 5.\"><\/div><span class=\"numbers\">232  <span class=\"numbers-reviews\"> avis<\/span><\/span> <\/div>\n    <\/div>\n  <\/div>\n<\/article><\/div><\/div><\/div><\/div><div class=\"fwpl-result r8\"><div class=\"fwpl-row el-8cjrpw\"><div class=\"fwpl-col fwpl-col el-1tvcxf\"><div class=\"fwpl-item el-a55pqa\"><article role=\"article\" aria-labelledby=\"post-title-9759\">\n  <div class=\"product-item mmd-item-grid\">\n    <a href=\"https:\/\/flexitol.ca\/fr\/produit\/baume-pour-les-talons\/\" class=\"post-image\">\n      <img decoding=\"async\" width=\"526\" height=\"471\" src=\"https:\/\/flexitol.ca\/wp-content\/uploads\/2023\/04\/flexitol-heel-balm-28g-front-view-of-packaging-526x471.png\" class=\"attachment-product_image size-product_image wp-post-image\" alt=\"Front View of the Packaging for Flexitol Heel Balm 28g\" srcset=\"https:\/\/flexitol.ca\/wp-content\/uploads\/2023\/04\/flexitol-heel-balm-28g-front-view-of-packaging-526x471.png 526w, https:\/\/flexitol.ca\/wp-content\/uploads\/2023\/04\/flexitol-heel-balm-28g-front-view-of-packaging-300x269.png 300w, https:\/\/flexitol.ca\/wp-content\/uploads\/2023\/04\/flexitol-heel-balm-28g-front-view-of-packaging-1024x917.png 1024w, https:\/\/flexitol.ca\/wp-content\/uploads\/2023\/04\/flexitol-heel-balm-28g-front-view-of-packaging-768x688.png 768w, https:\/\/flexitol.ca\/wp-content\/uploads\/2023\/04\/flexitol-heel-balm-28g-front-view-of-packaging-584x523.png 584w, https:\/\/flexitol.ca\/wp-content\/uploads\/2023\/04\/flexitol-heel-balm-28g-front-view-of-packaging-558x500.png 558w, https:\/\/flexitol.ca\/wp-content\/uploads\/2023\/04\/flexitol-heel-balm-28g-front-view-of-packaging-432x387.png 432w, https:\/\/flexitol.ca\/wp-content\/uploads\/2023\/04\/flexitol-heel-balm-28g-front-view-of-packaging-312x279.png 312w, https:\/\/flexitol.ca\/wp-content\/uploads\/2023\/04\/flexitol-heel-balm-28g-front-view-of-packaging-110x99.png 110w, https:\/\/flexitol.ca\/wp-content\/uploads\/2023\/04\/flexitol-heel-balm-28g-front-view-of-packaging.png 1052w\" sizes=\"(max-width: 526px) 100vw, 526px\" \/>\n      \n    <\/a>\n    <div class=\"post-information content-grid\">\n      <div class=\"mmd-block mmd-block--action\">\n        <a href=\"https:\/\/flexitol.ca\/fr\/produit\/baume-pour-les-talons\/\" class=\"btn-custom btn-full-width\">Voir le produit<\/a>\n    <\/div>\n      <h3 class=\"post-title\" id=\"post-title-9759\"><a href=\"https:\/\/flexitol.ca\/fr\/produit\/baume-pour-les-talons\/\">Baume pour les talons<\/a><\/h3>\n      <div class=\"stars-number\"><div class=\"stars\" role=\"img\" style=\"--rating: 4.4\" aria-label=\"Rating of this product is 4.4 out of 5.\"><\/div><span class=\"numbers\">5161  <span class=\"numbers-reviews\"> avis<\/span><\/span> <\/div>\n    <\/div>\n  <\/div>\n<\/article><\/div><\/div><\/div><\/div><div class=\"fwpl-result r9\"><div class=\"fwpl-row el-8cjrpw\"><div class=\"fwpl-col fwpl-col el-1tvcxf\"><div class=\"fwpl-item el-a55pqa\"><article role=\"article\" aria-labelledby=\"post-title-9766\">\n  <div class=\"product-item mmd-item-grid\">\n    <a href=\"https:\/\/flexitol.ca\/fr\/produit\/liquide-antifongique\/\" class=\"post-image\">\n      <img decoding=\"async\" width=\"526\" height=\"471\" src=\"https:\/\/flexitol.ca\/wp-content\/uploads\/2023\/04\/flexitol-antifungal-liquid-front-view-of-packaging-526x471.png\" class=\"attachment-product_image size-product_image wp-post-image\" alt=\"Front View of the Packaging for Flexitol Antifungal Liquid\" srcset=\"https:\/\/flexitol.ca\/wp-content\/uploads\/2023\/04\/flexitol-antifungal-liquid-front-view-of-packaging-526x471.png 526w, https:\/\/flexitol.ca\/wp-content\/uploads\/2023\/04\/flexitol-antifungal-liquid-front-view-of-packaging-300x269.png 300w, https:\/\/flexitol.ca\/wp-content\/uploads\/2023\/04\/flexitol-antifungal-liquid-front-view-of-packaging-1024x917.png 1024w, https:\/\/flexitol.ca\/wp-content\/uploads\/2023\/04\/flexitol-antifungal-liquid-front-view-of-packaging-768x688.png 768w, https:\/\/flexitol.ca\/wp-content\/uploads\/2023\/04\/flexitol-antifungal-liquid-front-view-of-packaging-584x523.png 584w, https:\/\/flexitol.ca\/wp-content\/uploads\/2023\/04\/flexitol-antifungal-liquid-front-view-of-packaging-558x500.png 558w, https:\/\/flexitol.ca\/wp-content\/uploads\/2023\/04\/flexitol-antifungal-liquid-front-view-of-packaging-432x387.png 432w, https:\/\/flexitol.ca\/wp-content\/uploads\/2023\/04\/flexitol-antifungal-liquid-front-view-of-packaging-312x279.png 312w, https:\/\/flexitol.ca\/wp-content\/uploads\/2023\/04\/flexitol-antifungal-liquid-front-view-of-packaging-110x99.png 110w, https:\/\/flexitol.ca\/wp-content\/uploads\/2023\/04\/flexitol-antifungal-liquid-front-view-of-packaging.png 1052w\" sizes=\"(max-width: 526px) 100vw, 526px\" \/>\n      \n    <\/a>\n    <div class=\"post-information content-grid\">\n      <div class=\"mmd-block mmd-block--action\">\n        <a href=\"https:\/\/flexitol.ca\/fr\/produit\/liquide-antifongique\/\" class=\"btn-custom btn-full-width\">Voir le produit<\/a>\n    <\/div>\n      <h3 class=\"post-title\" id=\"post-title-9766\"><a href=\"https:\/\/flexitol.ca\/fr\/produit\/liquide-antifongique\/\">Liquide antifongique<\/a><\/h3>\n      <div class=\"stars-number\"><div class=\"stars\" role=\"img\" style=\"--rating: 3.9\" aria-label=\"Rating of this product is 3.9 out of 5.\"><\/div><span class=\"numbers\">857  <span class=\"numbers-reviews\"> avis<\/span><\/span> <\/div>\n    <\/div>\n  <\/div>\n<\/article><\/div><\/div><\/div><\/div><div class=\"fwpl-result r10\"><div class=\"fwpl-row el-8cjrpw\"><div class=\"fwpl-col fwpl-col el-1tvcxf\"><div class=\"fwpl-item el-a55pqa\"><article role=\"article\" aria-labelledby=\"post-title-9771\">\n  <div class=\"product-item mmd-item-grid\">\n    <a href=\"https:\/\/flexitol.ca\/fr\/produit\/magie-pour-les-talons\/\" class=\"post-image\">\n      <img decoding=\"async\" width=\"526\" height=\"471\" src=\"https:\/\/flexitol.ca\/wp-content\/uploads\/2024\/02\/flexitol-heel-magic-back-of-carton-in-french-526x471.jpg\" class=\"attachment-product_image size-product_image wp-post-image\" alt=\"\" srcset=\"https:\/\/flexitol.ca\/wp-content\/uploads\/2024\/02\/flexitol-heel-magic-back-of-carton-in-french-526x471.jpg 526w, https:\/\/flexitol.ca\/wp-content\/uploads\/2024\/02\/flexitol-heel-magic-back-of-carton-in-french-300x269.jpg 300w, https:\/\/flexitol.ca\/wp-content\/uploads\/2024\/02\/flexitol-heel-magic-back-of-carton-in-french-1024x917.jpg 1024w, https:\/\/flexitol.ca\/wp-content\/uploads\/2024\/02\/flexitol-heel-magic-back-of-carton-in-french-768x688.jpg 768w, https:\/\/flexitol.ca\/wp-content\/uploads\/2024\/02\/flexitol-heel-magic-back-of-carton-in-french-958x858.jpg 958w, https:\/\/flexitol.ca\/wp-content\/uploads\/2024\/02\/flexitol-heel-magic-back-of-carton-in-french-584x523.jpg 584w, https:\/\/flexitol.ca\/wp-content\/uploads\/2024\/02\/flexitol-heel-magic-back-of-carton-in-french-558x500.jpg 558w, https:\/\/flexitol.ca\/wp-content\/uploads\/2024\/02\/flexitol-heel-magic-back-of-carton-in-french-477x427.jpg 477w, https:\/\/flexitol.ca\/wp-content\/uploads\/2024\/02\/flexitol-heel-magic-back-of-carton-in-french-432x387.jpg 432w, https:\/\/flexitol.ca\/wp-content\/uploads\/2024\/02\/flexitol-heel-magic-back-of-carton-in-french-312x279.jpg 312w, https:\/\/flexitol.ca\/wp-content\/uploads\/2024\/02\/flexitol-heel-magic-back-of-carton-in-french-110x99.jpg 110w, https:\/\/flexitol.ca\/wp-content\/uploads\/2024\/02\/flexitol-heel-magic-back-of-carton-in-french.jpg 1052w\" sizes=\"(max-width: 526px) 100vw, 526px\" \/>\n      \n    <\/a>\n    <div class=\"post-information content-grid\">\n      <div class=\"mmd-block mmd-block--action\">\n        <a href=\"https:\/\/flexitol.ca\/fr\/produit\/magie-pour-les-talons\/\" class=\"btn-custom btn-full-width\">Voir le produit<\/a>\n    <\/div>\n      <h3 class=\"post-title\" id=\"post-title-9771\"><a href=\"https:\/\/flexitol.ca\/fr\/produit\/magie-pour-les-talons\/\">Magie pour les talons<\/a><\/h3>\n      <div class=\"stars-number\"><div class=\"stars\" role=\"img\" style=\"--rating: 4.5\" aria-label=\"Rating of this product is 4.5 out of 5.\"><\/div><span class=\"numbers\">4885  <span class=\"numbers-reviews\"> avis<\/span><\/span> <\/div>\n    <\/div>\n  <\/div>\n<\/article><\/div><\/div><\/div><\/div><div class=\"fwpl-result r11\"><div class=\"fwpl-row el-8cjrpw\"><div class=\"fwpl-col fwpl-col el-1tvcxf\"><div class=\"fwpl-item el-a55pqa\"><article role=\"article\" aria-labelledby=\"post-title-9779\">\n  <div class=\"product-item mmd-item-grid\">\n    <a href=\"https:\/\/flexitol.ca\/fr\/produit\/lotion-pour-la-peau-tres-seche\/\" class=\"post-image\">\n      <img decoding=\"async\" width=\"460\" height=\"430\" src=\"https:\/\/flexitol.ca\/wp-content\/uploads\/2022\/01\/fl_can_vdsl_web_800x748_1.png\" class=\"attachment-product_image size-product_image wp-post-image\" alt=\"\" srcset=\"https:\/\/flexitol.ca\/wp-content\/uploads\/2022\/01\/fl_can_vdsl_web_800x748_1.png 460w, https:\/\/flexitol.ca\/wp-content\/uploads\/2022\/01\/fl_can_vdsl_web_800x748_1-300x280.png 300w, https:\/\/flexitol.ca\/wp-content\/uploads\/2022\/01\/fl_can_vdsl_web_800x748_1-81x76.png 81w\" sizes=\"(max-width: 460px) 100vw, 460px\" \/>\n      \n    <\/a>\n    <div class=\"post-information content-grid\">\n      <div class=\"mmd-block mmd-block--action\">\n        <a href=\"https:\/\/flexitol.ca\/fr\/produit\/lotion-pour-la-peau-tres-seche\/\" class=\"btn-custom btn-full-width\">Voir le produit<\/a>\n    <\/div>\n      <h3 class=\"post-title\" id=\"post-title-9779\"><a href=\"https:\/\/flexitol.ca\/fr\/produit\/lotion-pour-la-peau-tres-seche\/\">Lotion pour la peau tr\u00e8s s\u00e8che<\/a><\/h3>\n      <div class=\"stars-number\"><div class=\"stars\" role=\"img\" style=\"--rating: 4.4\" aria-label=\"Rating of this product is 4.4 out of 5.\"><\/div><span class=\"numbers\">669  <span class=\"numbers-reviews\"> avis<\/span><\/span> <\/div>\n    <\/div>\n  <\/div>\n<\/article><\/div><\/div><\/div><\/div><div class=\"fwpl-result r12\"><div class=\"fwpl-row el-8cjrpw\"><div class=\"fwpl-col fwpl-col el-1tvcxf\"><div class=\"fwpl-item el-a55pqa\"><article role=\"article\" aria-labelledby=\"post-title-9784\">\n  <div class=\"product-item mmd-item-grid\">\n    <a href=\"https:\/\/flexitol.ca\/fr\/produit\/creme-pour-la-peau-tres-seche\/\" class=\"post-image\">\n      <img decoding=\"async\" width=\"526\" height=\"471\" src=\"https:\/\/flexitol.ca\/wp-content\/uploads\/2024\/02\/flexitol-very-dry-skin-cream-back-of-carton-in-french-526x471.jpg\" class=\"attachment-product_image size-product_image wp-post-image\" alt=\"\" srcset=\"https:\/\/flexitol.ca\/wp-content\/uploads\/2024\/02\/flexitol-very-dry-skin-cream-back-of-carton-in-french-526x471.jpg 526w, https:\/\/flexitol.ca\/wp-content\/uploads\/2024\/02\/flexitol-very-dry-skin-cream-back-of-carton-in-french-300x269.jpg 300w, https:\/\/flexitol.ca\/wp-content\/uploads\/2024\/02\/flexitol-very-dry-skin-cream-back-of-carton-in-french-1024x917.jpg 1024w, https:\/\/flexitol.ca\/wp-content\/uploads\/2024\/02\/flexitol-very-dry-skin-cream-back-of-carton-in-french-768x688.jpg 768w, https:\/\/flexitol.ca\/wp-content\/uploads\/2024\/02\/flexitol-very-dry-skin-cream-back-of-carton-in-french-958x858.jpg 958w, https:\/\/flexitol.ca\/wp-content\/uploads\/2024\/02\/flexitol-very-dry-skin-cream-back-of-carton-in-french-584x523.jpg 584w, https:\/\/flexitol.ca\/wp-content\/uploads\/2024\/02\/flexitol-very-dry-skin-cream-back-of-carton-in-french-558x500.jpg 558w, https:\/\/flexitol.ca\/wp-content\/uploads\/2024\/02\/flexitol-very-dry-skin-cream-back-of-carton-in-french-477x427.jpg 477w, https:\/\/flexitol.ca\/wp-content\/uploads\/2024\/02\/flexitol-very-dry-skin-cream-back-of-carton-in-french-432x387.jpg 432w, https:\/\/flexitol.ca\/wp-content\/uploads\/2024\/02\/flexitol-very-dry-skin-cream-back-of-carton-in-french-312x279.jpg 312w, https:\/\/flexitol.ca\/wp-content\/uploads\/2024\/02\/flexitol-very-dry-skin-cream-back-of-carton-in-french-110x99.jpg 110w, https:\/\/flexitol.ca\/wp-content\/uploads\/2024\/02\/flexitol-very-dry-skin-cream-back-of-carton-in-french.jpg 1052w\" sizes=\"(max-width: 526px) 100vw, 526px\" \/>\n      \n    <\/a>\n    <div class=\"post-information content-grid\">\n      <div class=\"mmd-block mmd-block--action\">\n        <a href=\"https:\/\/flexitol.ca\/fr\/produit\/creme-pour-la-peau-tres-seche\/\" class=\"btn-custom btn-full-width\">Voir le produit<\/a>\n    <\/div>\n      <h3 class=\"post-title\" id=\"post-title-9784\"><a href=\"https:\/\/flexitol.ca\/fr\/produit\/creme-pour-la-peau-tres-seche\/\">Cr\u00e8me pour la peau tr\u00e8s s\u00e8che<\/a><\/h3>\n      <div class=\"stars-number\"><div class=\"stars\" role=\"img\" style=\"--rating: 4.4\" aria-label=\"Rating of this product is 4.4 out of 5.\"><\/div><span class=\"numbers\">669  <span class=\"numbers-reviews\"> avis<\/span><\/span> <\/div>\n    <\/div>\n  <\/div>\n<\/article><\/div><\/div><\/div><\/div><\/div>\n<style>\n.fwpl-layout, .fwpl-row {\n    display: grid;\n}\n.fwpl-layout.el-hkhimk {\n    grid-template-columns: repeat(3, 1fr);\n    grid-gap: 20px;\n}\n.fwpl-btn {\n    text-decoration: none;\n}\n.fwpl-row.el-8cjrpw {\n    grid-template-columns: 1fr;\n}\n@media (max-width: 480px) { \n    body .facetwp-template .fwpl-layout,  \n    body .facetwp-template-static .fwpl-layout { grid-template-columns: 1fr; } \n} \n\n<\/style>\n<\/div>\n\n      <nav aria-label='Pagination' class='pager d-flex justify-content-center justify-content-lg-end' id='mmd-pager'><div class=\"facetwp-pager\"><\/div><\/nav>\n\n      \n\n    <\/div>\n  <\/div>\n<\/div>","protected":false},"excerpt":{"rendered":"<p>Nos solutions de soins personnels et nos produits d&#8217;usage quotidien, efficaces, innovants et abordables, r\u00e9pondent de mani\u00e8re douce et efficace \u00e0 vos besoins uniques et vari\u00e9s en mati\u00e8re de soins de la peau.<\/p>\n","protected":false},"featured_media":10090,"template":"","class_list":["post-9976","condition","type-condition","status-publish","has-post-thumbnail","hentry"],"acf":[],"_links":{"self":[{"href":"https:\/\/flexitol.ca\/fr\/wp-json\/wp\/v2\/condition\/9976","targetHints":{"allow":["GET"]}}],"collection":[{"href":"https:\/\/flexitol.ca\/fr\/wp-json\/wp\/v2\/condition"}],"about":[{"href":"https:\/\/flexitol.ca\/fr\/wp-json\/wp\/v2\/types\/condition"}],"version-history":[{"count":1,"href":"https:\/\/flexitol.ca\/fr\/wp-json\/wp\/v2\/condition\/9976\/revisions"}],"predecessor-version":[{"id":11068,"href":"https:\/\/flexitol.ca\/fr\/wp-json\/wp\/v2\/condition\/9976\/revisions\/11068"}],"wp:featuredmedia":[{"embeddable":true,"href":"https:\/\/flexitol.ca\/fr\/wp-json\/wp\/v2\/media\/10090"}],"wp:attachment":[{"href":"https:\/\/flexitol.ca\/fr\/wp-json\/wp\/v2\/media?parent=9976"}],"curies":[{"name":"wp","href":"https:\/\/api.w.org\/{rel}","templated":true}]}}