
{"id":9771,"date":"2022-01-17T20:53:23","date_gmt":"2022-01-17T09:53:23","guid":{"rendered":"https:\/\/flexitol.ca\/product\/magie-pour-les-talons\/"},"modified":"2026-04-02T13:25:24","modified_gmt":"2026-04-02T02:25:24","slug":"magie-pour-les-talons","status":"publish","type":"product","link":"https:\/\/flexitol.ca\/fr\/produit\/magie-pour-les-talons\/","title":{"rendered":"Magie pour les talons"},"content":{"rendered":"\n<section class=\"wp-block-mmd-product-grid-block product grid-block mmd-block full-width column-3 white\"><div class=\"container\"><h2 class=\"title\">Vous pourriez \u00e9galement \u00eatre int\u00e9ress\u00e9 par<\/h2><div class=\"description\"><\/div><div class='row'><div class='mmd-col-custom mmd-item-grid'>\n                <div class='media-grid'>\n                  <a href='https:\/\/flexitol.ca\/fr\/produit\/baume-pour-les-talons\/' aria-label='View more about Baume pour les talons'>\n                    <img decoding=\"async\" width=\"526\" height=\"471\" src=\"https:\/\/flexitol.ca\/wp-content\/uploads\/2023\/04\/flexitol-heel-balm-28g-front-view-of-packaging-526x471.png\" class=\"attachment-product_image size-product_image\" alt=\"Front View of the Packaging for Flexitol Heel Balm 28g\" srcset=\"https:\/\/flexitol.ca\/wp-content\/uploads\/2023\/04\/flexitol-heel-balm-28g-front-view-of-packaging-526x471.png 526w, https:\/\/flexitol.ca\/wp-content\/uploads\/2023\/04\/flexitol-heel-balm-28g-front-view-of-packaging-300x269.png 300w, https:\/\/flexitol.ca\/wp-content\/uploads\/2023\/04\/flexitol-heel-balm-28g-front-view-of-packaging-1024x917.png 1024w, https:\/\/flexitol.ca\/wp-content\/uploads\/2023\/04\/flexitol-heel-balm-28g-front-view-of-packaging-768x688.png 768w, https:\/\/flexitol.ca\/wp-content\/uploads\/2023\/04\/flexitol-heel-balm-28g-front-view-of-packaging-584x523.png 584w, https:\/\/flexitol.ca\/wp-content\/uploads\/2023\/04\/flexitol-heel-balm-28g-front-view-of-packaging-558x500.png 558w, https:\/\/flexitol.ca\/wp-content\/uploads\/2023\/04\/flexitol-heel-balm-28g-front-view-of-packaging-432x387.png 432w, https:\/\/flexitol.ca\/wp-content\/uploads\/2023\/04\/flexitol-heel-balm-28g-front-view-of-packaging-312x279.png 312w, https:\/\/flexitol.ca\/wp-content\/uploads\/2023\/04\/flexitol-heel-balm-28g-front-view-of-packaging-110x99.png 110w, https:\/\/flexitol.ca\/wp-content\/uploads\/2023\/04\/flexitol-heel-balm-28g-front-view-of-packaging.png 1052w\" sizes=\"(max-width: 526px) 100vw, 526px\" \/>\n                    \n                  <\/a>\n                <\/div>\n                <div class='content-grid'>\n                  <div class='mmd-block mmd-block--action'>\n                    <a class='btn-custom btn-full-width' href='https:\/\/flexitol.ca\/fr\/produit\/baume-pour-les-talons\/'>Voir le produit<\/a>\n                  <\/div>\n                  <a href='https:\/\/flexitol.ca\/fr\/produit\/baume-pour-les-talons\/'><h3 class='title-item'>Baume pour les talons<\/h3><\/a>\n                  \n                  <div class=\"stars-number\"><div class=\"stars\" role=\"img\" style=\"--rating: 4.4\" aria-label=\"Rating of this product is 4.4 out of 5.\"><\/div><span class=\"numbers\">5161  <span class=\"numbers-reviews\"> avis<\/span><\/span> <\/div>\n                <\/div>\n            <\/div><div class='mmd-col-custom mmd-item-grid'>\n                <div class='media-grid'>\n                  <a href='https:\/\/flexitol.ca\/fr\/produit\/creme-pour-la-peau-tres-seche\/' aria-label='View more about Cr\u00e8me pour la peau tr\u00e8s s\u00e8che'>\n                    <img decoding=\"async\" width=\"526\" height=\"471\" src=\"https:\/\/flexitol.ca\/wp-content\/uploads\/2024\/02\/flexitol-very-dry-skin-cream-back-of-carton-in-french-526x471.jpg\" class=\"attachment-product_image size-product_image\" alt=\"\" srcset=\"https:\/\/flexitol.ca\/wp-content\/uploads\/2024\/02\/flexitol-very-dry-skin-cream-back-of-carton-in-french-526x471.jpg 526w, https:\/\/flexitol.ca\/wp-content\/uploads\/2024\/02\/flexitol-very-dry-skin-cream-back-of-carton-in-french-300x269.jpg 300w, https:\/\/flexitol.ca\/wp-content\/uploads\/2024\/02\/flexitol-very-dry-skin-cream-back-of-carton-in-french-1024x917.jpg 1024w, https:\/\/flexitol.ca\/wp-content\/uploads\/2024\/02\/flexitol-very-dry-skin-cream-back-of-carton-in-french-768x688.jpg 768w, https:\/\/flexitol.ca\/wp-content\/uploads\/2024\/02\/flexitol-very-dry-skin-cream-back-of-carton-in-french-958x858.jpg 958w, https:\/\/flexitol.ca\/wp-content\/uploads\/2024\/02\/flexitol-very-dry-skin-cream-back-of-carton-in-french-584x523.jpg 584w, https:\/\/flexitol.ca\/wp-content\/uploads\/2024\/02\/flexitol-very-dry-skin-cream-back-of-carton-in-french-558x500.jpg 558w, https:\/\/flexitol.ca\/wp-content\/uploads\/2024\/02\/flexitol-very-dry-skin-cream-back-of-carton-in-french-477x427.jpg 477w, https:\/\/flexitol.ca\/wp-content\/uploads\/2024\/02\/flexitol-very-dry-skin-cream-back-of-carton-in-french-432x387.jpg 432w, https:\/\/flexitol.ca\/wp-content\/uploads\/2024\/02\/flexitol-very-dry-skin-cream-back-of-carton-in-french-312x279.jpg 312w, https:\/\/flexitol.ca\/wp-content\/uploads\/2024\/02\/flexitol-very-dry-skin-cream-back-of-carton-in-french-110x99.jpg 110w, https:\/\/flexitol.ca\/wp-content\/uploads\/2024\/02\/flexitol-very-dry-skin-cream-back-of-carton-in-french.jpg 1052w\" sizes=\"(max-width: 526px) 100vw, 526px\" \/>\n                    \n                  <\/a>\n                <\/div>\n                <div class='content-grid'>\n                  <div class='mmd-block mmd-block--action'>\n                    <a class='btn-custom btn-full-width' href='https:\/\/flexitol.ca\/fr\/produit\/creme-pour-la-peau-tres-seche\/'>Voir le produit<\/a>\n                  <\/div>\n                  <a href='https:\/\/flexitol.ca\/fr\/produit\/creme-pour-la-peau-tres-seche\/'><h3 class='title-item'>Cr\u00e8me pour la peau tr\u00e8s s\u00e8che<\/h3><\/a>\n                  \n                  <div class=\"stars-number\"><div class=\"stars\" role=\"img\" style=\"--rating: 4.4\" aria-label=\"Rating of this product is 4.4 out of 5.\"><\/div><span class=\"numbers\">669  <span class=\"numbers-reviews\"> avis<\/span><\/span> <\/div>\n                <\/div>\n            <\/div><div class='mmd-col-custom mmd-item-grid'>\n                <div class='media-grid'>\n                  <a href='https:\/\/flexitol.ca\/fr\/produit\/liquide-antifongique\/' aria-label='View more about Liquide antifongique'>\n                    <img decoding=\"async\" width=\"526\" height=\"471\" src=\"https:\/\/flexitol.ca\/wp-content\/uploads\/2023\/04\/flexitol-antifungal-liquid-front-view-of-packaging-526x471.png\" class=\"attachment-product_image size-product_image\" alt=\"Front View of the Packaging for Flexitol Antifungal Liquid\" srcset=\"https:\/\/flexitol.ca\/wp-content\/uploads\/2023\/04\/flexitol-antifungal-liquid-front-view-of-packaging-526x471.png 526w, https:\/\/flexitol.ca\/wp-content\/uploads\/2023\/04\/flexitol-antifungal-liquid-front-view-of-packaging-300x269.png 300w, https:\/\/flexitol.ca\/wp-content\/uploads\/2023\/04\/flexitol-antifungal-liquid-front-view-of-packaging-1024x917.png 1024w, https:\/\/flexitol.ca\/wp-content\/uploads\/2023\/04\/flexitol-antifungal-liquid-front-view-of-packaging-768x688.png 768w, https:\/\/flexitol.ca\/wp-content\/uploads\/2023\/04\/flexitol-antifungal-liquid-front-view-of-packaging-584x523.png 584w, https:\/\/flexitol.ca\/wp-content\/uploads\/2023\/04\/flexitol-antifungal-liquid-front-view-of-packaging-558x500.png 558w, https:\/\/flexitol.ca\/wp-content\/uploads\/2023\/04\/flexitol-antifungal-liquid-front-view-of-packaging-432x387.png 432w, https:\/\/flexitol.ca\/wp-content\/uploads\/2023\/04\/flexitol-antifungal-liquid-front-view-of-packaging-312x279.png 312w, https:\/\/flexitol.ca\/wp-content\/uploads\/2023\/04\/flexitol-antifungal-liquid-front-view-of-packaging-110x99.png 110w, https:\/\/flexitol.ca\/wp-content\/uploads\/2023\/04\/flexitol-antifungal-liquid-front-view-of-packaging.png 1052w\" sizes=\"(max-width: 526px) 100vw, 526px\" \/>\n                    \n                  <\/a>\n                <\/div>\n                <div class='content-grid'>\n                  <div class='mmd-block mmd-block--action'>\n                    <a class='btn-custom btn-full-width' href='https:\/\/flexitol.ca\/fr\/produit\/liquide-antifongique\/'>Voir le produit<\/a>\n                  <\/div>\n                  <a href='https:\/\/flexitol.ca\/fr\/produit\/liquide-antifongique\/'><h3 class='title-item'>Liquide antifongique<\/h3><\/a>\n                  \n                  <div class=\"stars-number\"><div class=\"stars\" role=\"img\" style=\"--rating: 3.9\" aria-label=\"Rating of this product is 3.9 out of 5.\"><\/div><span class=\"numbers\">857  <span class=\"numbers-reviews\"> avis<\/span><\/span> <\/div>\n                <\/div>\n            <\/div><\/div><\/div><\/section>\n\n\n\n<section class=\"wp-block-mmd-our-review-block our-reviews-block light-green full-width light-blue\"><div class=\"container\"><div class=\"inner-block inner-block-review\"><div class=\"row\"><div class=\"col-md-3\"><div class=\"our-review-infor\"><h2 class=\"title\">Nos avis<\/h2><a class=\"media pe-2\" href=\"https:\/\/www.amazon.ca\/stores\/page\/F7503DAC-1114-48CB-A748-BBF55FFFCBD5\" target=\"_blank\" rel=\"noopener\"><img decoding=\"async\" src=\"https:\/\/flexitol.ca\/wp-content\/uploads\/2023\/04\/amazon_ca.png\" alt=\"amazon ca\" width=\"200\" height=\"120\" loading=\"lazy\"\/><\/a><\/div><\/div><div class=\"col-md-9\"><div id=\"our-review-slider\" class=\"our-review-slider\">\n\n<div class=\"wp-block-column our-review-item is-layout-flow wp-block-column-is-layout-flow\">\n<p style=\"font-size:16px\">J&#8217;utilise le Baume pour les talons de Flexitol depuis deux ans, c&#8217;est le meilleur produit que j&#8217;ai jamais utilis\u00e9. <br>Mes talons ne se fissurent plus et ne sont plus douloureux. Merci d&#8217;avoir cr\u00e9\u00e9 un produit aussi merveilleux.<\/p>\n\n\n\n<h2 class=\"wp-block-heading our-review-title\">Penny Patterson, Texas<\/h2>\n<\/div>\n\n\n\n\n\n<div class=\"wp-block-column our-review-item is-layout-flow wp-block-column-is-layout-flow\">\n<p style=\"font-size:16px\">Je recommande votre produit \u00e0 de nombreuses personnes; je suis infirmi\u00e8re sp\u00e9cialis\u00e9e dans les soins des pieds. <br>J&#8217;ai m\u00eame demand\u00e9 \u00e0 notre Wal-Mart de Wallaceburg de garder votre produit en stock.<\/p>\n\n\n\n<h2 class=\"wp-block-heading our-review-title\">Jackie Jeffs, Ontario<\/h2>\n<\/div>\n\n\n\n\n\n<div class=\"wp-block-column our-review-item is-layout-flow wp-block-column-is-layout-flow\">\n<p style=\"font-size:16px\">J&#8217;ai d\u00e9couvert votre Baume pour les talons et je l&#8217;ai essay\u00e9 et j&#8217;ai \u00e9t\u00e9 \u00e9poustoufl\u00e9e. <br>Je voulais juste partager mon avis positif sur le fait que ce produit a fait une diff\u00e9rence pour moi.<\/p>\n\n\n\n<h2 class=\"wp-block-heading our-review-title\">Amna Farooq, Alberta<\/h2>\n<\/div>\n\n\n\n\n\n<div class=\"wp-block-column our-review-item is-layout-flow wp-block-column-is-layout-flow\">\n<p style=\"font-size:16px\">Je suis stup\u00e9faite de la rapidit\u00e9 d&#8217;action de ce produit. <br>J&#8217;ai essay\u00e9 plusieurs autres produits en plus d&#8217;utiliser une lime \u00e0 pied pour adoucir mes talons qui \u00e9taient devenus durs et secs. <br>C&#8217;est le seul produit qui a vraiment agi. J&#8217;ai remarqu\u00e9 une \u00c9NORME diff\u00e9rence au niveau de mes talons apr\u00e8s seulement 2 jours.<\/p>\n\n\n\n<h2 class=\"wp-block-heading our-review-title\">Wendy Beeson, California<\/h2>\n<\/div>\n\n\n\n\n\n<div class=\"wp-block-column our-review-item is-layout-flow wp-block-column-is-layout-flow\">\n<p style=\"font-size:16px\">J&#8217;utilise la cr\u00e8me pour les pieds depuis de nombreuses ann\u00e9es! <br>Tout a commenc\u00e9 par une fissure au talon que je n&#8217;arrivais pas \u00e0 gu\u00e9rir. J&#8217;ai tout essay\u00e9 et rien n&#8217;a fonctionn\u00e9. <br>Lorsque j&#8217;ai essay\u00e9 Flexitol, j&#8217;ai \u00e9t\u00e9 stup\u00e9faite de la gu\u00e9rison aussi rapide. <br>J&#8217;ai utilis\u00e9 la Cr\u00e8me pour les pieds tous les jours et je l&#8217;utiliserai toujours!<\/p>\n\n\n\n<h2 class=\"wp-block-heading our-review-title\">MaryAnn Gott, Michigan<\/h2>\n<\/div>\n\n\n\n\n\n<div class=\"wp-block-column our-review-item is-layout-flow wp-block-column-is-layout-flow\">\n<p class=\"our-review-content\">Il ne ressemble \u00e0 rien de ce que j&#8217;ai pu essayer auparavant! Il s&#8217;absorbe rapidement et n&#8217;est pas gras.<\/p>\n\n\n\n<h2 class=\"wp-block-heading our-review-title\">Gary Hauser, Louisiana<\/h2>\n<\/div>\n\n\n\n\n\n<div class=\"wp-block-column our-review-item is-layout-flow wp-block-column-is-layout-flow\">\n<p style=\"font-size:16px\">C&#8217;est de loin le meilleur produit que j&#8217;ai trouv\u00e9 sur le march\u00e9. J&#8217;aimerais beaucoup promouvoir\/vendre votre produit. <br>C&#8217;est vraiment irr\u00e9el et plus de gens ont besoin de ce produit dans leur vie.<\/p>\n\n\n\n<h2 class=\"wp-block-heading our-review-title\">Lindsay Supple, Rhode Island<\/h2>\n<\/div>\n\n\n\n\n\n<div class=\"wp-block-column our-review-item is-layout-flow wp-block-column-is-layout-flow\">\n<p style=\"font-size:16px\">J&#8217;ai essay\u00e9 tellement de marques diff\u00e9rentes, rien ne fonctionnait jusqu&#8217;\u00e0 ce que j&#8217;essaie Baume pour les talons. <br>Je recommanderai certainement ce produit \u00e0 d&#8217;autres personnes.<\/p>\n\n\n\n<h2 class=\"wp-block-heading our-review-title\">PheL, New Jersey<\/h2>\n<\/div>\n\n\n\n\n\n<div class=\"wp-block-column our-review-item is-layout-flow wp-block-column-is-layout-flow\">\n<p style=\"font-size:16px\">J&#8217;adore ce Baume pour les talons. Je l&#8217;ai achet\u00e9 gr\u00e2ce \u00e0 un bon que j&#8217;ai re\u00e7u dans le journal du dimanche. <br>J&#8217;ai imm\u00e9diatement remarqu\u00e9 une diff\u00e9rence. Je l&#8217;utilise tous les jours pour garder mes talons doux. <br>Je recommanderais certainement ce produit.<\/p>\n\n\n\n<h2 class=\"wp-block-heading our-review-title\">Stephanie F Storms, New York<\/h2>\n<\/div>\n\n<\/div><\/div><\/div><\/div><\/div><\/section>\n\n\n\n<section class=\"wp-block-mmd-logo-grid-block grid-block mmd-block full-width column-4 white icon only-img\"><div class=\"container\"><h2 class=\"title\"><strong><strong><strong>Telle que pr\u00e9sent\u00e9e<\/strong><\/strong><\/strong><\/h2><div class=\"description\">La marque et les produits Flexitol ont \u00e9t\u00e9 pr\u00e9sent\u00e9s dans un grand nombre de m\u00e9dias et de publications, y compris ceux pr\u00e9sent\u00e9s ici. Suivez le lien vers notre page \u00ab M\u00e9dias \u00bb o\u00f9 vous pouvez lire une s\u00e9rie d&#8217;articles de presse couvrant une vari\u00e9t\u00e9 de produits de notre vaste gamme.<\/div><div class=\"row\">\n<div class=\"wp-block-mmd-logo mmd-col-custom mmd-item-grid\"><div><div class=\"media-grid\"><img decoding=\"async\" src=\"https:\/\/flexitol.ca\/wp-content\/uploads\/2023\/05\/elle-canada-2-e1684824949952.png\" alt=\"ELLE Canada logo\" width=\"300\" height=\"108\" srcset=\"https:\/\/flexitol.ca\/wp-content\/uploads\/2023\/05\/elle-canada-2-300x115.png 300w\" sizes=\"auto, (max-width: 300px) 100vw, 300px\" loading=\"lazy\"\/><\/div><\/div><\/div>\n\n\n\n<div class=\"wp-block-mmd-logo mmd-col-custom mmd-item-grid\"><div><div class=\"media-grid\"><img decoding=\"async\" src=\"https:\/\/flexitol.ca\/wp-content\/uploads\/2023\/04\/vita-logo.png\" alt=\"vita logo\" width=\"300\" height=\"115\" srcset=\"https:\/\/flexitol.ca\/wp-content\/uploads\/2023\/04\/vita-logo-300x115.png 300w\" sizes=\"auto, (max-width: 300px) 100vw, 300px\" loading=\"lazy\"\/><\/div><\/div><\/div>\n\n\n\n<div class=\"wp-block-mmd-logo mmd-col-custom mmd-item-grid\"><div><div class=\"media-grid\"><img decoding=\"async\" src=\"https:\/\/flexitol.ca\/wp-content\/uploads\/2023\/04\/vancouver-is-awesome-logo.png\" alt=\"vancouver is awesome logo\" width=\"300\" height=\"115\" srcset=\"https:\/\/flexitol.ca\/wp-content\/uploads\/2023\/04\/vancouver-is-awesome-logo-300x115.png 300w\" sizes=\"auto, (max-width: 300px) 100vw, 300px\" loading=\"lazy\"\/><\/div><\/div><\/div>\n\n\n\n<div class=\"wp-block-mmd-logo mmd-col-custom mmd-item-grid\"><div><div class=\"media-grid\"><img decoding=\"async\" src=\"https:\/\/flexitol.ca\/wp-content\/uploads\/2023\/10\/instyle-homepage-logo.jpg\" alt=\"\" width=\"300\" height=\"87\" loading=\"lazy\"\/><\/div><\/div><\/div>\n\n\n\n<div class=\"wp-block-mmd-logo mmd-col-custom mmd-item-grid\"><div><div class=\"media-grid\"><img decoding=\"async\" src=\"https:\/\/flexitol.ca\/wp-content\/uploads\/2024\/06\/niche-logo.jpg\" alt=\"Niche logo\" width=\"300\" height=\"115\" sizes=\"auto, (max-width: 300px) 100vw, 300px\" loading=\"lazy\"\/><\/div><\/div><\/div>\n\n\n\n<div class=\"wp-block-mmd-logo mmd-col-custom mmd-item-grid\"><div><div class=\"media-grid\"><img decoding=\"async\" src=\"https:\/\/flexitol.ca\/wp-content\/uploads\/2023\/04\/canadian-logo.png\" alt=\"canadian logo\" width=\"300\" height=\"115\" srcset=\"https:\/\/flexitol.ca\/wp-content\/uploads\/2023\/04\/canadian-logo-300x115.png 300w\" sizes=\"auto, (max-width: 300px) 100vw, 300px\" loading=\"lazy\"\/><\/div><\/div><\/div>\n\n\n\n<div class=\"wp-block-mmd-logo mmd-col-custom mmd-item-grid\"><div><div class=\"media-grid\"><img decoding=\"async\" src=\"https:\/\/flexitol.ca\/wp-content\/uploads\/2023\/08\/cafe-mom-png-logo.png\" alt=\"cafe mom png logo\" width=\"225\" height=\"140\" srcset=\"https:\/\/flexitol.ca\/wp-content\/uploads\/2023\/08\/cafe-mom-png-logo-225x115.png 225w\" sizes=\"auto, (max-width: 300px) 100vw, 300px\" loading=\"lazy\"\/><\/div><\/div><\/div>\n<\/div><a class=\"btn-custom btn-grid-block\" target=\"_self\" rel=\"noopener\" href=\"https:\/\/flexitol.ca\/fr\/dans-les-medias\/\"> D\u00e9couvrez-nous dans les m\u00e9dias <\/a><\/div><\/section>\n","protected":false},"excerpt":{"rendered":"","protected":false},"featured_media":10475,"template":"","product_cat":[61],"tax-areas":[18],"tax-condition":[129,47],"class_list":["post-9771","product","type-product","status-publish","has-post-thumbnail","hentry","product_cat-foot-care","tax-area-feet","tax-condition-daily-use","tax-condition-very-dry-skin","tax-icon-urea-powered","tax-icon-clinically-tested","tax-icon-diabetes-friendly","tax-icon-visible-result","tax-icon-podiatrist","tax-icon-aus-made-owned","tax-icon-soap-sls-free","tax-icon-hypoallergenique","tax-icon-paraben-free"],"acf":[],"_links":{"self":[{"href":"https:\/\/flexitol.ca\/fr\/wp-json\/wp\/v2\/product\/9771","targetHints":{"allow":["GET"]}}],"collection":[{"href":"https:\/\/flexitol.ca\/fr\/wp-json\/wp\/v2\/product"}],"about":[{"href":"https:\/\/flexitol.ca\/fr\/wp-json\/wp\/v2\/types\/product"}],"version-history":[{"count":9,"href":"https:\/\/flexitol.ca\/fr\/wp-json\/wp\/v2\/product\/9771\/revisions"}],"predecessor-version":[{"id":10523,"href":"https:\/\/flexitol.ca\/fr\/wp-json\/wp\/v2\/product\/9771\/revisions\/10523"}],"wp:featuredmedia":[{"embeddable":true,"href":"https:\/\/flexitol.ca\/fr\/wp-json\/wp\/v2\/media\/10475"}],"wp:attachment":[{"href":"https:\/\/flexitol.ca\/fr\/wp-json\/wp\/v2\/media?parent=9771"}],"wp:term":[{"taxonomy":"product_cat","embeddable":true,"href":"https:\/\/flexitol.ca\/fr\/wp-json\/wp\/v2\/product_cat?post=9771"},{"taxonomy":"tax-area","embeddable":true,"href":"https:\/\/flexitol.ca\/fr\/wp-json\/wp\/v2\/tax-areas?post=9771"},{"taxonomy":"tax-condition","embeddable":true,"href":"https:\/\/flexitol.ca\/fr\/wp-json\/wp\/v2\/tax-condition?post=9771"}],"curies":[{"name":"wp","href":"https:\/\/api.w.org\/{rel}","templated":true}]}}